{"id":47,"date":"2020-03-10T15:38:37","date_gmt":"2020-03-10T14:38:37","guid":{"rendered":"http:\/\/mariachiveracruz.es\/?page_id=47"},"modified":"2021-04-22T22:50:20","modified_gmt":"2021-04-22T20:50:20","slug":"repertorio-musical","status":"publish","type":"page","link":"https:\/\/mariachiveracruz.es\/index.php\/repertorio-musical\/","title":{"rendered":"Repertorio musical"},"content":{"rendered":"<p>[et_pb_section fb_built=\u00bb1&#8243; disabled_on=\u00bboff|on|on\u00bb admin_label=\u00bbHero section\u00bb _builder_version=\u00bb4.3.4&#8243; background_color=\u00bbrgba(0,0,0,0.65)\u00bb use_background_color_gradient=\u00bbon\u00bb background_color_gradient_start=\u00bbrgba(0,0,0,0)\u00bb background_color_gradient_end=\u00bbrgba(91,91,91,0.84)\u00bb background_color_gradient_overlays_image=\u00bbon\u00bb background_image=\u00bbhttps:\/\/mariachiveracruz.es\/wp-content\/uploads\/2020\/03\/Captura-de-pantalla-2020-03-10-a-las-12.28.34.png\u00bb background_position=\u00bbtop_center\u00bb custom_margin=\u00bb|||\u00bb custom_padding=\u00bb10%||10%|\u00bb][et_pb_row _builder_version=\u00bb4.3.4&#8243; custom_margin=\u00bb-31px||||false|false\u00bb custom_padding=\u00bb0px||||false|false\u00bb][et_pb_column type=\u00bb4_4&#8243; _builder_version=\u00bb4.3.4&#8243;][et_pb_cta title=\u00bbRepertorio musical\u00bb button_url=\u00bb#\u00bb _builder_version=\u00bb4.3.4&#8243; header_font=\u00bbOpen Sans|900|||||||\u00bb header_text_align=\u00bbcenter\u00bb header_font_size=\u00bb60px\u00bb header_line_height=\u00bb1.2em\u00bb body_font=\u00bbOpen Sans||||||||\u00bb body_text_align=\u00bbcenter\u00bb body_font_size=\u00bb17px\u00bb body_line_height=\u00bb1.8em\u00bb use_background_color=\u00bboff\u00bb custom_button=\u00bbon\u00bb button_text_size=\u00bb16px\u00bb button_text_color=\u00bb#ffffff\u00bb button_bg_color=\u00bb#e02b20&#8243; button_border_width=\u00bb6px\u00bb button_border_color=\u00bb#e02b20&#8243; button_border_radius=\u00bb5px\u00bb button_letter_spacing=\u00bb2px\u00bb button_font=\u00bbLato|900||on|||||\u00bb button_icon=\u00bb%%28%%\u00bb button_icon_color=\u00bb#ffffff\u00bb module_alignment=\u00bbleft\u00bb custom_margin=\u00bb35px||-18px||false|false\u00bb custom_padding=\u00bb||||false|false\u00bb animation_style=\u00bbfade\u00bb animation_duration=\u00bb1200ms\u00bb header_font_size_tablet=\u00bb46px\u00bb header_font_size_phone=\u00bb\u00bb header_font_size_last_edited=\u00bbon|tablet\u00bb header_text_shadow_style=\u00bbpreset1&#8243; header_text_shadow_blur_strength=\u00bb0.6em\u00bb header_text_shadow_color=\u00bbrgba(0,0,0,0.6)\u00bb box_shadow_style_button=\u00bbpreset3&#8243; box_shadow_blur_button=\u00bb30px\u00bb box_shadow_spread_button=\u00bb8px\u00bb box_shadow_color_button=\u00bbrgba(250,127,40,0.15)\u00bb button_letter_spacing_hover=\u00bb2px\u00bb button_text_size__hover_enabled=\u00bboff\u00bb button_one_text_size__hover_enabled=\u00bboff\u00bb button_two_text_size__hover_enabled=\u00bboff\u00bb button_text_color__hover_enabled=\u00bboff\u00bb button_one_text_color__hover_enabled=\u00bboff\u00bb button_two_text_color__hover_enabled=\u00bboff\u00bb button_border_width__hover_enabled=\u00bboff\u00bb button_one_border_width__hover_enabled=\u00bboff\u00bb button_two_border_width__hover_enabled=\u00bboff\u00bb button_border_color__hover_enabled=\u00bboff\u00bb button_one_border_color__hover_enabled=\u00bboff\u00bb button_two_border_color__hover_enabled=\u00bboff\u00bb button_border_radius__hover_enabled=\u00bboff\u00bb button_one_border_radius__hover_enabled=\u00bboff\u00bb button_two_border_radius__hover_enabled=\u00bboff\u00bb button_letter_spacing__hover_enabled=\u00bbon\u00bb button_letter_spacing__hover=\u00bb2px\u00bb button_one_letter_spacing__hover_enabled=\u00bboff\u00bb button_two_letter_spacing__hover_enabled=\u00bboff\u00bb button_bg_color__hover_enabled=\u00bboff\u00bb button_one_bg_color__hover_enabled=\u00bboff\u00bb button_two_bg_color__hover_enabled=\u00bboff\u00bb]<\/p>\n<p><strong><em>Tenemos<\/em><\/strong> <strong><em>cientos de canciones<\/em><\/strong> para todo tipo de <strong><em>situaciones y eventos<\/em><\/strong>. Echa un vistazo a nuestro <span>repertorio completo<\/span> y elige tu mismo las canciones para tu evento.<\/p>\n<p>[\/et_pb_cta][\/et_pb_column][\/et_pb_row][\/et_pb_section][et_pb_section fb_built=\u00bb1&#8243; disabled_on=\u00bbon|off|off\u00bb admin_label=\u00bbHero section\u00bb _builder_version=\u00bb4.4.2&#8243; background_color=\u00bbrgba(0,0,0,0.65)\u00bb use_background_color_gradient=\u00bbon\u00bb background_color_gradient_start=\u00bbrgba(0,0,0,0)\u00bb background_color_gradient_end=\u00bbrgba(91,91,91,0.84)\u00bb background_color_gradient_overlays_image=\u00bbon\u00bb background_image=\u00bbhttps:\/\/mariachiveracruz.es\/wp-content\/uploads\/2020\/03\/Captura-de-pantalla-2020-03-10-a-las-12.28.34.png\u00bb background_position=\u00bbtop_center\u00bb height=\u00bb341px\u00bb custom_margin=\u00bb|||\u00bb custom_padding=\u00bb7.7%||7.7%||true|\u00bb][et_pb_row _builder_version=\u00bb4.4.2&#8243; custom_margin=\u00bb-31px||||false|false\u00bb custom_padding=\u00bb28px||||false|false\u00bb][et_pb_column type=\u00bb4_4&#8243; _builder_version=\u00bb4.3.4&#8243;][et_pb_cta title=\u00bbRepertorio musical\u00bb button_url=\u00bb#\u00bb _builder_version=\u00bb4.3.4&#8243; header_font=\u00bbOpen Sans|900|||||||\u00bb header_text_align=\u00bbcenter\u00bb header_font_size=\u00bb60px\u00bb header_line_height=\u00bb1.2em\u00bb body_font=\u00bbOpen Sans||||||||\u00bb body_text_align=\u00bbcenter\u00bb body_font_size=\u00bb17px\u00bb body_line_height=\u00bb1.8em\u00bb use_background_color=\u00bboff\u00bb custom_button=\u00bbon\u00bb button_text_size=\u00bb16px\u00bb button_text_color=\u00bb#ffffff\u00bb button_bg_color=\u00bb#e02b20&#8243; button_border_width=\u00bb6px\u00bb button_border_color=\u00bb#e02b20&#8243; button_border_radius=\u00bb5px\u00bb button_letter_spacing=\u00bb2px\u00bb button_font=\u00bbLato|900||on|||||\u00bb button_icon=\u00bb%%28%%\u00bb button_icon_color=\u00bb#ffffff\u00bb module_alignment=\u00bbleft\u00bb custom_margin=\u00bb|30px||30px|false|false\u00bb custom_padding=\u00bb0px|65px||65px|false|false\u00bb animation_style=\u00bbfade\u00bb animation_duration=\u00bb1200ms\u00bb header_font_size_tablet=\u00bb46px\u00bb header_font_size_phone=\u00bb\u00bb header_font_size_last_edited=\u00bbon|tablet\u00bb header_text_shadow_style=\u00bbpreset1&#8243; header_text_shadow_blur_strength=\u00bb0.6em\u00bb header_text_shadow_color=\u00bbrgba(0,0,0,0.6)\u00bb box_shadow_style_button=\u00bbpreset3&#8243; box_shadow_blur_button=\u00bb30px\u00bb box_shadow_spread_button=\u00bb8px\u00bb box_shadow_color_button=\u00bbrgba(250,127,40,0.15)\u00bb button_letter_spacing_hover=\u00bb2px\u00bb button_text_size__hover_enabled=\u00bboff\u00bb button_one_text_size__hover_enabled=\u00bboff\u00bb button_two_text_size__hover_enabled=\u00bboff\u00bb button_text_color__hover_enabled=\u00bboff\u00bb button_one_text_color__hover_enabled=\u00bboff\u00bb button_two_text_color__hover_enabled=\u00bboff\u00bb button_border_width__hover_enabled=\u00bboff\u00bb button_one_border_width__hover_enabled=\u00bboff\u00bb button_two_border_width__hover_enabled=\u00bboff\u00bb button_border_color__hover_enabled=\u00bboff\u00bb button_one_border_color__hover_enabled=\u00bboff\u00bb button_two_border_color__hover_enabled=\u00bboff\u00bb button_border_radius__hover_enabled=\u00bboff\u00bb button_one_border_radius__hover_enabled=\u00bboff\u00bb button_two_border_radius__hover_enabled=\u00bboff\u00bb button_letter_spacing__hover_enabled=\u00bbon\u00bb button_letter_spacing__hover=\u00bb2px\u00bb button_one_letter_spacing__hover_enabled=\u00bboff\u00bb button_two_letter_spacing__hover_enabled=\u00bboff\u00bb button_bg_color__hover_enabled=\u00bboff\u00bb button_one_bg_color__hover_enabled=\u00bboff\u00bb button_two_bg_color__hover_enabled=\u00bboff\u00bb]<\/p>\n<p><strong><em>Tenemos<\/em><\/strong> <strong><em>cientos de canciones<\/em><\/strong> para todo tipo de <strong><em>situaciones y eventos<\/em><\/strong>. Echa un vistazo a nuestro <span>repertorio completo<\/span> y elige tu mismo las canciones para tu evento.<\/p>\n<p>[\/et_pb_cta][\/et_pb_column][\/et_pb_row][\/et_pb_section][et_pb_section fb_built=\u00bb1&#8243; disabled_on=\u00bboff|on|on\u00bb admin_label=\u00bbFeatured Places\u00bb _builder_version=\u00bb4.3.4&#8243; use_background_color_gradient=\u00bbon\u00bb background_color_gradient_start=\u00bb#ffffff\u00bb background_color_gradient_end=\u00bb#e8eefc\u00bb custom_padding=\u00bb80px|0px|110px|0px||\u00bb][et_pb_row _builder_version=\u00bb4.3.4&#8243; custom_margin=\u00bb|auto|3px|auto||\u00bb][et_pb_column type=\u00bb4_4&#8243; _builder_version=\u00bb3.25&#8243; custom_padding=\u00bb|||\u00bb custom_padding__hover=\u00bb|||\u00bb][et_pb_text _builder_version=\u00bb4.3.4&#8243; text_font=\u00bbLato||||||||\u00bb text_text_color=\u00bb#898f99&#8243; text_font_size=\u00bb18px\u00bb text_line_height=\u00bb1.8em\u00bb header_font=\u00bb||||||||\u00bb header_2_font=\u00bbLato|700|||||||\u00bb header_2_font_size=\u00bb43px\u00bb header_2_line_height=\u00bb1.2em\u00bb header_3_font=\u00bb||||||||\u00bb text_orientation=\u00bbcenter\u00bb max_width=\u00bb800px\u00bb module_alignment=\u00bbcenter\u00bb custom_margin=\u00bb||75px|||\u00bb]<\/p>\n<h2><strong>Las canciones m\u00e1s populares<\/strong><\/h2>\n<p>\u00bfA\u00fan no tienes una canci\u00f3n en mente y buscas una apuesta segura y ganadora?\u00a0 Te mostramos las canciones m\u00e1s populares y que m\u00e1s gustan a todos los p\u00fablicos.<\/p>\n<p>[\/et_pb_text][et_pb_text _builder_version=\u00bb4.4.2&#8243; text_font=\u00bb||||||||\u00bb header_font=\u00bb||||||||\u00bb header_2_font=\u00bbCinzel|700||on|||||\u00bb header_2_font_size=\u00bb22px\u00bb header_2_letter_spacing=\u00bb4px\u00bb header_2_line_height=\u00bb1.4em\u00bb use_background_color_gradient=\u00bbon\u00bb background_color_gradient_start=\u00bb#e02b20&#8243; background_color_gradient_end=\u00bb#7f2911&#8243; background_color_gradient_direction=\u00bb145deg\u00bb text_orientation=\u00bbcenter\u00bb background_layout=\u00bbdark\u00bb custom_margin=\u00bb8px||-29px||false|false\u00bb custom_padding=\u00bb48px|20px|27px|20px|false|true\u00bb custom_padding_tablet=\u00bb\u00bb custom_padding_phone=\u00bb27px||21px||false|false\u00bb custom_padding_last_edited=\u00bbon|desktop\u00bb header_2_font_size_tablet=\u00bb\u00bb header_2_font_size_phone=\u00bb17px\u00bb header_2_font_size_last_edited=\u00bbon|desktop\u00bb locked=\u00bboff\u00bb]<\/p>\n<h2>Las canciones m\u00e1s<br \/> populares<\/h2>\n<p>[\/et_pb_text][\/et_pb_column][\/et_pb_row][et_pb_row _builder_version=\u00bb4.3.4&#8243; custom_margin=\u00bb-26px||||false|false\u00bb box_shadow_style=\u00bbpreset1&#8243;][et_pb_column type=\u00bb4_4&#8243; _builder_version=\u00bb4.3.4&#8243;][et_pb_audio audio=\u00bbhttps:\/\/mariachiveracruz.es\/wp-content\/uploads\/2020\/03\/cielito-lindo-letra-mariachi-1.mp3&#8243; title=\u00bbCIELITO LIDO\u00bb _builder_version=\u00bb4.3.4&#8243; title_font=\u00bbRoboto|700||on|||||\u00bb title_text_align=\u00bbleft\u00bb title_text_color=\u00bb#000000&#8243; title_font_size=\u00bb13px\u00bb title_letter_spacing=\u00bb2px\u00bb caption_font=\u00bb||||||||\u00bb caption_text_align=\u00bbleft\u00bb background_color=\u00bbrgba(0,0,0,0)\u00bb background_layout=\u00bblight\u00bb max_width=\u00bb1080px\u00bb max_width_tablet=\u00bb\u00bb max_width_phone=\u00bb\u00bb max_width_last_edited=\u00bbon|desktop\u00bb custom_margin=\u00bb20px||20px||true|\u00bb custom_padding=\u00bb8px||8px||true\u00bb][\/et_pb_audio][et_pb_audio audio=\u00bbhttps:\/\/mariachiveracruz.es\/wp-content\/uploads\/2020\/03\/clavelitos-tuna-1.mp3&#8243; title=\u00bbCLAVELITOS\u00bb _builder_version=\u00bb4.3.4&#8243; title_font=\u00bbRoboto|700||on|||||\u00bb title_text_align=\u00bbleft\u00bb title_text_color=\u00bb#000000&#8243; title_font_size=\u00bb13px\u00bb title_letter_spacing=\u00bb2px\u00bb caption_font=\u00bb||||||||\u00bb caption_text_align=\u00bbleft\u00bb background_color=\u00bbrgba(0,0,0,0)\u00bb background_layout=\u00bblight\u00bb max_width=\u00bb1080px\u00bb max_width_tablet=\u00bb\u00bb max_width_phone=\u00bb\u00bb max_width_last_edited=\u00bbon|desktop\u00bb custom_margin=\u00bb20px||20px||true|\u00bb custom_padding=\u00bb8px||8px||true\u00bb][\/et_pb_audio][et_pb_audio audio=\u00bbhttps:\/\/mariachiveracruz.es\/wp-content\/uploads\/2020\/03\/guadalajara-vicente-fernandez-1.mp3&#8243; title=\u00bbGUADALAJARA\u00bb _builder_version=\u00bb4.3.4&#8243; title_font=\u00bbRoboto|700||on|||||\u00bb title_text_align=\u00bbleft\u00bb title_text_color=\u00bb#000000&#8243; title_font_size=\u00bb13px\u00bb title_letter_spacing=\u00bb2px\u00bb caption_font=\u00bb||||||||\u00bb caption_text_align=\u00bbleft\u00bb background_color=\u00bbrgba(0,0,0,0)\u00bb background_layout=\u00bblight\u00bb max_width=\u00bb1080px\u00bb max_width_tablet=\u00bb\u00bb max_width_phone=\u00bb\u00bb max_width_last_edited=\u00bbon|desktop\u00bb custom_margin=\u00bb20px||20px||true|\u00bb custom_padding=\u00bb8px||8px||true\u00bb][\/et_pb_audio][et_pb_audio audio=\u00bbhttps:\/\/mariachiveracruz.es\/wp-content\/uploads\/2020\/03\/madrecita-del-alma-querida-mariachi-los-principes-oaxaca-2.mp3&#8243; title=\u00bbMADRECITA DEL ALMA QUERIDA\u00bb _builder_version=\u00bb4.3.4&#8243; title_font=\u00bbRoboto|700||on|||||\u00bb title_text_align=\u00bbleft\u00bb title_text_color=\u00bb#000000&#8243; title_font_size=\u00bb13px\u00bb title_letter_spacing=\u00bb2px\u00bb caption_font=\u00bb||||||||\u00bb caption_text_align=\u00bbleft\u00bb background_color=\u00bbrgba(0,0,0,0)\u00bb background_layout=\u00bblight\u00bb max_width=\u00bb1080px\u00bb max_width_tablet=\u00bb\u00bb max_width_phone=\u00bb\u00bb max_width_last_edited=\u00bbon|desktop\u00bb custom_margin=\u00bb20px||20px||true|\u00bb custom_padding=\u00bb8px||8px||true\u00bb][\/et_pb_audio][et_pb_audio audio=\u00bbhttps:\/\/mariachiveracruz.es\/wp-content\/uploads\/2020\/03\/vicente-fernandez-mexico-lindo-y-querido-cover-audio-la-leyenda-viviente-video-1.mp3&#8243; title=\u00bbMEXICO LINDO\u00bb _builder_version=\u00bb4.3.4&#8243; title_font=\u00bbRoboto|700||on|||||\u00bb title_text_align=\u00bbleft\u00bb title_text_color=\u00bb#000000&#8243; title_font_size=\u00bb13px\u00bb title_letter_spacing=\u00bb2px\u00bb caption_font=\u00bb||||||||\u00bb caption_text_align=\u00bbleft\u00bb background_color=\u00bbrgba(0,0,0,0)\u00bb background_layout=\u00bblight\u00bb max_width=\u00bb1080px\u00bb max_width_tablet=\u00bb\u00bb max_width_phone=\u00bb\u00bb max_width_last_edited=\u00bbon|desktop\u00bb custom_margin=\u00bb20px||20px||true|\u00bb custom_padding=\u00bb8px||8px||true\u00bb][\/et_pb_audio][et_pb_audio audio=\u00bbhttps:\/\/mariachiveracruz.es\/wp-content\/uploads\/2020\/03\/las-mananitas-vicente-fernandez-1.mp3&#8243; title=\u00bbLAS MA\u00d1ANITAS\u00bb _builder_version=\u00bb4.3.4&#8243; title_font=\u00bbRoboto|700||on|||||\u00bb title_text_align=\u00bbleft\u00bb title_text_color=\u00bb#000000&#8243; title_font_size=\u00bb13px\u00bb title_letter_spacing=\u00bb2px\u00bb caption_font=\u00bb||||||||\u00bb caption_text_align=\u00bbleft\u00bb background_color=\u00bbrgba(0,0,0,0)\u00bb background_layout=\u00bblight\u00bb max_width=\u00bb1080px\u00bb max_width_tablet=\u00bb\u00bb max_width_phone=\u00bb\u00bb max_width_last_edited=\u00bbon|desktop\u00bb custom_margin=\u00bb20px||20px||true|\u00bb custom_padding=\u00bb8px||8px||true\u00bb][\/et_pb_audio][et_pb_audio audio=\u00bbhttps:\/\/mariachiveracruz.es\/wp-content\/uploads\/2020\/03\/si-nos-dejan-luis-miguel-1.mp3&#8243; title=\u00bbSI NOS DEJAN\u00bb _builder_version=\u00bb4.3.4&#8243; title_font=\u00bbRoboto|700||on|||||\u00bb title_text_align=\u00bbleft\u00bb title_text_color=\u00bb#000000&#8243; title_font_size=\u00bb13px\u00bb title_letter_spacing=\u00bb2px\u00bb caption_font=\u00bb||||||||\u00bb caption_text_align=\u00bbleft\u00bb background_color=\u00bbrgba(0,0,0,0)\u00bb background_layout=\u00bblight\u00bb max_width=\u00bb1080px\u00bb max_width_tablet=\u00bb\u00bb max_width_phone=\u00bb\u00bb max_width_last_edited=\u00bbon|desktop\u00bb custom_margin=\u00bb20px||20px||true|\u00bb custom_padding=\u00bb8px||8px||true\u00bb][\/et_pb_audio][et_pb_audio audio=\u00bbhttps:\/\/mariachiveracruz.es\/wp-content\/uploads\/2020\/03\/mariachi-vargas-son-de-la-negra-1.mp3&#8243; title=\u00bbEL SON DE LA NEGRA\u00bb _builder_version=\u00bb4.3.4&#8243; title_font=\u00bbRoboto|700||on|||||\u00bb title_text_align=\u00bbleft\u00bb title_text_color=\u00bb#000000&#8243; title_font_size=\u00bb13px\u00bb title_letter_spacing=\u00bb2px\u00bb caption_font=\u00bb||||||||\u00bb caption_text_align=\u00bbleft\u00bb background_color=\u00bbrgba(0,0,0,0)\u00bb background_layout=\u00bblight\u00bb max_width=\u00bb1080px\u00bb max_width_tablet=\u00bb\u00bb max_width_phone=\u00bb\u00bb max_width_last_edited=\u00bbon|desktop\u00bb custom_margin=\u00bb20px||20px||true|\u00bb custom_padding=\u00bb8px||8px||true\u00bb][\/et_pb_audio][et_pb_audio audio=\u00bbhttps:\/\/mariachiveracruz.es\/wp-content\/uploads\/2020\/03\/la-cucaracha-revolucion-mexicana-1.mp3&#8243; title=\u00bbLA CUCARACHA\u00bb _builder_version=\u00bb4.3.4&#8243; title_font=\u00bbRoboto|700||on|||||\u00bb title_text_align=\u00bbleft\u00bb title_text_color=\u00bb#000000&#8243; title_font_size=\u00bb13px\u00bb title_letter_spacing=\u00bb2px\u00bb caption_font=\u00bb||||||||\u00bb caption_text_align=\u00bbleft\u00bb background_color=\u00bbrgba(0,0,0,0)\u00bb background_layout=\u00bblight\u00bb max_width=\u00bb1080px\u00bb max_width_tablet=\u00bb\u00bb max_width_phone=\u00bb\u00bb max_width_last_edited=\u00bbon|desktop\u00bb custom_margin=\u00bb20px||20px||true|\u00bb custom_padding=\u00bb8px||8px||true\u00bb][\/et_pb_audio][et_pb_audio audio=\u00bbhttps:\/\/mariachiveracruz.es\/wp-content\/uploads\/2020\/03\/mariachi-loco-mariachi-mexicano-1.mp3&#8243; title=\u00bbEL MARIACHI LOCO\u00bb _builder_version=\u00bb4.3.4&#8243; title_font=\u00bbRoboto|700||on|||||\u00bb title_text_align=\u00bbleft\u00bb title_text_color=\u00bb#000000&#8243; title_font_size=\u00bb13px\u00bb title_letter_spacing=\u00bb2px\u00bb caption_font=\u00bb||||||||\u00bb caption_text_align=\u00bbleft\u00bb background_color=\u00bbrgba(0,0,0,0)\u00bb background_layout=\u00bblight\u00bb max_width=\u00bb1080px\u00bb max_width_tablet=\u00bb\u00bb max_width_phone=\u00bb\u00bb max_width_last_edited=\u00bbon|desktop\u00bb custom_margin=\u00bb20px||20px||true|\u00bb custom_padding=\u00bb8px||8px||true\u00bb][\/et_pb_audio][\/et_pb_column][\/et_pb_row][\/et_pb_section][et_pb_section fb_built=\u00bb1&#8243; disabled_on=\u00bbon|off|off\u00bb admin_label=\u00bbFeatured Places\u00bb _builder_version=\u00bb4.3.4&#8243; use_background_color_gradient=\u00bbon\u00bb background_color_gradient_start=\u00bb#ffffff\u00bb background_color_gradient_end=\u00bb#e8eefc\u00bb custom_padding=\u00bb100px|0px|110px|0px||\u00bb][et_pb_row _builder_version=\u00bb3.25&#8243; custom_margin=\u00bb|auto|3px|auto||\u00bb][et_pb_column type=\u00bb4_4&#8243; _builder_version=\u00bb3.25&#8243; custom_padding=\u00bb|||\u00bb custom_padding__hover=\u00bb|||\u00bb][et_pb_text _builder_version=\u00bb4.3.4&#8243; text_font=\u00bbLato||||||||\u00bb text_text_color=\u00bb#898f99&#8243; text_font_size=\u00bb19px\u00bb text_line_height=\u00bb1.8em\u00bb header_font=\u00bb||||||||\u00bb header_2_font=\u00bbLato|700|||||||\u00bb header_2_font_size=\u00bb49px\u00bb header_2_line_height=\u00bb1.2em\u00bb header_3_font=\u00bb||||||||\u00bb text_orientation=\u00bbcenter\u00bb max_width=\u00bb800px\u00bb module_alignment=\u00bbcenter\u00bb custom_margin=\u00bb||75px|||\u00bb]<\/p>\n<h2><strong>Las canciones m\u00e1s populares<\/strong><\/h2>\n<p>\u00bfA\u00fan no tienes una canci\u00f3n en mente y buscas una apuesta segura y ganadora?\u00a0 Te mostramos las canciones m\u00e1s populares y que m\u00e1s gustan a todos los p\u00fablicos.<\/p>\n<p>[\/et_pb_text][et_pb_text _builder_version=\u00bb4.3.4&#8243; text_font=\u00bb||||||||\u00bb header_font=\u00bb||||||||\u00bb header_2_font=\u00bbAtomic Age|700||on|||||\u00bb header_2_font_size=\u00bb22px\u00bb header_2_letter_spacing=\u00bb4px\u00bb header_2_line_height=\u00bb1.4em\u00bb use_background_color_gradient=\u00bbon\u00bb background_color_gradient_start=\u00bb#e02b20&#8243; background_color_gradient_end=\u00bb#7f2911&#8243; background_color_gradient_direction=\u00bb145deg\u00bb text_orientation=\u00bbcenter\u00bb background_layout=\u00bbdark\u00bb custom_margin=\u00bb8px||-29px||false|false\u00bb custom_padding=\u00bb48px|20px|27px|20px|false|true\u00bb custom_padding_tablet=\u00bb\u00bb custom_padding_phone=\u00bb24px||24px||true\u00bb custom_padding_last_edited=\u00bbon|desktop\u00bb header_2_font_size_tablet=\u00bb\u00bb header_2_font_size_phone=\u00bb16px\u00bb header_2_font_size_last_edited=\u00bbon|desktop\u00bb locked=\u00bboff\u00bb]<\/p>\n<h2>Las m\u00e1s populares<\/h2>\n<p>[\/et_pb_text][\/et_pb_column][\/et_pb_row][et_pb_row column_structure=\u00bb1_2,1_2&#8243; _builder_version=\u00bb4.3.4&#8243; custom_margin=\u00bb0px|auto||auto||\u00bb box_shadow_style=\u00bbpreset1&#8243;][et_pb_column type=\u00bb1_2&#8243; _builder_version=\u00bb4.3.4&#8243;][et_pb_audio audio=\u00bbhttps:\/\/mariachiveracruz.es\/wp-content\/uploads\/2020\/03\/cielito-lindo-letra-mariachi-1.mp3&#8243; title=\u00bbCIELITO LINDO\u00bb _builder_version=\u00bb4.3.4&#8243; title_font=\u00bbRoboto|700||on|||||\u00bb title_text_align=\u00bbleft\u00bb title_text_color=\u00bb#000000&#8243; title_font_size=\u00bb13px\u00bb title_letter_spacing=\u00bb2px\u00bb caption_font=\u00bb||||||||\u00bb caption_text_align=\u00bbleft\u00bb background_color=\u00bbrgba(0,0,0,0)\u00bb background_layout=\u00bblight\u00bb max_width=\u00bb1080px\u00bb max_width_tablet=\u00bb\u00bb max_width_phone=\u00bb\u00bb max_width_last_edited=\u00bbon|desktop\u00bb custom_margin=\u00bb20px||20px||true|\u00bb custom_padding=\u00bb8px||8px||true\u00bb][\/et_pb_audio][et_pb_audio audio=\u00bbhttps:\/\/mariachiveracruz.es\/wp-content\/uploads\/2020\/03\/clavelitos-tuna-1.mp3&#8243; title=\u00bbCLAVELITOS\u00bb _builder_version=\u00bb4.3.4&#8243; title_font=\u00bbRoboto|700||on|||||\u00bb title_text_align=\u00bbleft\u00bb title_text_color=\u00bb#000000&#8243; title_font_size=\u00bb13px\u00bb title_letter_spacing=\u00bb2px\u00bb caption_font=\u00bb||||||||\u00bb caption_text_align=\u00bbleft\u00bb background_color=\u00bbrgba(0,0,0,0)\u00bb background_layout=\u00bblight\u00bb max_width=\u00bb1080px\u00bb max_width_tablet=\u00bb\u00bb max_width_phone=\u00bb\u00bb max_width_last_edited=\u00bbon|desktop\u00bb custom_margin=\u00bb20px||20px||true|\u00bb custom_padding=\u00bb8px||8px||true\u00bb][\/et_pb_audio][et_pb_audio audio=\u00bbhttps:\/\/mariachiveracruz.es\/wp-content\/uploads\/2020\/03\/guadalajara-vicente-fernandez-1.mp3&#8243; title=\u00bbguadalajara\u00bb _builder_version=\u00bb4.3.4&#8243; title_font=\u00bbRoboto|700||on|||||\u00bb title_text_align=\u00bbleft\u00bb title_text_color=\u00bb#000000&#8243; title_font_size=\u00bb13px\u00bb title_letter_spacing=\u00bb2px\u00bb caption_font=\u00bb||||||||\u00bb caption_text_align=\u00bbleft\u00bb background_color=\u00bbrgba(0,0,0,0)\u00bb background_layout=\u00bblight\u00bb max_width=\u00bb1080px\u00bb max_width_tablet=\u00bb\u00bb max_width_phone=\u00bb\u00bb max_width_last_edited=\u00bbon|desktop\u00bb custom_margin=\u00bb20px||20px||true|\u00bb custom_padding=\u00bb8px||8px||true\u00bb][\/et_pb_audio][et_pb_audio audio=\u00bbhttps:\/\/mariachiveracruz.es\/wp-content\/uploads\/2020\/03\/vicente-fernandez-mexico-lindo-y-querido-cover-audio-la-leyenda-viviente-video-1.mp3&#8243; title=\u00bbM\u00c9XICO LINDO\u00bb _builder_version=\u00bb4.3.4&#8243; title_font=\u00bbRoboto|700||on|||||\u00bb title_text_align=\u00bbleft\u00bb title_text_color=\u00bb#000000&#8243; title_font_size=\u00bb13px\u00bb title_letter_spacing=\u00bb2px\u00bb caption_font=\u00bb||||||||\u00bb caption_text_align=\u00bbleft\u00bb background_color=\u00bbrgba(0,0,0,0)\u00bb background_layout=\u00bblight\u00bb max_width=\u00bb1080px\u00bb max_width_tablet=\u00bb\u00bb max_width_phone=\u00bb\u00bb max_width_last_edited=\u00bbon|desktop\u00bb custom_margin=\u00bb20px||20px||true|\u00bb custom_padding=\u00bb8px||8px||true\u00bb][\/et_pb_audio][et_pb_audio audio=\u00bbhttps:\/\/mariachiveracruz.es\/wp-content\/uploads\/2020\/03\/madrecita-del-alma-querida-mariachi-los-principes-oaxaca-2.mp3&#8243; title=\u00bbMADRECITA DEL ALMA QUERIDA\u00bb _builder_version=\u00bb4.3.4&#8243; title_font=\u00bbRoboto|700||on|||||\u00bb title_text_align=\u00bbleft\u00bb title_text_color=\u00bb#000000&#8243; title_font_size=\u00bb13px\u00bb title_letter_spacing=\u00bb2px\u00bb caption_font=\u00bb||||||||\u00bb caption_text_align=\u00bbleft\u00bb background_color=\u00bbrgba(0,0,0,0)\u00bb background_layout=\u00bblight\u00bb max_width=\u00bb1080px\u00bb max_width_tablet=\u00bb\u00bb max_width_phone=\u00bb\u00bb max_width_last_edited=\u00bbon|desktop\u00bb custom_margin=\u00bb20px||20px||true|\u00bb custom_padding=\u00bb8px||8px||true\u00bb][\/et_pb_audio][\/et_pb_column][et_pb_column type=\u00bb1_2&#8243; _builder_version=\u00bb4.3.4&#8243;][et_pb_audio audio=\u00bbhttps:\/\/mariachiveracruz.es\/wp-content\/uploads\/2020\/03\/las-mananitas-vicente-fernandez-1.mp3&#8243; title=\u00bbLAS MA\u00d1ANITAS\u00bb _builder_version=\u00bb4.3.4&#8243; title_font=\u00bbRoboto|700||on|||||\u00bb title_text_align=\u00bbleft\u00bb title_text_color=\u00bb#000000&#8243; title_font_size=\u00bb13px\u00bb title_letter_spacing=\u00bb2px\u00bb caption_font=\u00bb||||||||\u00bb caption_text_align=\u00bbleft\u00bb background_color=\u00bbrgba(0,0,0,0)\u00bb background_layout=\u00bblight\u00bb max_width=\u00bb1080px\u00bb max_width_tablet=\u00bb\u00bb max_width_phone=\u00bb\u00bb max_width_last_edited=\u00bbon|desktop\u00bb custom_margin=\u00bb20px||20px||true|\u00bb custom_padding=\u00bb8px||8px||true\u00bb][\/et_pb_audio][et_pb_audio audio=\u00bbhttps:\/\/mariachiveracruz.es\/wp-content\/uploads\/2020\/03\/si-nos-dejan-luis-miguel-1.mp3&#8243; title=\u00bbSI NOS DEJAN\u00bb _builder_version=\u00bb4.3.4&#8243; title_font=\u00bbRoboto|700||on|||||\u00bb title_text_align=\u00bbleft\u00bb title_text_color=\u00bb#000000&#8243; title_font_size=\u00bb13px\u00bb title_letter_spacing=\u00bb2px\u00bb caption_font=\u00bb||||||||\u00bb caption_text_align=\u00bbleft\u00bb background_color=\u00bbrgba(0,0,0,0)\u00bb background_layout=\u00bblight\u00bb max_width=\u00bb1080px\u00bb max_width_tablet=\u00bb\u00bb max_width_phone=\u00bb\u00bb max_width_last_edited=\u00bbon|desktop\u00bb custom_margin=\u00bb20px||20px||true|\u00bb custom_padding=\u00bb8px||8px||true\u00bb][\/et_pb_audio][et_pb_audio audio=\u00bbhttps:\/\/mariachiveracruz.es\/wp-content\/uploads\/2020\/03\/mariachi-vargas-son-de-la-negra-1.mp3&#8243; title=\u00bbEL SON DE LA NEGRA\u00bb _builder_version=\u00bb4.3.4&#8243; title_font=\u00bbRoboto|700||on|||||\u00bb title_text_align=\u00bbleft\u00bb title_text_color=\u00bb#000000&#8243; title_font_size=\u00bb13px\u00bb title_letter_spacing=\u00bb2px\u00bb caption_font=\u00bb||||||||\u00bb caption_text_align=\u00bbleft\u00bb background_color=\u00bbrgba(0,0,0,0)\u00bb background_layout=\u00bblight\u00bb max_width=\u00bb1080px\u00bb max_width_tablet=\u00bb\u00bb max_width_phone=\u00bb\u00bb max_width_last_edited=\u00bbon|desktop\u00bb custom_margin=\u00bb20px||20px||true|\u00bb custom_padding=\u00bb8px||8px||true\u00bb][\/et_pb_audio][et_pb_audio audio=\u00bbhttp:\/\/ishtiaq.sandbox.etdevs.com\/divi\/wp-content\/uploads\/sites\/2\/2019\/07\/podcast-audio.m4a\u00bb title=\u00bbvolver voler\u00bb _builder_version=\u00bb4.2.2&#8243; title_font=\u00bbRoboto|700||on|||||\u00bb title_text_align=\u00bbleft\u00bb title_text_color=\u00bb#000000&#8243; title_font_size=\u00bb13px\u00bb title_letter_spacing=\u00bb2px\u00bb caption_font=\u00bb||||||||\u00bb caption_text_align=\u00bbleft\u00bb background_color=\u00bbrgba(0,0,0,0)\u00bb background_layout=\u00bblight\u00bb max_width=\u00bb1080px\u00bb max_width_tablet=\u00bb\u00bb max_width_phone=\u00bb\u00bb max_width_last_edited=\u00bbon|desktop\u00bb custom_margin=\u00bb20px||20px||true|\u00bb custom_padding=\u00bb8px||8px||true\u00bb][\/et_pb_audio][et_pb_audio audio=\u00bbhttps:\/\/mariachiveracruz.es\/wp-content\/uploads\/2020\/03\/mariachi-loco-mariachi-mexicano-1.mp3&#8243; title=\u00bbEL MARIACHI LOCO\u00bb _builder_version=\u00bb4.3.4&#8243; title_font=\u00bbRoboto|700||on|||||\u00bb title_text_align=\u00bbleft\u00bb title_text_color=\u00bb#000000&#8243; title_font_size=\u00bb13px\u00bb title_letter_spacing=\u00bb2px\u00bb caption_font=\u00bb||||||||\u00bb caption_text_align=\u00bbleft\u00bb background_color=\u00bbrgba(0,0,0,0)\u00bb background_layout=\u00bblight\u00bb max_width=\u00bb1080px\u00bb max_width_tablet=\u00bb\u00bb max_width_phone=\u00bb\u00bb max_width_last_edited=\u00bbon|desktop\u00bb custom_margin=\u00bb20px||20px||true|\u00bb custom_padding=\u00bb8px||8px||true\u00bb][\/et_pb_audio][\/et_pb_column][\/et_pb_row][\/et_pb_section][et_pb_section fb_built=\u00bb1&#8243; disabled_on=\u00bbon|off|off\u00bb admin_label=\u00bbFeatured Places\u00bb _builder_version=\u00bb4.3.4&#8243; use_background_color_gradient=\u00bbon\u00bb background_color_gradient_start=\u00bb#ffffff\u00bb background_color_gradient_end=\u00bb#e8eefc\u00bb custom_padding=\u00bb100px|0px|100px|0px\u00bb][et_pb_row _builder_version=\u00bb3.25&#8243; custom_margin=\u00bb|auto|35px|auto||\u00bb][et_pb_column type=\u00bb4_4&#8243; _builder_version=\u00bb3.25&#8243; custom_padding=\u00bb|||\u00bb custom_padding__hover=\u00bb|||\u00bb][et_pb_text _builder_version=\u00bb4.3.4&#8243; text_font=\u00bbLato||||||||\u00bb text_text_color=\u00bb#898f99&#8243; text_font_size=\u00bb19px\u00bb text_line_height=\u00bb1.8em\u00bb header_font=\u00bb||||||||\u00bb header_2_font=\u00bbLato|700|||||||\u00bb header_2_font_size=\u00bb49px\u00bb header_2_line_height=\u00bb1.2em\u00bb header_3_font=\u00bb||||||||\u00bb text_orientation=\u00bbcenter\u00bb max_width=\u00bb800px\u00bb module_alignment=\u00bbcenter\u00bb]<\/p>\n<h2>\u00a1Elige t\u00fa mismo el repertorio!<\/h2>\n<p>Tenemos cientos de canciones para todo tipo de situaciones y eventos. Echa un vistazo a nuestro <span style=\"text-decoration: underline;\">repertorio completo<\/span> y elige tu mismo las canciones para tu evento.<\/p>\n<p>[\/et_pb_text][\/et_pb_column][\/et_pb_row][et_pb_row column_structure=\u00bb1_2,1_2&#8243; _builder_version=\u00bb4.3.4&#8243; custom_margin=\u00bb|auto|60px|auto||\u00bb][et_pb_column type=\u00bb1_2&#8243; _builder_version=\u00bb4.3.4&#8243; custom_padding=\u00bb||35px||false|false\u00bb box_shadow_style=\u00bbpreset1&#8243;][et_pb_text _builder_version=\u00bb4.4.2&#8243; text_font=\u00bb||||||||\u00bb header_font=\u00bb||||||||\u00bb header_2_font=\u00bbCinzel|700||on|||||\u00bb header_2_font_size=\u00bb22px\u00bb header_2_letter_spacing=\u00bb4px\u00bb header_2_line_height=\u00bb1.4em\u00bb use_background_color_gradient=\u00bbon\u00bb background_color_gradient_start=\u00bb#e02b20&#8243; background_color_gradient_end=\u00bb#7f2911&#8243; background_color_gradient_direction=\u00bb145deg\u00bb text_orientation=\u00bbcenter\u00bb background_layout=\u00bbdark\u00bb custom_padding=\u00bb48px|20px|36px|20px|false|true\u00bb custom_padding_tablet=\u00bb\u00bb custom_padding_phone=\u00bb27px||21px||false|false\u00bb custom_padding_last_edited=\u00bbon|desktop\u00bb header_2_font_size_tablet=\u00bb\u00bb header_2_font_size_phone=\u00bb16px\u00bb header_2_font_size_last_edited=\u00bbon|desktop\u00bb locked=\u00bboff\u00bb]<\/p>\n<h2>m\u00e1s populares para cumplea\u00f1os<\/h2>\n<p>[\/et_pb_text][et_pb_audio audio=\u00bbhttps:\/\/mariachiveracruz.es\/wp-content\/uploads\/2020\/03\/las-mananitas-vicente-fernandez-1.mp3&#8243; title=\u00bblas ma\u00f1anitas\u00bb _builder_version=\u00bb4.3.4&#8243; title_font=\u00bbRoboto|700||on|||||\u00bb title_text_align=\u00bbleft\u00bb title_text_color=\u00bb#000000&#8243; title_font_size=\u00bb13px\u00bb title_letter_spacing=\u00bb2px\u00bb caption_font=\u00bb||||||||\u00bb caption_text_align=\u00bbleft\u00bb background_color=\u00bbrgba(0,0,0,0)\u00bb background_layout=\u00bblight\u00bb max_width=\u00bb1080px\u00bb max_width_tablet=\u00bb\u00bb max_width_phone=\u00bb\u00bb max_width_last_edited=\u00bbon|desktop\u00bb custom_margin=\u00bb20px||20px||true|\u00bb custom_padding=\u00bb8px||8px||true\u00bb][\/et_pb_audio][et_pb_audio audio=\u00bbhttps:\/\/mariachiveracruz.es\/wp-content\/uploads\/2020\/03\/feliz-cumpleanos-d-chente-1.mp3&#8243; title=\u00bbfeliz cumplea\u00f1os\u00bb _builder_version=\u00bb4.3.4&#8243; title_font=\u00bbRoboto|700||on|||||\u00bb title_text_align=\u00bbleft\u00bb title_text_color=\u00bb#000000&#8243; title_font_size=\u00bb13px\u00bb title_letter_spacing=\u00bb2px\u00bb caption_font=\u00bb||||||||\u00bb caption_text_align=\u00bbleft\u00bb background_color=\u00bbrgba(0,0,0,0)\u00bb background_layout=\u00bblight\u00bb max_width=\u00bb1080px\u00bb max_width_tablet=\u00bb\u00bb max_width_phone=\u00bb\u00bb max_width_last_edited=\u00bbon|desktop\u00bb custom_margin=\u00bb20px||20px||true|\u00bb custom_padding=\u00bb8px||8px||true\u00bb][\/et_pb_audio][et_pb_audio audio=\u00bbhttps:\/\/mariachiveracruz.es\/wp-content\/uploads\/2020\/03\/pedro-infante-en-tu-dia-1.mp3&#8243; title=\u00bben tu d\u00eda\u00bb _builder_version=\u00bb4.3.4&#8243; title_font=\u00bbRoboto|700||on|||||\u00bb title_text_align=\u00bbleft\u00bb title_text_color=\u00bb#000000&#8243; title_font_size=\u00bb13px\u00bb title_letter_spacing=\u00bb2px\u00bb caption_font=\u00bb||||||||\u00bb caption_text_align=\u00bbleft\u00bb background_color=\u00bbrgba(0,0,0,0)\u00bb background_layout=\u00bblight\u00bb max_width=\u00bb1080px\u00bb max_width_tablet=\u00bb\u00bb max_width_phone=\u00bb\u00bb max_width_last_edited=\u00bbon|desktop\u00bb custom_margin=\u00bb20px||20px||true|\u00bb custom_padding=\u00bb8px||8px||true\u00bb][\/et_pb_audio][et_pb_audio audio=\u00bbhttps:\/\/mariachiveracruz.es\/wp-content\/uploads\/2020\/03\/juan-gabriel-te-recuerdo-dulcemente-ft-andres-calamaro-2.mp3&#8243; title=\u00bbte recuerdo dulcemente\u00bb _builder_version=\u00bb4.3.4&#8243; title_font=\u00bbRoboto|700||on|||||\u00bb title_text_align=\u00bbleft\u00bb title_text_color=\u00bb#000000&#8243; title_font_size=\u00bb13px\u00bb title_letter_spacing=\u00bb2px\u00bb caption_font=\u00bb||||||||\u00bb caption_text_align=\u00bbleft\u00bb background_color=\u00bbrgba(0,0,0,0)\u00bb background_layout=\u00bblight\u00bb max_width=\u00bb1080px\u00bb max_width_tablet=\u00bb\u00bb max_width_phone=\u00bb\u00bb max_width_last_edited=\u00bbon|desktop\u00bb custom_margin=\u00bb20px||20px||true|\u00bb custom_padding=\u00bb8px||8px||true\u00bb][\/et_pb_audio][et_pb_audio audio=\u00bbhttps:\/\/mariachiveracruz.es\/wp-content\/uploads\/2020\/03\/dia-venturoso-antonio-aguilar-1.mp3&#8243; title=\u00bbd\u00eda venturoso\u00bb _builder_version=\u00bb4.3.4&#8243; title_font=\u00bbRoboto|700||on|||||\u00bb title_text_align=\u00bbleft\u00bb title_text_color=\u00bb#000000&#8243; title_font_size=\u00bb13px\u00bb title_letter_spacing=\u00bb2px\u00bb caption_font=\u00bb||||||||\u00bb caption_text_align=\u00bbleft\u00bb background_color=\u00bbrgba(0,0,0,0)\u00bb background_layout=\u00bblight\u00bb max_width=\u00bb1080px\u00bb max_width_tablet=\u00bb\u00bb max_width_phone=\u00bb\u00bb max_width_last_edited=\u00bbon|desktop\u00bb custom_margin=\u00bb20px||20px||true|\u00bb custom_padding=\u00bb8px||8px||true\u00bb][\/et_pb_audio][\/et_pb_column][et_pb_column type=\u00bb1_2&#8243; _builder_version=\u00bb4.3.4&#8243; custom_padding=\u00bb||35px||false|false\u00bb box_shadow_style=\u00bbpreset1&#8243;][et_pb_text _builder_version=\u00bb4.4.2&#8243; text_font=\u00bb||||||||\u00bb header_font=\u00bb||||||||\u00bb header_2_font=\u00bbCinzel|700||on|||||\u00bb header_2_font_size=\u00bb22px\u00bb header_2_letter_spacing=\u00bb4px\u00bb header_2_line_height=\u00bb1.4em\u00bb use_background_color_gradient=\u00bbon\u00bb background_color_gradient_start=\u00bb#e02b20&#8243; background_color_gradient_end=\u00bb#7f2911&#8243; background_color_gradient_direction=\u00bb145deg\u00bb text_orientation=\u00bbcenter\u00bb background_layout=\u00bbdark\u00bb custom_padding=\u00bb48px|20px|36px|20px|false|true\u00bb custom_padding_tablet=\u00bb\u00bb custom_padding_phone=\u00bb24px||24px||true\u00bb custom_padding_last_edited=\u00bbon|desktop\u00bb header_2_font_size_tablet=\u00bb\u00bb header_2_font_size_phone=\u00bb16px\u00bb header_2_font_size_last_edited=\u00bbon|desktop\u00bb locked=\u00bboff\u00bb]<\/p>\n<h2>m\u00e1s populares para bailar\u00a0<\/h2>\n<p>[\/et_pb_text][et_pb_audio audio=\u00bbhttps:\/\/mariachiveracruz.es\/wp-content\/uploads\/2020\/03\/mariachi-loco-mariachi-mexicano-1.mp3&#8243; title=\u00bbel mariachi loco\u00bb _builder_version=\u00bb4.3.4&#8243; title_font=\u00bbRoboto|700||on|||||\u00bb title_text_align=\u00bbleft\u00bb title_text_color=\u00bb#000000&#8243; title_font_size=\u00bb13px\u00bb title_letter_spacing=\u00bb2px\u00bb caption_font=\u00bb||||||||\u00bb caption_text_align=\u00bbleft\u00bb background_color=\u00bbrgba(0,0,0,0)\u00bb background_layout=\u00bblight\u00bb max_width=\u00bb1080px\u00bb max_width_tablet=\u00bb\u00bb max_width_phone=\u00bb\u00bb max_width_last_edited=\u00bbon|desktop\u00bb custom_margin=\u00bb20px||20px||true|\u00bb custom_padding=\u00bb8px||8px||true\u00bb][\/et_pb_audio][et_pb_audio audio=\u00bbhttps:\/\/mariachiveracruz.es\/wp-content\/uploads\/2020\/03\/mariachi-los-caballeros-la-bamba-1.mp3&#8243; title=\u00bbbamba\u00bb _builder_version=\u00bb4.3.4&#8243; title_font=\u00bbRoboto|700||on|||||\u00bb title_text_align=\u00bbleft\u00bb title_text_color=\u00bb#000000&#8243; title_font_size=\u00bb13px\u00bb title_letter_spacing=\u00bb2px\u00bb caption_font=\u00bb||||||||\u00bb caption_text_align=\u00bbleft\u00bb background_color=\u00bbrgba(0,0,0,0)\u00bb background_layout=\u00bblight\u00bb max_width=\u00bb1080px\u00bb max_width_tablet=\u00bb\u00bb max_width_phone=\u00bb\u00bb max_width_last_edited=\u00bbon|desktop\u00bb custom_margin=\u00bb20px||20px||true|\u00bb custom_padding=\u00bb8px||8px||true\u00bb][\/et_pb_audio][et_pb_audio audio=\u00bbhttps:\/\/mariachiveracruz.es\/wp-content\/uploads\/2020\/03\/mariachi-vargas-son-de-la-negra-1.mp3&#8243; title=\u00bbel son de la negra\u00bb _builder_version=\u00bb4.3.4&#8243; title_font=\u00bbRoboto|700||on|||||\u00bb title_text_align=\u00bbleft\u00bb title_text_color=\u00bb#000000&#8243; title_font_size=\u00bb13px\u00bb title_letter_spacing=\u00bb2px\u00bb caption_font=\u00bb||||||||\u00bb caption_text_align=\u00bbleft\u00bb background_color=\u00bbrgba(0,0,0,0)\u00bb background_layout=\u00bblight\u00bb max_width=\u00bb1080px\u00bb max_width_tablet=\u00bb\u00bb max_width_phone=\u00bb\u00bb max_width_last_edited=\u00bbon|desktop\u00bb custom_margin=\u00bb20px||20px||true|\u00bb custom_padding=\u00bb8px||8px||true\u00bb][\/et_pb_audio][et_pb_audio audio=\u00bbhttps:\/\/mariachiveracruz.es\/wp-content\/uploads\/2020\/03\/guadalajara-vicente-fernandez-1.mp3&#8243; title=\u00bbGUADALAJARA\u00bb _builder_version=\u00bb4.3.4&#8243; title_font=\u00bbRoboto|700||on|||||\u00bb title_text_align=\u00bbleft\u00bb title_text_color=\u00bb#000000&#8243; title_font_size=\u00bb13px\u00bb title_letter_spacing=\u00bb2px\u00bb caption_font=\u00bb||||||||\u00bb caption_text_align=\u00bbleft\u00bb background_color=\u00bbrgba(0,0,0,0)\u00bb background_layout=\u00bblight\u00bb max_width=\u00bb1080px\u00bb max_width_tablet=\u00bb\u00bb max_width_phone=\u00bb\u00bb max_width_last_edited=\u00bbon|desktop\u00bb custom_margin=\u00bb20px||20px||true|\u00bb custom_padding=\u00bb8px||8px||true\u00bb][\/et_pb_audio][et_pb_audio audio=\u00bbhttps:\/\/mariachiveracruz.es\/wp-content\/uploads\/2020\/03\/sigo-siendo-el-rey-letra-y-cancion.mp3&#8243; title=\u00bbel rey\u00bb _builder_version=\u00bb4.3.4&#8243; title_font=\u00bbRoboto|700||on|||||\u00bb title_text_align=\u00bbleft\u00bb title_text_color=\u00bb#000000&#8243; title_font_size=\u00bb13px\u00bb title_letter_spacing=\u00bb2px\u00bb caption_font=\u00bb||||||||\u00bb caption_text_align=\u00bbleft\u00bb background_color=\u00bbrgba(0,0,0,0)\u00bb background_layout=\u00bblight\u00bb max_width=\u00bb1080px\u00bb max_width_tablet=\u00bb\u00bb max_width_phone=\u00bb\u00bb max_width_last_edited=\u00bbon|desktop\u00bb custom_margin=\u00bb20px||20px||true|\u00bb custom_padding=\u00bb8px||8px||true\u00bb][\/et_pb_audio][\/et_pb_column][\/et_pb_row][et_pb_row column_structure=\u00bb1_2,1_2&#8243; _builder_version=\u00bb4.3.4&#8243; custom_padding=\u00bb||75px|||\u00bb][et_pb_column type=\u00bb1_2&#8243; _builder_version=\u00bb4.3.4&#8243; custom_padding=\u00bb||35px||false|false\u00bb box_shadow_style=\u00bbpreset1&#8243;][et_pb_text _builder_version=\u00bb4.4.2&#8243; text_font=\u00bb||||||||\u00bb header_font=\u00bb||||||||\u00bb header_2_font=\u00bbCinzel|700||on|||||\u00bb header_2_font_size=\u00bb22px\u00bb header_2_letter_spacing=\u00bb4px\u00bb header_2_line_height=\u00bb1.4em\u00bb use_background_color_gradient=\u00bbon\u00bb background_color_gradient_start=\u00bb#e02b20&#8243; background_color_gradient_end=\u00bb#7f2911&#8243; background_color_gradient_direction=\u00bb145deg\u00bb text_orientation=\u00bbcenter\u00bb background_layout=\u00bbdark\u00bb custom_padding=\u00bb48px|20px|36px|20px|false|true\u00bb custom_padding_tablet=\u00bb\u00bb custom_padding_phone=\u00bb24px||24px||true\u00bb custom_padding_last_edited=\u00bbon|desktop\u00bb header_2_font_size_tablet=\u00bb\u00bb header_2_font_size_phone=\u00bb16px\u00bb header_2_font_size_last_edited=\u00bbon|desktop\u00bb locked=\u00bboff\u00bb]<\/p>\n<h2>M\u00c1S POPULARES PARA MADRES<\/h2>\n<p>[\/et_pb_text][et_pb_audio audio=\u00bbhttps:\/\/mariachiveracruz.es\/wp-content\/uploads\/2020\/03\/madrecita-del-alma-querida-mariachi-los-principes-oaxaca-1.mp3&#8243; title=\u00bbmadrecita del alma querida\u00bb _builder_version=\u00bb4.3.4&#8243; title_font=\u00bbRoboto|700||on|||||\u00bb title_text_align=\u00bbleft\u00bb title_text_color=\u00bb#000000&#8243; title_font_size=\u00bb13px\u00bb title_letter_spacing=\u00bb2px\u00bb caption_font=\u00bb||||||||\u00bb caption_text_align=\u00bbleft\u00bb background_color=\u00bbrgba(0,0,0,0)\u00bb background_layout=\u00bblight\u00bb max_width=\u00bb1080px\u00bb max_width_tablet=\u00bb\u00bb max_width_phone=\u00bb\u00bb max_width_last_edited=\u00bbon|desktop\u00bb custom_margin=\u00bb20px||20px||true|\u00bb custom_padding=\u00bb8px||8px||true\u00bb][\/et_pb_audio][et_pb_audio audio=\u00bbhttps:\/\/mariachiveracruz.es\/wp-content\/uploads\/2020\/03\/madrecita-del-alma-querida-mariachi-los-principes-oaxaca-2.mp3&#8243; title=\u00bbmantelito blanco\u00bb _builder_version=\u00bb4.3.4&#8243; title_font=\u00bbRoboto|700||on|||||\u00bb title_text_align=\u00bbleft\u00bb title_text_color=\u00bb#000000&#8243; title_font_size=\u00bb13px\u00bb title_letter_spacing=\u00bb2px\u00bb caption_font=\u00bb||||||||\u00bb caption_text_align=\u00bbleft\u00bb background_color=\u00bbrgba(0,0,0,0)\u00bb background_layout=\u00bblight\u00bb max_width=\u00bb1080px\u00bb max_width_tablet=\u00bb\u00bb max_width_phone=\u00bb\u00bb max_width_last_edited=\u00bbon|desktop\u00bb custom_margin=\u00bb20px||20px||true|\u00bb custom_padding=\u00bb8px||8px||true\u00bb][\/et_pb_audio][et_pb_audio audio=\u00bbhttps:\/\/mariachiveracruz.es\/wp-content\/uploads\/2020\/03\/pedrito-fernandez-canto-a-la-madre-vinyl-1.mp3&#8243; title=\u00bbcanto a la madre\u00bb _builder_version=\u00bb4.3.4&#8243; title_font=\u00bbRoboto|700||on|||||\u00bb title_text_align=\u00bbleft\u00bb title_text_color=\u00bb#000000&#8243; title_font_size=\u00bb13px\u00bb title_letter_spacing=\u00bb2px\u00bb caption_font=\u00bb||||||||\u00bb caption_text_align=\u00bbleft\u00bb background_color=\u00bbrgba(0,0,0,0)\u00bb background_layout=\u00bblight\u00bb max_width=\u00bb1080px\u00bb max_width_tablet=\u00bb\u00bb max_width_phone=\u00bb\u00bb max_width_last_edited=\u00bbon|desktop\u00bb custom_margin=\u00bb20px||20px||true|\u00bb custom_padding=\u00bb8px||8px||true\u00bb][\/et_pb_audio][et_pb_audio audio=\u00bbhttps:\/\/mariachiveracruz.es\/wp-content\/uploads\/2020\/03\/mariachi-medellin-show-mama-1.mp3&#8243; title=\u00bbMam\u00e1\u00bb _builder_version=\u00bb4.3.4&#8243; title_font=\u00bbRoboto|700||on|||||\u00bb title_text_align=\u00bbleft\u00bb title_text_color=\u00bb#000000&#8243; title_font_size=\u00bb13px\u00bb title_letter_spacing=\u00bb2px\u00bb caption_font=\u00bb||||||||\u00bb caption_text_align=\u00bbleft\u00bb background_color=\u00bbrgba(0,0,0,0)\u00bb background_layout=\u00bblight\u00bb max_width=\u00bb1080px\u00bb max_width_tablet=\u00bb\u00bb max_width_phone=\u00bb\u00bb max_width_last_edited=\u00bbon|desktop\u00bb custom_margin=\u00bb20px||20px||true|\u00bb custom_padding=\u00bb8px||8px||true\u00bb][\/et_pb_audio][et_pb_audio audio=\u00bbhttps:\/\/mariachiveracruz.es\/wp-content\/uploads\/2020\/03\/a-esa-mujer-mariachi-eli-contratalo-para-tus-mejores-eventos-al-telefono-8181353138-1.mp3&#8243; title=\u00bba esa mujer\u00bb _builder_version=\u00bb4.3.4&#8243; title_font=\u00bbRoboto|700||on|||||\u00bb title_text_align=\u00bbleft\u00bb title_text_color=\u00bb#000000&#8243; title_font_size=\u00bb13px\u00bb title_letter_spacing=\u00bb2px\u00bb caption_font=\u00bb||||||||\u00bb caption_text_align=\u00bbleft\u00bb background_color=\u00bbrgba(0,0,0,0)\u00bb background_layout=\u00bblight\u00bb max_width=\u00bb1080px\u00bb max_width_tablet=\u00bb\u00bb max_width_phone=\u00bb\u00bb max_width_last_edited=\u00bbon|desktop\u00bb custom_margin=\u00bb20px||20px||true|\u00bb custom_padding=\u00bb8px||8px||true\u00bb][\/et_pb_audio][et_pb_audio audio=\u00bbhttps:\/\/mariachiveracruz.es\/wp-content\/uploads\/2020\/03\/clavelitos-tuna-1.mp3&#8243; title=\u00bbclavelitos\u00bb _builder_version=\u00bb4.3.4&#8243; title_font=\u00bbRoboto|700||on|||||\u00bb title_text_align=\u00bbleft\u00bb title_text_color=\u00bb#000000&#8243; title_font_size=\u00bb13px\u00bb title_letter_spacing=\u00bb2px\u00bb caption_font=\u00bb||||||||\u00bb caption_text_align=\u00bbleft\u00bb background_color=\u00bbrgba(0,0,0,0)\u00bb background_layout=\u00bblight\u00bb max_width=\u00bb1080px\u00bb max_width_tablet=\u00bb\u00bb max_width_phone=\u00bb\u00bb max_width_last_edited=\u00bbon|desktop\u00bb custom_margin=\u00bb20px||20px||true|\u00bb custom_padding=\u00bb8px||8px||true\u00bb][\/et_pb_audio][et_pb_audio audio=\u00bbhttps:\/\/mariachiveracruz.es\/wp-content\/uploads\/2020\/03\/senora-senora-1.mp3&#8243; title=\u00bbse\u00f1ora se\u00f1ora\u00bb _builder_version=\u00bb4.3.4&#8243; title_font=\u00bbRoboto|700||on|||||\u00bb title_text_align=\u00bbleft\u00bb title_text_color=\u00bb#000000&#8243; title_font_size=\u00bb13px\u00bb title_letter_spacing=\u00bb2px\u00bb caption_font=\u00bb||||||||\u00bb caption_text_align=\u00bbleft\u00bb background_color=\u00bbrgba(0,0,0,0)\u00bb background_layout=\u00bblight\u00bb max_width=\u00bb1080px\u00bb max_width_tablet=\u00bb\u00bb max_width_phone=\u00bb\u00bb max_width_last_edited=\u00bbon|desktop\u00bb custom_margin=\u00bb20px||20px||true|\u00bb custom_padding=\u00bb8px||8px||true\u00bb][\/et_pb_audio][\/et_pb_column][et_pb_column type=\u00bb1_2&#8243; _builder_version=\u00bb4.3.4&#8243; custom_padding=\u00bb||35px||false|false\u00bb box_shadow_style=\u00bbpreset1&#8243;][et_pb_text _builder_version=\u00bb4.4.2&#8243; text_font=\u00bb||||||||\u00bb header_font=\u00bb||||||||\u00bb header_2_font=\u00bbCinzel|700||on|||||\u00bb header_2_font_size=\u00bb22px\u00bb header_2_letter_spacing=\u00bb4px\u00bb header_2_line_height=\u00bb1.4em\u00bb use_background_color_gradient=\u00bbon\u00bb background_color_gradient_start=\u00bb#e02b20&#8243; background_color_gradient_end=\u00bb#7f2911&#8243; background_color_gradient_direction=\u00bb145deg\u00bb text_orientation=\u00bbcenter\u00bb background_layout=\u00bbdark\u00bb custom_padding=\u00bb48px|20px|36px|20px|false|true\u00bb custom_padding_tablet=\u00bb\u00bb custom_padding_phone=\u00bb24px||24px||true\u00bb custom_padding_last_edited=\u00bbon|desktop\u00bb header_2_font_size_tablet=\u00bb\u00bb header_2_font_size_phone=\u00bb16px\u00bb header_2_font_size_last_edited=\u00bbon|desktop\u00bb locked=\u00bboff\u00bb]<\/p>\n<h2>m\u00e1s populares para<br \/> padres<\/h2>\n<p>[\/et_pb_text][et_pb_audio audio=\u00bbhttps:\/\/mariachiveracruz.es\/wp-content\/uploads\/2020\/03\/mi-padre-es-el-mejor-gabriel-arriaga-1.mp3&#8243; title=\u00bbmi padre es el mejor\u00bb _builder_version=\u00bb4.3.4&#8243; title_font=\u00bbRoboto|700||on|||||\u00bb title_text_align=\u00bbleft\u00bb title_text_color=\u00bb#000000&#8243; title_font_size=\u00bb13px\u00bb title_letter_spacing=\u00bb2px\u00bb caption_font=\u00bb||||||||\u00bb caption_text_align=\u00bbleft\u00bb background_color=\u00bbrgba(0,0,0,0)\u00bb background_layout=\u00bblight\u00bb max_width=\u00bb1080px\u00bb max_width_tablet=\u00bb\u00bb max_width_phone=\u00bb\u00bb max_width_last_edited=\u00bbon|desktop\u00bb custom_margin=\u00bb20px||20px||true|\u00bb custom_padding=\u00bb8px||8px||true\u00bb][\/et_pb_audio][et_pb_audio audio=\u00bbhttps:\/\/mariachiveracruz.es\/wp-content\/uploads\/2020\/03\/sigo-siendo-el-rey-letra-y-cancion.mp3&#8243; title=\u00bbel rey\u00bb _builder_version=\u00bb4.3.4&#8243; title_font=\u00bbRoboto|700||on|||||\u00bb title_text_align=\u00bbleft\u00bb title_text_color=\u00bb#000000&#8243; title_font_size=\u00bb13px\u00bb title_letter_spacing=\u00bb2px\u00bb caption_font=\u00bb||||||||\u00bb caption_text_align=\u00bbleft\u00bb background_color=\u00bbrgba(0,0,0,0)\u00bb background_layout=\u00bblight\u00bb max_width=\u00bb1080px\u00bb max_width_tablet=\u00bb\u00bb max_width_phone=\u00bb\u00bb max_width_last_edited=\u00bbon|desktop\u00bb custom_margin=\u00bb20px||20px||true|\u00bb custom_padding=\u00bb8px||8px||true\u00bb][\/et_pb_audio][et_pb_audio audio=\u00bbhttps:\/\/mariachiveracruz.es\/wp-content\/uploads\/2020\/03\/mi-viejo-por-mariachi-vercruz-1.mp3&#8243; title=\u00bbmi viejo \u00bb _builder_version=\u00bb4.3.4&#8243; title_font=\u00bbRoboto|700||on|||||\u00bb title_text_align=\u00bbleft\u00bb title_text_color=\u00bb#000000&#8243; title_font_size=\u00bb13px\u00bb title_letter_spacing=\u00bb2px\u00bb caption_font=\u00bb||||||||\u00bb caption_text_align=\u00bbleft\u00bb background_color=\u00bbrgba(0,0,0,0)\u00bb background_layout=\u00bblight\u00bb max_width=\u00bb1080px\u00bb max_width_tablet=\u00bb\u00bb max_width_phone=\u00bb\u00bb max_width_last_edited=\u00bbon|desktop\u00bb custom_margin=\u00bb20px||20px||true|\u00bb custom_padding=\u00bb8px||8px||true\u00bb][\/et_pb_audio][et_pb_audio audio=\u00bbhttps:\/\/mariachiveracruz.es\/wp-content\/uploads\/2020\/03\/mariachi-medellin-show-cuando-yo-queria-ser-grande-1.mp3&#8243; title=\u00bbCuando yo quer\u00eda ser grande\u00bb _builder_version=\u00bb4.3.4&#8243; title_font=\u00bbRoboto|700||on|||||\u00bb title_text_align=\u00bbleft\u00bb title_text_color=\u00bb#000000&#8243; title_font_size=\u00bb13px\u00bb title_letter_spacing=\u00bb2px\u00bb caption_font=\u00bb||||||||\u00bb caption_text_align=\u00bbleft\u00bb background_color=\u00bbrgba(0,0,0,0)\u00bb background_layout=\u00bblight\u00bb max_width=\u00bb1080px\u00bb max_width_tablet=\u00bb\u00bb max_width_phone=\u00bb\u00bb max_width_last_edited=\u00bbon|desktop\u00bb custom_margin=\u00bb20px||20px||true|\u00bb custom_padding=\u00bb8px||8px||true\u00bb][\/et_pb_audio][et_pb_audio audio=\u00bbhttps:\/\/mariachiveracruz.es\/wp-content\/uploads\/2020\/03\/Amigo-Mariachi-192-kbps-1.mp3&#8243; title=\u00bbamigo\u00bb _builder_version=\u00bb4.3.4&#8243; title_font=\u00bbRoboto|700||on|||||\u00bb title_text_align=\u00bbleft\u00bb title_text_color=\u00bb#000000&#8243; title_font_size=\u00bb13px\u00bb title_letter_spacing=\u00bb2px\u00bb caption_font=\u00bb||||||||\u00bb caption_text_align=\u00bbleft\u00bb background_color=\u00bbrgba(0,0,0,0)\u00bb background_layout=\u00bblight\u00bb max_width=\u00bb1080px\u00bb max_width_tablet=\u00bb\u00bb max_width_phone=\u00bb\u00bb max_width_last_edited=\u00bbon|desktop\u00bb custom_margin=\u00bb20px||20px||true|\u00bb custom_padding=\u00bb8px||8px||true\u00bb][\/et_pb_audio][et_pb_audio audio=\u00bbhttps:\/\/mariachiveracruz.es\/wp-content\/uploads\/2020\/03\/jaime-landero-ese-senor-es-mi-padre-con-mariachi-version-estudio-1.mp3&#8243; title=\u00bbESE SE\u00d1OR ES MI PADRE\u00bb _builder_version=\u00bb4.3.4&#8243; title_font=\u00bbRoboto|700||on|||||\u00bb title_text_align=\u00bbleft\u00bb title_text_color=\u00bb#000000&#8243; title_font_size=\u00bb13px\u00bb title_letter_spacing=\u00bb2px\u00bb caption_font=\u00bb||||||||\u00bb caption_text_align=\u00bbleft\u00bb background_color=\u00bbrgba(0,0,0,0)\u00bb background_layout=\u00bblight\u00bb max_width=\u00bb1080px\u00bb max_width_tablet=\u00bb\u00bb max_width_phone=\u00bb\u00bb max_width_last_edited=\u00bbon|desktop\u00bb custom_margin=\u00bb20px||20px||true|\u00bb custom_padding=\u00bb8px||8px||true\u00bb][\/et_pb_audio][et_pb_audio audio=\u00bbhttps:\/\/mariachiveracruz.es\/wp-content\/uploads\/2020\/03\/el-ayudante-vicente-fernandez-full-audio-2.mp3&#8243; title=\u00bbEl ayudante\u00bb _builder_version=\u00bb4.3.4&#8243; title_font=\u00bbRoboto|700||on|||||\u00bb title_text_align=\u00bbleft\u00bb title_text_color=\u00bb#000000&#8243; title_font_size=\u00bb13px\u00bb title_letter_spacing=\u00bb2px\u00bb caption_font=\u00bb||||||||\u00bb caption_text_align=\u00bbleft\u00bb background_color=\u00bbrgba(0,0,0,0)\u00bb background_layout=\u00bblight\u00bb max_width=\u00bb1080px\u00bb max_width_tablet=\u00bb\u00bb max_width_phone=\u00bb\u00bb max_width_last_edited=\u00bbon|desktop\u00bb custom_margin=\u00bb20px||20px||true|\u00bb custom_padding=\u00bb8px||8px||true\u00bb][\/et_pb_audio][\/et_pb_column][\/et_pb_row][et_pb_row column_structure=\u00bb1_2,1_2&#8243; _builder_version=\u00bb4.3.4&#8243; custom_padding=\u00bb||75px|||\u00bb][et_pb_column type=\u00bb1_2&#8243; _builder_version=\u00bb4.3.4&#8243; custom_padding=\u00bb||35px||false|false\u00bb box_shadow_style=\u00bbpreset1&#8243;][et_pb_text _builder_version=\u00bb4.4.2&#8243; text_font=\u00bb||||||||\u00bb header_font=\u00bb||||||||\u00bb header_2_font=\u00bbCinzel|700||on|||||\u00bb header_2_font_size=\u00bb22px\u00bb header_2_letter_spacing=\u00bb4px\u00bb header_2_line_height=\u00bb1.4em\u00bb use_background_color_gradient=\u00bbon\u00bb background_color_gradient_start=\u00bb#e02b20&#8243; background_color_gradient_end=\u00bb#7f2911&#8243; background_color_gradient_direction=\u00bb145deg\u00bb text_orientation=\u00bbcenter\u00bb background_layout=\u00bbdark\u00bb custom_padding=\u00bb48px|20px|36px|20px|false|true\u00bb custom_padding_tablet=\u00bb\u00bb custom_padding_phone=\u00bb24px||24px||true\u00bb custom_padding_last_edited=\u00bbon|desktop\u00bb header_2_font_size_tablet=\u00bb\u00bb header_2_font_size_phone=\u00bb16px\u00bb header_2_font_size_last_edited=\u00bbon|desktop\u00bb locked=\u00bboff\u00bb]<\/p>\n<h2>canciones rom\u00e1nticas para tu pareja<\/h2>\n<p>[\/et_pb_text][et_pb_audio audio=\u00bbhttps:\/\/mariachiveracruz.es\/wp-content\/uploads\/2020\/03\/si-nos-dejan-luis-miguel-1.mp3&#8243; title=\u00bbsi nos dejan\u00bb _builder_version=\u00bb4.3.4&#8243; title_font=\u00bbRoboto|700||on|||||\u00bb title_text_align=\u00bbleft\u00bb title_text_color=\u00bb#000000&#8243; title_font_size=\u00bb13px\u00bb title_letter_spacing=\u00bb2px\u00bb caption_font=\u00bb||||||||\u00bb caption_text_align=\u00bbleft\u00bb background_color=\u00bbrgba(0,0,0,0)\u00bb background_layout=\u00bblight\u00bb max_width=\u00bb1080px\u00bb max_width_tablet=\u00bb\u00bb max_width_phone=\u00bb\u00bb max_width_last_edited=\u00bbon|desktop\u00bb custom_margin=\u00bb20px||20px||true|\u00bb custom_padding=\u00bb8px||8px||true\u00bb][\/et_pb_audio][et_pb_audio audio=\u00bbhttps:\/\/mariachiveracruz.es\/wp-content\/uploads\/2020\/03\/alma-corazon-y-vida-1.mp3&#8243; title=\u00bbalma, coraz\u00f3n y vida\u00bb _builder_version=\u00bb4.3.4&#8243; title_font=\u00bbRoboto|700||on|||||\u00bb title_text_align=\u00bbleft\u00bb title_text_color=\u00bb#000000&#8243; title_font_size=\u00bb13px\u00bb title_letter_spacing=\u00bb2px\u00bb caption_font=\u00bb||||||||\u00bb caption_text_align=\u00bbleft\u00bb background_color=\u00bbrgba(0,0,0,0)\u00bb background_layout=\u00bblight\u00bb max_width=\u00bb1080px\u00bb max_width_tablet=\u00bb\u00bb max_width_phone=\u00bb\u00bb max_width_last_edited=\u00bbon|desktop\u00bb custom_margin=\u00bb20px||20px||true|\u00bb custom_padding=\u00bb8px||8px||true\u00bb][\/et_pb_audio][et_pb_audio audio=\u00bbhttps:\/\/mariachiveracruz.es\/wp-content\/uploads\/2020\/03\/los-panchos-contigo-aprendi-1.mp3&#8243; title=\u00bbcontigo aprend\u00ed\u00bb _builder_version=\u00bb4.3.4&#8243; title_font=\u00bbRoboto|700||on|||||\u00bb title_text_align=\u00bbleft\u00bb title_text_color=\u00bb#000000&#8243; title_font_size=\u00bb13px\u00bb title_letter_spacing=\u00bb2px\u00bb caption_font=\u00bb||||||||\u00bb caption_text_align=\u00bbleft\u00bb background_color=\u00bbrgba(0,0,0,0)\u00bb background_layout=\u00bblight\u00bb max_width=\u00bb1080px\u00bb max_width_tablet=\u00bb\u00bb max_width_phone=\u00bb\u00bb max_width_last_edited=\u00bbon|desktop\u00bb custom_margin=\u00bb20px||20px||true|\u00bb custom_padding=\u00bb8px||8px||true\u00bb][\/et_pb_audio][et_pb_audio audio=\u00bbhttps:\/\/mariachiveracruz.es\/wp-content\/uploads\/2020\/03\/te-quiero-te-quiero-nino-bravo-con-letra-1.mp3&#8243; title=\u00bbte quiero, te quiero\u00bb _builder_version=\u00bb4.3.4&#8243; title_font=\u00bbRoboto|700||on|||||\u00bb title_text_align=\u00bbleft\u00bb title_text_color=\u00bb#000000&#8243; title_font_size=\u00bb13px\u00bb title_letter_spacing=\u00bb2px\u00bb caption_font=\u00bb||||||||\u00bb caption_text_align=\u00bbleft\u00bb background_color=\u00bbrgba(0,0,0,0)\u00bb background_layout=\u00bblight\u00bb max_width=\u00bb1080px\u00bb max_width_tablet=\u00bb\u00bb max_width_phone=\u00bb\u00bb max_width_last_edited=\u00bbon|desktop\u00bb custom_margin=\u00bb20px||20px||true|\u00bb custom_padding=\u00bb8px||8px||true\u00bb][\/et_pb_audio][et_pb_audio audio=\u00bbhttps:\/\/mariachiveracruz.es\/wp-content\/uploads\/2020\/03\/somos-novios-luis-miguel-1.mp3&#8243; title=\u00bbSomos novios\u00bb _builder_version=\u00bb4.3.4&#8243; title_font=\u00bbRoboto|700||on|||||\u00bb title_text_align=\u00bbleft\u00bb title_text_color=\u00bb#000000&#8243; title_font_size=\u00bb13px\u00bb title_letter_spacing=\u00bb2px\u00bb caption_font=\u00bb||||||||\u00bb caption_text_align=\u00bbleft\u00bb background_color=\u00bbrgba(0,0,0,0)\u00bb background_layout=\u00bblight\u00bb max_width=\u00bb1080px\u00bb max_width_tablet=\u00bb\u00bb max_width_phone=\u00bb\u00bb max_width_last_edited=\u00bbon|desktop\u00bb custom_margin=\u00bb20px||20px||true|\u00bb custom_padding=\u00bb8px||8px||true\u00bb][\/et_pb_audio][et_pb_audio audio=\u00bbhttps:\/\/mariachiveracruz.es\/wp-content\/uploads\/2020\/03\/vicente-fernandez-que-bonito-amor-video-clip-1.mp3&#8243; title=\u00bbque bonito amor\u00bb _builder_version=\u00bb4.3.4&#8243; title_font=\u00bbRoboto|700||on|||||\u00bb title_text_align=\u00bbleft\u00bb title_text_color=\u00bb#000000&#8243; title_font_size=\u00bb13px\u00bb title_letter_spacing=\u00bb2px\u00bb caption_font=\u00bb||||||||\u00bb caption_text_align=\u00bbleft\u00bb background_color=\u00bbrgba(0,0,0,0)\u00bb background_layout=\u00bblight\u00bb max_width=\u00bb1080px\u00bb max_width_tablet=\u00bb\u00bb max_width_phone=\u00bb\u00bb max_width_last_edited=\u00bbon|desktop\u00bb custom_margin=\u00bb20px||20px||true|\u00bb custom_padding=\u00bb8px||8px||true\u00bb][\/et_pb_audio][et_pb_audio audio=\u00bbhttps:\/\/mariachiveracruz.es\/wp-content\/uploads\/2020\/03\/malaguena-salerosa-chingon-once-upon-a-time-in-mexico-1.mp3&#8243; title=\u00bbLa Malague\u00f1a\u00bb _builder_version=\u00bb4.3.4&#8243; title_font=\u00bbRoboto|700||on|||||\u00bb title_text_align=\u00bbleft\u00bb title_text_color=\u00bb#000000&#8243; title_font_size=\u00bb13px\u00bb title_letter_spacing=\u00bb2px\u00bb caption_font=\u00bb||||||||\u00bb caption_text_align=\u00bbleft\u00bb background_color=\u00bbrgba(0,0,0,0)\u00bb background_layout=\u00bblight\u00bb max_width=\u00bb1080px\u00bb max_width_tablet=\u00bb\u00bb max_width_phone=\u00bb\u00bb max_width_last_edited=\u00bbon|desktop\u00bb custom_margin=\u00bb20px||20px||true|\u00bb custom_padding=\u00bb8px||8px||true\u00bb][\/et_pb_audio][et_pb_audio audio=\u00bbhttps:\/\/mariachiveracruz.es\/wp-content\/uploads\/2020\/03\/marco-antonio-solis-la-venia-bendita-1.mp3&#8243; title=\u00bbLa venia bendita\u00bb _builder_version=\u00bb4.3.4&#8243; title_font=\u00bbRoboto|700||on|||||\u00bb title_text_align=\u00bbleft\u00bb title_text_color=\u00bb#000000&#8243; title_font_size=\u00bb13px\u00bb title_letter_spacing=\u00bb2px\u00bb caption_font=\u00bb||||||||\u00bb caption_text_align=\u00bbleft\u00bb background_color=\u00bbrgba(0,0,0,0)\u00bb background_layout=\u00bblight\u00bb max_width=\u00bb1080px\u00bb max_width_tablet=\u00bb\u00bb max_width_phone=\u00bb\u00bb max_width_last_edited=\u00bbon|desktop\u00bb custom_margin=\u00bb20px||20px||true|\u00bb custom_padding=\u00bb8px||8px||true\u00bb][\/et_pb_audio][et_pb_audio audio=\u00bbhttps:\/\/mariachiveracruz.es\/wp-content\/uploads\/2020\/03\/la-mitad-que-me-faltaba-alejandro-fernandez-letra-1.mp3&#8243; title=\u00bbLa mitad que me faltaba\u00bb _builder_version=\u00bb4.3.4&#8243; title_font=\u00bbRoboto|700||on|||||\u00bb title_text_align=\u00bbleft\u00bb title_text_color=\u00bb#000000&#8243; title_font_size=\u00bb13px\u00bb title_letter_spacing=\u00bb2px\u00bb caption_font=\u00bb||||||||\u00bb caption_text_align=\u00bbleft\u00bb background_color=\u00bbrgba(0,0,0,0)\u00bb background_layout=\u00bblight\u00bb max_width=\u00bb1080px\u00bb max_width_tablet=\u00bb\u00bb max_width_phone=\u00bb\u00bb max_width_last_edited=\u00bbon|desktop\u00bb custom_margin=\u00bb20px||20px||true|\u00bb custom_padding=\u00bb8px||8px||true\u00bb][\/et_pb_audio][\/et_pb_column][et_pb_column type=\u00bb1_2&#8243; _builder_version=\u00bb4.3.4&#8243; custom_padding=\u00bb||35px||false|false\u00bb box_shadow_style=\u00bbpreset1&#8243;][et_pb_text _builder_version=\u00bb4.4.2&#8243; text_font=\u00bb||||||||\u00bb header_font=\u00bb||||||||\u00bb header_2_font=\u00bbCinzel|700||on|||||\u00bb header_2_font_size=\u00bb22px\u00bb header_2_letter_spacing=\u00bb4px\u00bb header_2_line_height=\u00bb1.4em\u00bb use_background_color_gradient=\u00bbon\u00bb background_color_gradient_start=\u00bb#e02b20&#8243; background_color_gradient_end=\u00bb#7f2911&#8243; background_color_gradient_direction=\u00bb145deg\u00bb text_orientation=\u00bbcenter\u00bb background_layout=\u00bbdark\u00bb custom_padding=\u00bb48px|20px|36px|20px|false|true\u00bb custom_padding_tablet=\u00bb\u00bb custom_padding_phone=\u00bb24px||24px||true\u00bb custom_padding_last_edited=\u00bbon|desktop\u00bb header_2_font_size_tablet=\u00bb\u00bb header_2_font_size_phone=\u00bb16px\u00bb header_2_font_size_last_edited=\u00bbon|desktop\u00bb locked=\u00bboff\u00bb]<\/p>\n<h2>CANCIONES ROM\u00c1NTICAS PARA PEDIR PERD\u00d3N<\/h2>\n<p>[\/et_pb_text][et_pb_audio audio=\u00bbhttps:\/\/mariachiveracruz.es\/wp-content\/uploads\/2020\/03\/vicente-fernandez-estos-celos.mp3&#8243; title=\u00bbEstos celos\u00bb _builder_version=\u00bb4.3.4&#8243; title_font=\u00bbRoboto|700||on|||||\u00bb title_text_align=\u00bbleft\u00bb title_text_color=\u00bb#000000&#8243; title_font_size=\u00bb13px\u00bb title_letter_spacing=\u00bb2px\u00bb caption_font=\u00bb||||||||\u00bb caption_text_align=\u00bbleft\u00bb background_color=\u00bbrgba(0,0,0,0)\u00bb background_layout=\u00bblight\u00bb max_width=\u00bb1080px\u00bb max_width_tablet=\u00bb\u00bb max_width_phone=\u00bb\u00bb max_width_last_edited=\u00bbon|desktop\u00bb custom_margin=\u00bb20px||20px||true|\u00bb custom_padding=\u00bb8px||8px||true\u00bb][\/et_pb_audio][et_pb_audio audio=\u00bbhttps:\/\/mariachiveracruz.es\/wp-content\/uploads\/2020\/03\/de-que-manera-te-olvido-vicente-fernandez-letra-1.mp3&#8243; title=\u00bbDe que manera te olvido\u00bb _builder_version=\u00bb4.3.4&#8243; title_font=\u00bbRoboto|700||on|||||\u00bb title_text_align=\u00bbleft\u00bb title_text_color=\u00bb#000000&#8243; title_font_size=\u00bb13px\u00bb title_letter_spacing=\u00bb2px\u00bb caption_font=\u00bb||||||||\u00bb caption_text_align=\u00bbleft\u00bb background_color=\u00bbrgba(0,0,0,0)\u00bb background_layout=\u00bblight\u00bb max_width=\u00bb1080px\u00bb max_width_tablet=\u00bb\u00bb max_width_phone=\u00bb\u00bb max_width_last_edited=\u00bbon|desktop\u00bb custom_margin=\u00bb20px||20px||true|\u00bb custom_padding=\u00bb8px||8px||true\u00bb][\/et_pb_audio][et_pb_audio audio=\u00bbhttps:\/\/mariachiveracruz.es\/wp-content\/uploads\/2020\/03\/pedro-fernandez-yo-no-fui-letra-1.mp3&#8243; title=\u00bbYo no fui\u00bb _builder_version=\u00bb4.3.4&#8243; title_font=\u00bbRoboto|700||on|||||\u00bb title_text_align=\u00bbleft\u00bb title_text_color=\u00bb#000000&#8243; title_font_size=\u00bb13px\u00bb title_letter_spacing=\u00bb2px\u00bb caption_font=\u00bb||||||||\u00bb caption_text_align=\u00bbleft\u00bb background_color=\u00bbrgba(0,0,0,0)\u00bb background_layout=\u00bblight\u00bb max_width=\u00bb1080px\u00bb max_width_tablet=\u00bb\u00bb max_width_phone=\u00bb\u00bb max_width_last_edited=\u00bbon|desktop\u00bb custom_margin=\u00bb20px||20px||true|\u00bb custom_padding=\u00bb8px||8px||true\u00bb][\/et_pb_audio][et_pb_audio audio=\u00bbhttps:\/\/mariachiveracruz.es\/wp-content\/uploads\/2020\/03\/alejandro-fernandez-como-quien-pierde-una-estrella-con-letra-1.mp3&#8243; title=\u00bbComo quien pierde una estrella\u00bb _builder_version=\u00bb4.3.4&#8243; title_font=\u00bbRoboto|700||on|||||\u00bb title_text_align=\u00bbleft\u00bb title_text_color=\u00bb#000000&#8243; title_font_size=\u00bb13px\u00bb title_letter_spacing=\u00bb2px\u00bb caption_font=\u00bb||||||||\u00bb caption_text_align=\u00bbleft\u00bb background_color=\u00bbrgba(0,0,0,0)\u00bb background_layout=\u00bblight\u00bb max_width=\u00bb1080px\u00bb max_width_tablet=\u00bb\u00bb max_width_phone=\u00bb\u00bb max_width_last_edited=\u00bbon|desktop\u00bb custom_margin=\u00bb20px||20px||true|\u00bb custom_padding=\u00bb8px||8px||true\u00bb][\/et_pb_audio][et_pb_audio audio=\u00bbhttps:\/\/mariachiveracruz.es\/wp-content\/uploads\/2020\/03\/pedro-infante-cien-anos-1.mp3&#8243; title=\u00bbcien a\u00f1os\u00bb _builder_version=\u00bb4.3.4&#8243; title_font=\u00bbRoboto|700||on|||||\u00bb title_text_align=\u00bbleft\u00bb title_text_color=\u00bb#000000&#8243; title_font_size=\u00bb13px\u00bb title_letter_spacing=\u00bb2px\u00bb caption_font=\u00bb||||||||\u00bb caption_text_align=\u00bbleft\u00bb background_color=\u00bbrgba(0,0,0,0)\u00bb background_layout=\u00bblight\u00bb max_width=\u00bb1080px\u00bb max_width_tablet=\u00bb\u00bb max_width_phone=\u00bb\u00bb max_width_last_edited=\u00bbon|desktop\u00bb custom_margin=\u00bb20px||20px||true|\u00bb custom_padding=\u00bb8px||8px||true\u00bb][\/et_pb_audio][et_pb_audio audio=\u00bbhttps:\/\/mariachiveracruz.es\/wp-content\/uploads\/2020\/03\/pedro-infante-te-vengo-a-buscar-1.mp3&#8243; title=\u00bbte vengo a buscar\u00bb _builder_version=\u00bb4.3.4&#8243; title_font=\u00bbRoboto|700||on|||||\u00bb title_text_align=\u00bbleft\u00bb title_text_color=\u00bb#000000&#8243; title_font_size=\u00bb13px\u00bb title_letter_spacing=\u00bb2px\u00bb caption_font=\u00bb||||||||\u00bb caption_text_align=\u00bbleft\u00bb background_color=\u00bbrgba(0,0,0,0)\u00bb background_layout=\u00bblight\u00bb max_width=\u00bb1080px\u00bb max_width_tablet=\u00bb\u00bb max_width_phone=\u00bb\u00bb max_width_last_edited=\u00bbon|desktop\u00bb custom_margin=\u00bb20px||20px||true|\u00bb custom_padding=\u00bb8px||8px||true\u00bb][\/et_pb_audio][et_pb_audio audio=\u00bbhttps:\/\/mariachiveracruz.es\/wp-content\/uploads\/2020\/03\/te-amare-toda-la-vida-1.mp3&#8243; title=\u00bbTE AMAR\u00c9 TODA LA VIDA\u00bb _builder_version=\u00bb4.3.4&#8243; title_font=\u00bbRoboto|700||on|||||\u00bb title_text_align=\u00bbleft\u00bb title_text_color=\u00bb#000000&#8243; title_font_size=\u00bb13px\u00bb title_letter_spacing=\u00bb2px\u00bb caption_font=\u00bb||||||||\u00bb caption_text_align=\u00bbleft\u00bb background_color=\u00bbrgba(0,0,0,0)\u00bb background_layout=\u00bblight\u00bb max_width=\u00bb1080px\u00bb max_width_tablet=\u00bb\u00bb max_width_phone=\u00bb\u00bb max_width_last_edited=\u00bbon|desktop\u00bb custom_margin=\u00bb20px||20px||true|\u00bb custom_padding=\u00bb8px||8px||true\u00bb][\/et_pb_audio][et_pb_audio audio=\u00bbhttps:\/\/mariachiveracruz.es\/wp-content\/uploads\/2020\/03\/te-lo-pido-por-favor-juan-gabriel-letra-1.mp3&#8243; title=\u00bbTE LO PIDO POR FAVOR\u00bb _builder_version=\u00bb4.3.4&#8243; title_font=\u00bbRoboto|700||on|||||\u00bb title_text_align=\u00bbleft\u00bb title_text_color=\u00bb#000000&#8243; title_font_size=\u00bb13px\u00bb title_letter_spacing=\u00bb2px\u00bb caption_font=\u00bb||||||||\u00bb caption_text_align=\u00bbleft\u00bb background_color=\u00bbrgba(0,0,0,0)\u00bb background_layout=\u00bblight\u00bb max_width=\u00bb1080px\u00bb max_width_tablet=\u00bb\u00bb max_width_phone=\u00bb\u00bb max_width_last_edited=\u00bbon|desktop\u00bb custom_margin=\u00bb20px||20px||true|\u00bb custom_padding=\u00bb8px||8px||true\u00bb][\/et_pb_audio][et_pb_audio audio=\u00bbhttp:\/\/ishtiaq.sandbox.etdevs.com\/divi\/wp-content\/uploads\/sites\/2\/2019\/07\/podcast-audio.m4a\u00bb title=\u00bbESCLAVO Y AMO\u00bb _builder_version=\u00bb4.3.4&#8243; title_font=\u00bbRoboto|700||on|||||\u00bb title_text_align=\u00bbleft\u00bb title_text_color=\u00bb#000000&#8243; title_font_size=\u00bb13px\u00bb title_letter_spacing=\u00bb2px\u00bb caption_font=\u00bb||||||||\u00bb caption_text_align=\u00bbleft\u00bb background_color=\u00bbrgba(0,0,0,0)\u00bb background_layout=\u00bblight\u00bb max_width=\u00bb1080px\u00bb max_width_tablet=\u00bb\u00bb max_width_phone=\u00bb\u00bb max_width_last_edited=\u00bbon|desktop\u00bb custom_margin=\u00bb20px||20px||true|\u00bb custom_padding=\u00bb8px||8px||true\u00bb][\/et_pb_audio][\/et_pb_column][\/et_pb_row][et_pb_row column_structure=\u00bb1_2,1_2&#8243; _builder_version=\u00bb4.3.4&#8243; custom_padding=\u00bb||75px|||\u00bb][et_pb_column type=\u00bb1_2&#8243; _builder_version=\u00bb4.3.4&#8243; custom_padding=\u00bb||35px||false|false\u00bb box_shadow_style=\u00bbpreset1&#8243;][et_pb_text _builder_version=\u00bb4.4.2&#8243; text_font=\u00bb||||||||\u00bb header_font=\u00bb||||||||\u00bb header_2_font=\u00bbCinzel|700||on|||||\u00bb header_2_font_size=\u00bb22px\u00bb header_2_letter_spacing=\u00bb4px\u00bb header_2_line_height=\u00bb1.4em\u00bb use_background_color_gradient=\u00bbon\u00bb background_color_gradient_start=\u00bb#e02b20&#8243; background_color_gradient_end=\u00bb#7f2911&#8243; background_color_gradient_direction=\u00bb145deg\u00bb text_orientation=\u00bbcenter\u00bb background_layout=\u00bbdark\u00bb custom_padding=\u00bb48px|20px|36px|20px|false|true\u00bb custom_padding_tablet=\u00bb\u00bb custom_padding_phone=\u00bb24px||24px||true\u00bb custom_padding_last_edited=\u00bbon|desktop\u00bb header_2_font_size_tablet=\u00bb\u00bb header_2_font_size_phone=\u00bb16px\u00bb header_2_font_size_last_edited=\u00bbon|desktop\u00bb locked=\u00bboff\u00bb]<\/p>\n<h2>canciones para quincea\u00f1eras<\/h2>\n<p>[\/et_pb_text][et_pb_audio audio=\u00bbhttps:\/\/mariachiveracruz.es\/wp-content\/uploads\/2020\/03\/es-mi-nina-bonita-vicente-fernandez-1.mp3&#8243; title=\u00bbes mi ni\u00f1a bonita\u00bb _builder_version=\u00bb4.3.4&#8243; title_font=\u00bbRoboto|700||on|||||\u00bb title_text_align=\u00bbleft\u00bb title_text_color=\u00bb#000000&#8243; title_font_size=\u00bb13px\u00bb title_letter_spacing=\u00bb2px\u00bb caption_font=\u00bb||||||||\u00bb caption_text_align=\u00bbleft\u00bb background_color=\u00bbrgba(0,0,0,0)\u00bb background_layout=\u00bblight\u00bb max_width=\u00bb1080px\u00bb max_width_tablet=\u00bb\u00bb max_width_phone=\u00bb\u00bb max_width_last_edited=\u00bbon|desktop\u00bb custom_margin=\u00bb20px||20px||true|\u00bb custom_padding=\u00bb8px||8px||true\u00bb][\/et_pb_audio][et_pb_audio audio=\u00bbhttps:\/\/mariachiveracruz.es\/wp-content\/uploads\/2020\/03\/serenata-15-primaveras-1.mp3&#8243; title=\u00bb15 PRIMAVERAS\u00bb _builder_version=\u00bb4.3.4&#8243; title_font=\u00bbRoboto|700||on|||||\u00bb title_text_align=\u00bbleft\u00bb title_text_color=\u00bb#000000&#8243; title_font_size=\u00bb13px\u00bb title_letter_spacing=\u00bb2px\u00bb caption_font=\u00bb||||||||\u00bb caption_text_align=\u00bbleft\u00bb background_color=\u00bbrgba(0,0,0,0)\u00bb background_layout=\u00bblight\u00bb max_width=\u00bb1080px\u00bb max_width_tablet=\u00bb\u00bb max_width_phone=\u00bb\u00bb max_width_last_edited=\u00bbon|desktop\u00bb custom_margin=\u00bb20px||20px||true|\u00bb custom_padding=\u00bb8px||8px||true\u00bb][\/et_pb_audio][et_pb_audio audio=\u00bbhttps:\/\/mariachiveracruz.es\/wp-content\/uploads\/2020\/03\/garzon-y-collazos-ojala-no-crecieras-1.mp3&#8243; title=\u00bbojal\u00e1 no crecieras\u00bb _builder_version=\u00bb4.3.4&#8243; title_font=\u00bbRoboto|700||on|||||\u00bb title_text_align=\u00bbleft\u00bb title_text_color=\u00bb#000000&#8243; title_font_size=\u00bb13px\u00bb title_letter_spacing=\u00bb2px\u00bb caption_font=\u00bb||||||||\u00bb caption_text_align=\u00bbleft\u00bb background_color=\u00bbrgba(0,0,0,0)\u00bb background_layout=\u00bblight\u00bb max_width=\u00bb1080px\u00bb max_width_tablet=\u00bb\u00bb max_width_phone=\u00bb\u00bb max_width_last_edited=\u00bbon|desktop\u00bb custom_margin=\u00bb20px||20px||true|\u00bb custom_padding=\u00bb8px||8px||true\u00bb][\/et_pb_audio][et_pb_audio audio=\u00bbhttps:\/\/mariachiveracruz.es\/wp-content\/uploads\/2020\/03\/cuando-los-anos-pasen-vicente-fernandez-1.mp3&#8243; title=\u00bbcuando los a\u00f1os pasen\u00bb _builder_version=\u00bb4.3.4&#8243; title_font=\u00bbRoboto|700||on|||||\u00bb title_text_align=\u00bbleft\u00bb title_text_color=\u00bb#000000&#8243; title_font_size=\u00bb13px\u00bb title_letter_spacing=\u00bb2px\u00bb caption_font=\u00bb||||||||\u00bb caption_text_align=\u00bbleft\u00bb background_color=\u00bbrgba(0,0,0,0)\u00bb background_layout=\u00bblight\u00bb max_width=\u00bb1080px\u00bb max_width_tablet=\u00bb\u00bb max_width_phone=\u00bb\u00bb max_width_last_edited=\u00bbon|desktop\u00bb custom_margin=\u00bb20px||20px||true|\u00bb custom_padding=\u00bb8px||8px||true\u00bb][\/et_pb_audio][\/et_pb_column][et_pb_column type=\u00bb1_2&#8243; _builder_version=\u00bb4.3.4&#8243; custom_padding=\u00bb||35px||false|false\u00bb box_shadow_style=\u00bbpreset1&#8243;][et_pb_text _builder_version=\u00bb4.4.2&#8243; text_font=\u00bb||||||||\u00bb header_font=\u00bb||||||||\u00bb header_2_font=\u00bbCinzel|700||on|||||\u00bb header_2_font_size=\u00bb22px\u00bb header_2_letter_spacing=\u00bb4px\u00bb header_2_line_height=\u00bb1.4em\u00bb use_background_color_gradient=\u00bbon\u00bb background_color_gradient_start=\u00bb#e02b20&#8243; background_color_gradient_end=\u00bb#7f2911&#8243; background_color_gradient_direction=\u00bb145deg\u00bb text_orientation=\u00bbcenter\u00bb background_layout=\u00bbdark\u00bb custom_padding=\u00bb48px|20px|36px|20px|false|true\u00bb custom_padding_tablet=\u00bb\u00bb custom_padding_phone=\u00bb24px||24px||true\u00bb custom_padding_last_edited=\u00bbon|desktop\u00bb header_2_font_size_tablet=\u00bb\u00bb header_2_font_size_phone=\u00bb16px\u00bb header_2_font_size_last_edited=\u00bbon|desktop\u00bb locked=\u00bboff\u00bb]<\/p>\n<h2>CANCIONES PARA<br \/> FUNERALES<\/h2>\n<p>[\/et_pb_text][et_pb_audio audio=\u00bbhttps:\/\/mariachiveracruz.es\/wp-content\/uploads\/2020\/03\/adios-a-un-amigo-2.mp3&#8243; title=\u00bbadi\u00f3s a un amigo\u00bb _builder_version=\u00bb4.3.4&#8243; title_font=\u00bbRoboto|700||on|||||\u00bb title_text_align=\u00bbleft\u00bb title_text_color=\u00bb#000000&#8243; title_font_size=\u00bb13px\u00bb title_letter_spacing=\u00bb2px\u00bb caption_font=\u00bb||||||||\u00bb caption_text_align=\u00bbleft\u00bb background_color=\u00bbrgba(0,0,0,0)\u00bb background_layout=\u00bblight\u00bb max_width=\u00bb1080px\u00bb max_width_tablet=\u00bb\u00bb max_width_phone=\u00bb\u00bb max_width_last_edited=\u00bbon|desktop\u00bb custom_margin=\u00bb20px||20px||true|\u00bb custom_padding=\u00bb8px||8px||true\u00bb][\/et_pb_audio][et_pb_audio audio=\u00bbhttps:\/\/mariachiveracruz.es\/wp-content\/uploads\/2020\/03\/antonio-aguilar-nadie-es-eterno-en-el-mundo-1.mp3&#8243; title=\u00bbnadie es eterno\u00bb _builder_version=\u00bb4.3.4&#8243; title_font=\u00bbRoboto|700||on|||||\u00bb title_text_align=\u00bbleft\u00bb title_text_color=\u00bb#000000&#8243; title_font_size=\u00bb13px\u00bb title_letter_spacing=\u00bb2px\u00bb caption_font=\u00bb||||||||\u00bb caption_text_align=\u00bbleft\u00bb background_color=\u00bbrgba(0,0,0,0)\u00bb background_layout=\u00bblight\u00bb max_width=\u00bb1080px\u00bb max_width_tablet=\u00bb\u00bb max_width_phone=\u00bb\u00bb max_width_last_edited=\u00bbon|desktop\u00bb custom_margin=\u00bb20px||20px||true|\u00bb custom_padding=\u00bb8px||8px||true\u00bb][\/et_pb_audio][et_pb_audio audio=\u00bbhttps:\/\/mariachiveracruz.es\/wp-content\/uploads\/2020\/03\/cruz-de-palo-antonio-aguilar-1.mp3&#8243; title=\u00bbcruz de palo\u00bb _builder_version=\u00bb4.3.4&#8243; title_font=\u00bbRoboto|700||on|||||\u00bb title_text_align=\u00bbleft\u00bb title_text_color=\u00bb#000000&#8243; title_font_size=\u00bb13px\u00bb title_letter_spacing=\u00bb2px\u00bb caption_font=\u00bb||||||||\u00bb caption_text_align=\u00bbleft\u00bb background_color=\u00bbrgba(0,0,0,0)\u00bb background_layout=\u00bblight\u00bb max_width=\u00bb1080px\u00bb max_width_tablet=\u00bb\u00bb max_width_phone=\u00bb\u00bb max_width_last_edited=\u00bbon|desktop\u00bb custom_margin=\u00bb20px||20px||true|\u00bb custom_padding=\u00bb8px||8px||true\u00bb][\/et_pb_audio][et_pb_audio audio=\u00bbhttps:\/\/mariachiveracruz.es\/wp-content\/uploads\/2020\/03\/con-la-tierra-encima-el-charrito-negro-1-1.mp3&#8243; title=\u00bbcon la tierra encima\u00bb _builder_version=\u00bb4.3.4&#8243; title_font=\u00bbRoboto|700||on|||||\u00bb title_text_align=\u00bbleft\u00bb title_text_color=\u00bb#000000&#8243; title_font_size=\u00bb13px\u00bb title_letter_spacing=\u00bb2px\u00bb caption_font=\u00bb||||||||\u00bb caption_text_align=\u00bbleft\u00bb background_color=\u00bbrgba(0,0,0,0)\u00bb background_layout=\u00bblight\u00bb max_width=\u00bb1080px\u00bb max_width_tablet=\u00bb\u00bb max_width_phone=\u00bb\u00bb max_width_last_edited=\u00bbon|desktop\u00bb custom_margin=\u00bb20px||20px||true|\u00bb custom_padding=\u00bb8px||8px||true\u00bb][\/et_pb_audio][\/et_pb_column][\/et_pb_row][\/et_pb_section][et_pb_section fb_built=\u00bb1&#8243; disabled_on=\u00bboff|on|on\u00bb admin_label=\u00bbFeatured Places\u00bb _builder_version=\u00bb4.3.4&#8243; use_background_color_gradient=\u00bbon\u00bb background_color_gradient_start=\u00bb#ffffff\u00bb background_color_gradient_end=\u00bb#e8eefc\u00bb custom_padding=\u00bb100px|0px|100px|0px\u00bb][et_pb_row _builder_version=\u00bb3.25&#8243; custom_margin=\u00bb|auto|35px|auto||\u00bb custom_padding=\u00bb||0px|||\u00bb][et_pb_column type=\u00bb4_4&#8243; _builder_version=\u00bb3.25&#8243; custom_padding=\u00bb|||\u00bb custom_padding__hover=\u00bb|||\u00bb][et_pb_text _builder_version=\u00bb4.3.4&#8243; text_font=\u00bbLato||||||||\u00bb text_text_color=\u00bb#898f99&#8243; text_font_size=\u00bb18px\u00bb text_line_height=\u00bb1.8em\u00bb header_font=\u00bb||||||||\u00bb header_2_font=\u00bbLato|700|||||||\u00bb header_2_font_size=\u00bb43px\u00bb header_2_line_height=\u00bb1.2em\u00bb header_3_font=\u00bb||||||||\u00bb text_orientation=\u00bbcenter\u00bb max_width=\u00bb800px\u00bb module_alignment=\u00bbcenter\u00bb]<\/p>\n<h2>\u00a1Elige t\u00fa mismo el repertorio!<\/h2>\n<p>Tenemos cientos de canciones para todo tipo de situaciones y eventos. Echa un vistazo a nuestro <span style=\"text-decoration: underline;\">repertorio completo<\/span> y elige tu mismo las canciones para tu evento.<\/p>\n<p>[\/et_pb_text][\/et_pb_column][\/et_pb_row][et_pb_row _builder_version=\u00bb4.3.4&#8243;][et_pb_column type=\u00bb4_4&#8243; _builder_version=\u00bb4.3.4&#8243;][et_pb_text _builder_version=\u00bb4.4.2&#8243; text_font=\u00bb||||||||\u00bb header_font=\u00bb||||||||\u00bb header_2_font=\u00bbCinzel|700||on|||||\u00bb header_2_font_size=\u00bb22px\u00bb header_2_letter_spacing=\u00bb4px\u00bb header_2_line_height=\u00bb1.4em\u00bb use_background_color_gradient=\u00bbon\u00bb background_color_gradient_start=\u00bb#e02b20&#8243; background_color_gradient_end=\u00bb#7f2911&#8243; background_color_gradient_direction=\u00bb145deg\u00bb text_orientation=\u00bbcenter\u00bb background_layout=\u00bbdark\u00bb custom_padding=\u00bb48px|20px|36px|20px|false|true\u00bb custom_padding_tablet=\u00bb\u00bb custom_padding_phone=\u00bb27px||21px||false|false\u00bb custom_padding_last_edited=\u00bbon|desktop\u00bb header_2_font_size_tablet=\u00bb\u00bb header_2_font_size_phone=\u00bb17px\u00bb header_2_font_size_last_edited=\u00bbon|desktop\u00bb locked=\u00bboff\u00bb]<\/p>\n<h2>m\u00e1s populares para cumplea\u00f1os<\/h2>\n<p>[\/et_pb_text][\/et_pb_column][\/et_pb_row][et_pb_row _builder_version=\u00bb4.3.4&#8243; custom_margin=\u00bb-29px||||false|false\u00bb box_shadow_style=\u00bbpreset1&#8243;][et_pb_column type=\u00bb4_4&#8243; _builder_version=\u00bb4.3.4&#8243;][et_pb_audio audio=\u00bbhttps:\/\/mariachiveracruz.es\/wp-content\/uploads\/2020\/03\/las-mananitas-vicente-fernandez-1.mp3&#8243; title=\u00bbLAS MA\u00d1ANITAS\u00bb _builder_version=\u00bb4.3.4&#8243; title_font=\u00bbRoboto|700||on|||||\u00bb title_text_align=\u00bbleft\u00bb title_text_color=\u00bb#000000&#8243; title_font_size=\u00bb13px\u00bb title_letter_spacing=\u00bb2px\u00bb caption_font=\u00bb||||||||\u00bb caption_text_align=\u00bbleft\u00bb background_color=\u00bbrgba(0,0,0,0)\u00bb background_layout=\u00bblight\u00bb max_width=\u00bb1080px\u00bb max_width_tablet=\u00bb\u00bb max_width_phone=\u00bb\u00bb max_width_last_edited=\u00bbon|desktop\u00bb custom_margin=\u00bb20px||20px||true|\u00bb custom_padding=\u00bb8px||8px||true\u00bb][\/et_pb_audio][et_pb_audio audio=\u00bbhttps:\/\/mariachiveracruz.es\/wp-content\/uploads\/2020\/03\/feliz-cumpleanos-d-chente-1.mp3&#8243; title=\u00bbFELIZ CUMPLEA\u00d1OS\u00bb _builder_version=\u00bb4.3.4&#8243; title_font=\u00bbRoboto|700||on|||||\u00bb title_text_align=\u00bbleft\u00bb title_text_color=\u00bb#000000&#8243; title_font_size=\u00bb13px\u00bb title_letter_spacing=\u00bb2px\u00bb caption_font=\u00bb||||||||\u00bb caption_text_align=\u00bbleft\u00bb background_color=\u00bbrgba(0,0,0,0)\u00bb background_layout=\u00bblight\u00bb max_width=\u00bb1080px\u00bb max_width_tablet=\u00bb\u00bb max_width_phone=\u00bb\u00bb max_width_last_edited=\u00bbon|desktop\u00bb custom_margin=\u00bb20px||20px||true|\u00bb custom_padding=\u00bb8px||8px||true\u00bb][\/et_pb_audio][et_pb_audio audio=\u00bbhttps:\/\/mariachiveracruz.es\/wp-content\/uploads\/2020\/03\/pedro-infante-en-tu-dia-1.mp3&#8243; title=\u00bbEN TU D\u00cdA\u00bb _builder_version=\u00bb4.3.4&#8243; title_font=\u00bbRoboto|700||on|||||\u00bb title_text_align=\u00bbleft\u00bb title_text_color=\u00bb#000000&#8243; title_font_size=\u00bb13px\u00bb title_letter_spacing=\u00bb2px\u00bb caption_font=\u00bb||||||||\u00bb caption_text_align=\u00bbleft\u00bb background_color=\u00bbrgba(0,0,0,0)\u00bb background_layout=\u00bblight\u00bb max_width=\u00bb1080px\u00bb max_width_tablet=\u00bb\u00bb max_width_phone=\u00bb\u00bb max_width_last_edited=\u00bbon|desktop\u00bb custom_margin=\u00bb20px||20px||true|\u00bb custom_padding=\u00bb8px||8px||true\u00bb][\/et_pb_audio][et_pb_audio audio=\u00bbhttps:\/\/mariachiveracruz.es\/wp-content\/uploads\/2020\/03\/juan-gabriel-te-recuerdo-dulcemente-ft-andres-calamaro-2.mp3&#8243; title=\u00bbTE RECUERDO DULCEMENTE\u00bb _builder_version=\u00bb4.3.4&#8243; title_font=\u00bbRoboto|700||on|||||\u00bb title_text_align=\u00bbleft\u00bb title_text_color=\u00bb#000000&#8243; title_font_size=\u00bb13px\u00bb title_letter_spacing=\u00bb2px\u00bb caption_font=\u00bb||||||||\u00bb caption_text_align=\u00bbleft\u00bb background_color=\u00bbrgba(0,0,0,0)\u00bb background_layout=\u00bblight\u00bb max_width=\u00bb1080px\u00bb max_width_tablet=\u00bb\u00bb max_width_phone=\u00bb\u00bb max_width_last_edited=\u00bbon|desktop\u00bb custom_margin=\u00bb20px||20px||true|\u00bb custom_padding=\u00bb8px||8px||true\u00bb][\/et_pb_audio][et_pb_audio audio=\u00bbhttps:\/\/mariachiveracruz.es\/wp-content\/uploads\/2020\/03\/dia-venturoso-antonio-aguilar-1.mp3&#8243; title=\u00bbD\u00cdA VENTUROSO\u00bb _builder_version=\u00bb4.3.4&#8243; title_font=\u00bbRoboto|700||on|||||\u00bb title_text_align=\u00bbleft\u00bb title_text_color=\u00bb#000000&#8243; title_font_size=\u00bb13px\u00bb title_letter_spacing=\u00bb2px\u00bb caption_font=\u00bb||||||||\u00bb caption_text_align=\u00bbleft\u00bb background_color=\u00bbrgba(0,0,0,0)\u00bb background_layout=\u00bblight\u00bb max_width=\u00bb1080px\u00bb max_width_tablet=\u00bb\u00bb max_width_phone=\u00bb\u00bb max_width_last_edited=\u00bbon|desktop\u00bb custom_margin=\u00bb20px||20px||true|\u00bb custom_padding=\u00bb8px||8px||true\u00bb][\/et_pb_audio][\/et_pb_column][\/et_pb_row][et_pb_row _builder_version=\u00bb4.3.4&#8243;][et_pb_column type=\u00bb4_4&#8243; _builder_version=\u00bb4.3.4&#8243;][et_pb_text _builder_version=\u00bb4.4.2&#8243; text_font=\u00bb||||||||\u00bb header_font=\u00bb||||||||\u00bb header_2_font=\u00bbCinzel|700||on|||||\u00bb header_2_font_size=\u00bb22px\u00bb header_2_letter_spacing=\u00bb4px\u00bb header_2_line_height=\u00bb1.4em\u00bb use_background_color_gradient=\u00bbon\u00bb background_color_gradient_start=\u00bb#e02b20&#8243; background_color_gradient_end=\u00bb#7f2911&#8243; background_color_gradient_direction=\u00bb145deg\u00bb text_orientation=\u00bbcenter\u00bb background_layout=\u00bbdark\u00bb custom_margin=\u00bb70px|||||\u00bb custom_padding=\u00bb48px|20px|36px|20px|false|true\u00bb custom_padding_tablet=\u00bb\u00bb custom_padding_phone=\u00bb27px||21px||false|false\u00bb custom_padding_last_edited=\u00bbon|desktop\u00bb header_2_font_size_tablet=\u00bb\u00bb header_2_font_size_phone=\u00bb17px\u00bb header_2_font_size_last_edited=\u00bbon|desktop\u00bb locked=\u00bboff\u00bb]<\/p>\n<h2>m\u00e1s populares para celebraciones<\/h2>\n<p>[\/et_pb_text][\/et_pb_column][\/et_pb_row][et_pb_row _builder_version=\u00bb4.3.4&#8243; custom_margin=\u00bb-29px||||false|false\u00bb box_shadow_style=\u00bbpreset1&#8243;][et_pb_column type=\u00bb4_4&#8243; _builder_version=\u00bb4.3.4&#8243;][et_pb_audio audio=\u00bbhttps:\/\/mariachiveracruz.es\/wp-content\/uploads\/2020\/03\/mariachi-loco-mariachi-mexicano-1.mp3&#8243; title=\u00bbEL MARIACHI LOCO\u00bb _builder_version=\u00bb4.3.4&#8243; title_font=\u00bbRoboto|700||on|||||\u00bb title_text_align=\u00bbleft\u00bb title_text_color=\u00bb#000000&#8243; title_font_size=\u00bb13px\u00bb title_letter_spacing=\u00bb2px\u00bb caption_font=\u00bb||||||||\u00bb caption_text_align=\u00bbleft\u00bb background_color=\u00bbrgba(0,0,0,0)\u00bb background_layout=\u00bblight\u00bb max_width=\u00bb1080px\u00bb max_width_tablet=\u00bb\u00bb max_width_phone=\u00bb\u00bb max_width_last_edited=\u00bbon|desktop\u00bb custom_margin=\u00bb20px||20px||true|\u00bb custom_padding=\u00bb8px||8px||true\u00bb][\/et_pb_audio][et_pb_audio audio=\u00bbhttps:\/\/mariachiveracruz.es\/wp-content\/uploads\/2020\/03\/mariachi-los-caballeros-la-bamba-1.mp3&#8243; title=\u00bbLA BAMBA\u00bb _builder_version=\u00bb4.3.4&#8243; title_font=\u00bbRoboto|700||on|||||\u00bb title_text_align=\u00bbleft\u00bb title_text_color=\u00bb#000000&#8243; title_font_size=\u00bb13px\u00bb title_letter_spacing=\u00bb2px\u00bb caption_font=\u00bb||||||||\u00bb caption_text_align=\u00bbleft\u00bb background_color=\u00bbrgba(0,0,0,0)\u00bb background_layout=\u00bblight\u00bb max_width=\u00bb1080px\u00bb max_width_tablet=\u00bb\u00bb max_width_phone=\u00bb\u00bb max_width_last_edited=\u00bbon|desktop\u00bb custom_margin=\u00bb20px||20px||true|\u00bb custom_padding=\u00bb8px||8px||true\u00bb][\/et_pb_audio][et_pb_audio audio=\u00bbhttps:\/\/mariachiveracruz.es\/wp-content\/uploads\/2020\/03\/mariachi-vargas-son-de-la-negra-1.mp3&#8243; title=\u00bbEL SON DE LA NEGRA\u00bb _builder_version=\u00bb4.3.4&#8243; title_font=\u00bbRoboto|700||on|||||\u00bb title_text_align=\u00bbleft\u00bb title_text_color=\u00bb#000000&#8243; title_font_size=\u00bb13px\u00bb title_letter_spacing=\u00bb2px\u00bb caption_font=\u00bb||||||||\u00bb caption_text_align=\u00bbleft\u00bb background_color=\u00bbrgba(0,0,0,0)\u00bb background_layout=\u00bblight\u00bb max_width=\u00bb1080px\u00bb max_width_tablet=\u00bb\u00bb max_width_phone=\u00bb\u00bb max_width_last_edited=\u00bbon|desktop\u00bb custom_margin=\u00bb20px||20px||true|\u00bb custom_padding=\u00bb8px||8px||true\u00bb][\/et_pb_audio][et_pb_audio audio=\u00bbhttps:\/\/mariachiveracruz.es\/wp-content\/uploads\/2020\/03\/sigo-siendo-el-rey-letra-y-cancion.mp3&#8243; title=\u00bbEL REY\u00bb _builder_version=\u00bb4.3.4&#8243; title_font=\u00bbRoboto|700||on|||||\u00bb title_text_align=\u00bbleft\u00bb title_text_color=\u00bb#000000&#8243; title_font_size=\u00bb13px\u00bb title_letter_spacing=\u00bb2px\u00bb caption_font=\u00bb||||||||\u00bb caption_text_align=\u00bbleft\u00bb background_color=\u00bbrgba(0,0,0,0)\u00bb background_layout=\u00bblight\u00bb max_width=\u00bb1080px\u00bb max_width_tablet=\u00bb\u00bb max_width_phone=\u00bb\u00bb max_width_last_edited=\u00bbon|desktop\u00bb custom_margin=\u00bb20px||20px||true|\u00bb custom_padding=\u00bb8px||8px||true\u00bb][\/et_pb_audio][et_pb_audio audio=\u00bbhttps:\/\/mariachiveracruz.es\/wp-content\/uploads\/2020\/03\/guadalajara-vicente-fernandez-1.mp3&#8243; title=\u00bbGUADALAJARA\u00bb _builder_version=\u00bb4.3.4&#8243; title_font=\u00bbRoboto|700||on|||||\u00bb title_text_align=\u00bbleft\u00bb title_text_color=\u00bb#000000&#8243; title_font_size=\u00bb13px\u00bb title_letter_spacing=\u00bb2px\u00bb caption_font=\u00bb||||||||\u00bb caption_text_align=\u00bbleft\u00bb background_color=\u00bbrgba(0,0,0,0)\u00bb background_layout=\u00bblight\u00bb max_width=\u00bb1080px\u00bb max_width_tablet=\u00bb\u00bb max_width_phone=\u00bb\u00bb max_width_last_edited=\u00bbon|desktop\u00bb custom_margin=\u00bb20px||20px||true|\u00bb custom_padding=\u00bb8px||8px||true\u00bb][\/et_pb_audio][\/et_pb_column][\/et_pb_row][et_pb_row _builder_version=\u00bb4.3.4&#8243;][et_pb_column type=\u00bb4_4&#8243; _builder_version=\u00bb4.3.4&#8243;][et_pb_text _builder_version=\u00bb4.4.2&#8243; text_font=\u00bb||||||||\u00bb header_font=\u00bb||||||||\u00bb header_2_font=\u00bbCinzel|700||on|||||\u00bb header_2_font_size=\u00bb22px\u00bb header_2_letter_spacing=\u00bb4px\u00bb header_2_line_height=\u00bb1.4em\u00bb use_background_color_gradient=\u00bbon\u00bb background_color_gradient_start=\u00bb#e02b20&#8243; background_color_gradient_end=\u00bb#7f2911&#8243; background_color_gradient_direction=\u00bb145deg\u00bb text_orientation=\u00bbcenter\u00bb background_layout=\u00bbdark\u00bb custom_margin=\u00bb70px|||||\u00bb custom_padding=\u00bb48px|20px|36px|20px|false|true\u00bb custom_padding_tablet=\u00bb\u00bb custom_padding_phone=\u00bb27px||21px||false|false\u00bb custom_padding_last_edited=\u00bbon|desktop\u00bb header_2_font_size_tablet=\u00bb\u00bb header_2_font_size_phone=\u00bb17px\u00bb header_2_font_size_last_edited=\u00bbon|desktop\u00bb locked=\u00bboff\u00bb]<\/p>\n<h2>m\u00e1s populares para MADRES<\/h2>\n<p>[\/et_pb_text][\/et_pb_column][\/et_pb_row][et_pb_row _builder_version=\u00bb4.3.4&#8243; custom_margin=\u00bb-29px||||false|false\u00bb box_shadow_style=\u00bbpreset1&#8243;][et_pb_column type=\u00bb4_4&#8243; _builder_version=\u00bb4.3.4&#8243;][et_pb_audio audio=\u00bbhttps:\/\/mariachiveracruz.es\/wp-content\/uploads\/2020\/03\/madrecita-del-alma-querida-mariachi-los-principes-oaxaca-1.mp3&#8243; title=\u00bbMADRECITA DEL ALMA QUERIDA\u00bb _builder_version=\u00bb4.3.4&#8243; title_font=\u00bbRoboto|700||on|||||\u00bb title_text_align=\u00bbleft\u00bb title_text_color=\u00bb#000000&#8243; title_font_size=\u00bb13px\u00bb title_letter_spacing=\u00bb2px\u00bb caption_font=\u00bb||||||||\u00bb caption_text_align=\u00bbleft\u00bb background_color=\u00bbrgba(0,0,0,0)\u00bb background_layout=\u00bblight\u00bb max_width=\u00bb1080px\u00bb max_width_tablet=\u00bb\u00bb max_width_phone=\u00bb\u00bb max_width_last_edited=\u00bbon|desktop\u00bb custom_margin=\u00bb20px||20px||true|\u00bb custom_padding=\u00bb8px||8px||true\u00bb][\/et_pb_audio][et_pb_audio audio=\u00bbhttps:\/\/mariachiveracruz.es\/wp-content\/uploads\/2020\/03\/madrecita-del-alma-querida-mariachi-los-principes-oaxaca-2.mp3&#8243; title=\u00bbMANTELITO BLANCO\u00bb _builder_version=\u00bb4.3.4&#8243; title_font=\u00bbRoboto|700||on|||||\u00bb title_text_align=\u00bbleft\u00bb title_text_color=\u00bb#000000&#8243; title_font_size=\u00bb13px\u00bb title_letter_spacing=\u00bb2px\u00bb caption_font=\u00bb||||||||\u00bb caption_text_align=\u00bbleft\u00bb background_color=\u00bbrgba(0,0,0,0)\u00bb background_layout=\u00bblight\u00bb max_width=\u00bb1080px\u00bb max_width_tablet=\u00bb\u00bb max_width_phone=\u00bb\u00bb max_width_last_edited=\u00bbon|desktop\u00bb custom_margin=\u00bb20px||20px||true|\u00bb custom_padding=\u00bb8px||8px||true\u00bb][\/et_pb_audio][et_pb_audio audio=\u00bbhttps:\/\/mariachiveracruz.es\/wp-content\/uploads\/2020\/03\/pedrito-fernandez-canto-a-la-madre-vinyl-1.mp3&#8243; title=\u00bbCANTO A LA MADRE\u00bb _builder_version=\u00bb4.3.4&#8243; title_font=\u00bbRoboto|700||on|||||\u00bb title_text_align=\u00bbleft\u00bb title_text_color=\u00bb#000000&#8243; title_font_size=\u00bb13px\u00bb title_letter_spacing=\u00bb2px\u00bb caption_font=\u00bb||||||||\u00bb caption_text_align=\u00bbleft\u00bb background_color=\u00bbrgba(0,0,0,0)\u00bb background_layout=\u00bblight\u00bb max_width=\u00bb1080px\u00bb max_width_tablet=\u00bb\u00bb max_width_phone=\u00bb\u00bb max_width_last_edited=\u00bbon|desktop\u00bb custom_margin=\u00bb20px||20px||true|\u00bb custom_padding=\u00bb8px||8px||true\u00bb][\/et_pb_audio][et_pb_audio audio=\u00bbhttps:\/\/mariachiveracruz.es\/wp-content\/uploads\/2020\/03\/mariachi-medellin-show-mama-1.mp3&#8243; title=\u00bbMAM\u00c1\u00bb _builder_version=\u00bb4.3.4&#8243; title_font=\u00bbRoboto|700||on|||||\u00bb title_text_align=\u00bbleft\u00bb title_text_color=\u00bb#000000&#8243; title_font_size=\u00bb13px\u00bb title_letter_spacing=\u00bb2px\u00bb caption_font=\u00bb||||||||\u00bb caption_text_align=\u00bbleft\u00bb background_color=\u00bbrgba(0,0,0,0)\u00bb background_layout=\u00bblight\u00bb max_width=\u00bb1080px\u00bb max_width_tablet=\u00bb\u00bb max_width_phone=\u00bb\u00bb max_width_last_edited=\u00bbon|desktop\u00bb custom_margin=\u00bb20px||20px||true|\u00bb custom_padding=\u00bb8px||8px||true\u00bb][\/et_pb_audio][et_pb_audio audio=\u00bbhttps:\/\/mariachiveracruz.es\/wp-content\/uploads\/2020\/03\/a-esa-mujer-mariachi-eli-contratalo-para-tus-mejores-eventos-al-telefono-8181353138-1.mp3&#8243; title=\u00bbA ESA MUJER\u00bb _builder_version=\u00bb4.3.4&#8243; title_font=\u00bbRoboto|700||on|||||\u00bb title_text_align=\u00bbleft\u00bb title_text_color=\u00bb#000000&#8243; title_font_size=\u00bb13px\u00bb title_letter_spacing=\u00bb2px\u00bb caption_font=\u00bb||||||||\u00bb caption_text_align=\u00bbleft\u00bb background_color=\u00bbrgba(0,0,0,0)\u00bb background_layout=\u00bblight\u00bb max_width=\u00bb1080px\u00bb max_width_tablet=\u00bb\u00bb max_width_phone=\u00bb\u00bb max_width_last_edited=\u00bbon|desktop\u00bb custom_margin=\u00bb20px||20px||true|\u00bb custom_padding=\u00bb8px||8px||true\u00bb][\/et_pb_audio][et_pb_audio audio=\u00bbhttps:\/\/mariachiveracruz.es\/wp-content\/uploads\/2020\/03\/clavelitos-tuna-1.mp3&#8243; title=\u00bbCLAVELITOS\u00bb _builder_version=\u00bb4.3.4&#8243; title_font=\u00bbRoboto|700||on|||||\u00bb title_text_align=\u00bbleft\u00bb title_text_color=\u00bb#000000&#8243; title_font_size=\u00bb13px\u00bb title_letter_spacing=\u00bb2px\u00bb caption_font=\u00bb||||||||\u00bb caption_text_align=\u00bbleft\u00bb background_color=\u00bbrgba(0,0,0,0)\u00bb background_layout=\u00bblight\u00bb max_width=\u00bb1080px\u00bb max_width_tablet=\u00bb\u00bb max_width_phone=\u00bb\u00bb max_width_last_edited=\u00bbon|desktop\u00bb custom_margin=\u00bb20px||20px||true|\u00bb custom_padding=\u00bb8px||8px||true\u00bb][\/et_pb_audio][et_pb_audio audio=\u00bbhttps:\/\/mariachiveracruz.es\/wp-content\/uploads\/2020\/03\/senora-senora-1.mp3&#8243; title=\u00bbSE\u00d1ORA SE\u00d1ORA\u00bb _builder_version=\u00bb4.3.4&#8243; title_font=\u00bbRoboto|700||on|||||\u00bb title_text_align=\u00bbleft\u00bb title_text_color=\u00bb#000000&#8243; title_font_size=\u00bb13px\u00bb title_letter_spacing=\u00bb2px\u00bb caption_font=\u00bb||||||||\u00bb caption_text_align=\u00bbleft\u00bb background_color=\u00bbrgba(0,0,0,0)\u00bb background_layout=\u00bblight\u00bb max_width=\u00bb1080px\u00bb max_width_tablet=\u00bb\u00bb max_width_phone=\u00bb\u00bb max_width_last_edited=\u00bbon|desktop\u00bb custom_margin=\u00bb20px||20px||true|\u00bb custom_padding=\u00bb8px||8px||true\u00bb][\/et_pb_audio][\/et_pb_column][\/et_pb_row][et_pb_row _builder_version=\u00bb4.3.4&#8243;][et_pb_column type=\u00bb4_4&#8243; _builder_version=\u00bb4.3.4&#8243;][et_pb_text _builder_version=\u00bb4.4.2&#8243; text_font=\u00bb||||||||\u00bb header_font=\u00bb||||||||\u00bb header_2_font=\u00bbCinzel|700||on|||||\u00bb header_2_font_size=\u00bb22px\u00bb header_2_letter_spacing=\u00bb4px\u00bb header_2_line_height=\u00bb1.4em\u00bb use_background_color_gradient=\u00bbon\u00bb background_color_gradient_start=\u00bb#e02b20&#8243; background_color_gradient_end=\u00bb#7f2911&#8243; background_color_gradient_direction=\u00bb145deg\u00bb text_orientation=\u00bbcenter\u00bb background_layout=\u00bbdark\u00bb custom_margin=\u00bb70px|||||\u00bb custom_padding=\u00bb48px|20px|36px|20px|false|true\u00bb custom_padding_tablet=\u00bb\u00bb custom_padding_phone=\u00bb27px||21px||false|false\u00bb custom_padding_last_edited=\u00bbon|desktop\u00bb header_2_font_size_tablet=\u00bb\u00bb header_2_font_size_phone=\u00bb17px\u00bb header_2_font_size_last_edited=\u00bbon|desktop\u00bb locked=\u00bboff\u00bb]<\/p>\n<h2>m\u00e1s populares para PADRES<\/h2>\n<p>[\/et_pb_text][\/et_pb_column][\/et_pb_row][et_pb_row _builder_version=\u00bb4.3.4&#8243; custom_margin=\u00bb-29px||||false|false\u00bb box_shadow_style=\u00bbpreset1&#8243;][et_pb_column type=\u00bb4_4&#8243; _builder_version=\u00bb4.3.4&#8243;][et_pb_audio audio=\u00bbhttps:\/\/mariachiveracruz.es\/wp-content\/uploads\/2020\/03\/mi-padre-es-el-mejor-gabriel-arriaga-1.mp3&#8243; title=\u00bbMI PADRE ES EL MEJOR\u00bb _builder_version=\u00bb4.3.4&#8243; title_font=\u00bbRoboto|700||on|||||\u00bb title_text_align=\u00bbleft\u00bb title_text_color=\u00bb#000000&#8243; title_font_size=\u00bb13px\u00bb title_letter_spacing=\u00bb2px\u00bb caption_font=\u00bb||||||||\u00bb caption_text_align=\u00bbleft\u00bb background_color=\u00bbrgba(0,0,0,0)\u00bb background_layout=\u00bblight\u00bb max_width=\u00bb1080px\u00bb max_width_tablet=\u00bb\u00bb max_width_phone=\u00bb\u00bb max_width_last_edited=\u00bbon|desktop\u00bb custom_margin=\u00bb20px||20px||true|\u00bb custom_padding=\u00bb8px||8px||true\u00bb][\/et_pb_audio][et_pb_audio audio=\u00bbhttps:\/\/mariachiveracruz.es\/wp-content\/uploads\/2020\/03\/sigo-siendo-el-rey-letra-y-cancion.mp3&#8243; title=\u00bbEL REY\u00bb _builder_version=\u00bb4.3.4&#8243; title_font=\u00bbRoboto|700||on|||||\u00bb title_text_align=\u00bbleft\u00bb title_text_color=\u00bb#000000&#8243; title_font_size=\u00bb13px\u00bb title_letter_spacing=\u00bb2px\u00bb caption_font=\u00bb||||||||\u00bb caption_text_align=\u00bbleft\u00bb background_color=\u00bbrgba(0,0,0,0)\u00bb background_layout=\u00bblight\u00bb max_width=\u00bb1080px\u00bb max_width_tablet=\u00bb\u00bb max_width_phone=\u00bb\u00bb max_width_last_edited=\u00bbon|desktop\u00bb custom_margin=\u00bb20px||20px||true|\u00bb custom_padding=\u00bb8px||8px||true\u00bb][\/et_pb_audio][et_pb_audio audio=\u00bbhttps:\/\/mariachiveracruz.es\/wp-content\/uploads\/2020\/03\/mi-viejo-por-mariachi-vercruz-1.mp3&#8243; title=\u00bbMI VIEJO\u00bb _builder_version=\u00bb4.3.4&#8243; title_font=\u00bbRoboto|700||on|||||\u00bb title_text_align=\u00bbleft\u00bb title_text_color=\u00bb#000000&#8243; title_font_size=\u00bb13px\u00bb title_letter_spacing=\u00bb2px\u00bb caption_font=\u00bb||||||||\u00bb caption_text_align=\u00bbleft\u00bb background_color=\u00bbrgba(0,0,0,0)\u00bb background_layout=\u00bblight\u00bb max_width=\u00bb1080px\u00bb max_width_tablet=\u00bb\u00bb max_width_phone=\u00bb\u00bb max_width_last_edited=\u00bbon|desktop\u00bb custom_margin=\u00bb20px||20px||true|\u00bb custom_padding=\u00bb8px||8px||true\u00bb][\/et_pb_audio][et_pb_audio audio=\u00bbhttps:\/\/mariachiveracruz.es\/wp-content\/uploads\/2020\/03\/mariachi-medellin-show-cuando-yo-queria-ser-grande-1.mp3&#8243; title=\u00bbCUANDO YO QUER\u00cdA SER GRANDE\u00bb _builder_version=\u00bb4.3.4&#8243; title_font=\u00bbRoboto|700||on|||||\u00bb title_text_align=\u00bbleft\u00bb title_text_color=\u00bb#000000&#8243; title_font_size=\u00bb13px\u00bb title_letter_spacing=\u00bb2px\u00bb caption_font=\u00bb||||||||\u00bb caption_text_align=\u00bbleft\u00bb background_color=\u00bbrgba(0,0,0,0)\u00bb background_layout=\u00bblight\u00bb max_width=\u00bb1080px\u00bb max_width_tablet=\u00bb\u00bb max_width_phone=\u00bb\u00bb max_width_last_edited=\u00bbon|desktop\u00bb custom_margin=\u00bb20px||20px||true|\u00bb custom_padding=\u00bb8px||8px||true\u00bb][\/et_pb_audio][et_pb_audio audio=\u00bbhttps:\/\/mariachiveracruz.es\/wp-content\/uploads\/2020\/03\/Amigo-Mariachi-192-kbps-1.mp3&#8243; title=\u00bbAMIGO\u00bb _builder_version=\u00bb4.3.4&#8243; title_font=\u00bbRoboto|700||on|||||\u00bb title_text_align=\u00bbleft\u00bb title_text_color=\u00bb#000000&#8243; title_font_size=\u00bb13px\u00bb title_letter_spacing=\u00bb2px\u00bb caption_font=\u00bb||||||||\u00bb caption_text_align=\u00bbleft\u00bb background_color=\u00bbrgba(0,0,0,0)\u00bb background_layout=\u00bblight\u00bb max_width=\u00bb1080px\u00bb max_width_tablet=\u00bb\u00bb max_width_phone=\u00bb\u00bb max_width_last_edited=\u00bbon|desktop\u00bb custom_margin=\u00bb20px||20px||true|\u00bb custom_padding=\u00bb8px||8px||true\u00bb][\/et_pb_audio][et_pb_audio audio=\u00bbhttps:\/\/mariachiveracruz.es\/wp-content\/uploads\/2020\/03\/jaime-landero-ese-senor-es-mi-padre-con-mariachi-version-estudio-1.mp3&#8243; title=\u00bbESE SE\u00d1OR ES MI PADRE\u00bb _builder_version=\u00bb4.3.4&#8243; title_font=\u00bbRoboto|700||on|||||\u00bb title_text_align=\u00bbleft\u00bb title_text_color=\u00bb#000000&#8243; title_font_size=\u00bb13px\u00bb title_letter_spacing=\u00bb2px\u00bb caption_font=\u00bb||||||||\u00bb caption_text_align=\u00bbleft\u00bb background_color=\u00bbrgba(0,0,0,0)\u00bb background_layout=\u00bblight\u00bb max_width=\u00bb1080px\u00bb max_width_tablet=\u00bb\u00bb max_width_phone=\u00bb\u00bb max_width_last_edited=\u00bbon|desktop\u00bb custom_margin=\u00bb20px||20px||true|\u00bb custom_padding=\u00bb8px||8px||true\u00bb][\/et_pb_audio][et_pb_audio audio=\u00bbhttps:\/\/mariachiveracruz.es\/wp-content\/uploads\/2020\/03\/el-ayudante-vicente-fernandez-full-audio-2.mp3&#8243; title=\u00bbEL AYUDANTE\u00bb _builder_version=\u00bb4.3.4&#8243; title_font=\u00bbRoboto|700||on|||||\u00bb title_text_align=\u00bbleft\u00bb title_text_color=\u00bb#000000&#8243; title_font_size=\u00bb13px\u00bb title_letter_spacing=\u00bb2px\u00bb caption_font=\u00bb||||||||\u00bb caption_text_align=\u00bbleft\u00bb background_color=\u00bbrgba(0,0,0,0)\u00bb background_layout=\u00bblight\u00bb max_width=\u00bb1080px\u00bb max_width_tablet=\u00bb\u00bb max_width_phone=\u00bb\u00bb max_width_last_edited=\u00bbon|desktop\u00bb custom_margin=\u00bb20px||20px||true|\u00bb custom_padding=\u00bb8px||8px||true\u00bb][\/et_pb_audio][\/et_pb_column][\/et_pb_row][et_pb_row _builder_version=\u00bb4.3.4&#8243;][et_pb_column type=\u00bb4_4&#8243; _builder_version=\u00bb4.3.4&#8243;][et_pb_text _builder_version=\u00bb4.4.2&#8243; text_font=\u00bb||||||||\u00bb header_font=\u00bb||||||||\u00bb header_2_font=\u00bbCinzel|700||on|||||\u00bb header_2_font_size=\u00bb22px\u00bb header_2_letter_spacing=\u00bb4px\u00bb header_2_line_height=\u00bb1.4em\u00bb use_background_color_gradient=\u00bbon\u00bb background_color_gradient_start=\u00bb#e02b20&#8243; background_color_gradient_end=\u00bb#7f2911&#8243; background_color_gradient_direction=\u00bb145deg\u00bb text_orientation=\u00bbcenter\u00bb background_layout=\u00bbdark\u00bb custom_margin=\u00bb70px|||||\u00bb custom_padding=\u00bb48px|20px|36px|20px|false|true\u00bb custom_padding_tablet=\u00bb\u00bb custom_padding_phone=\u00bb27px||21px||false|false\u00bb custom_padding_last_edited=\u00bbon|desktop\u00bb header_2_font_size_tablet=\u00bb\u00bb header_2_font_size_phone=\u00bb17px\u00bb header_2_font_size_last_edited=\u00bbon|desktop\u00bb locked=\u00bboff\u00bb]<\/p>\n<h2>m\u00e1s populares para PAREJAS<\/h2>\n<p>[\/et_pb_text][\/et_pb_column][\/et_pb_row][et_pb_row _builder_version=\u00bb4.3.4&#8243; custom_margin=\u00bb-29px||||false|false\u00bb box_shadow_style=\u00bbpreset1&#8243;][et_pb_column type=\u00bb4_4&#8243; _builder_version=\u00bb4.3.4&#8243;][et_pb_audio audio=\u00bbhttps:\/\/mariachiveracruz.es\/wp-content\/uploads\/2020\/03\/si-nos-dejan-luis-miguel-1.mp3&#8243; title=\u00bbSI NOS DEJAN\u00bb _builder_version=\u00bb4.3.4&#8243; title_font=\u00bbRoboto|700||on|||||\u00bb title_text_align=\u00bbleft\u00bb title_text_color=\u00bb#000000&#8243; title_font_size=\u00bb13px\u00bb title_letter_spacing=\u00bb2px\u00bb caption_font=\u00bb||||||||\u00bb caption_text_align=\u00bbleft\u00bb background_color=\u00bbrgba(0,0,0,0)\u00bb background_layout=\u00bblight\u00bb max_width=\u00bb1080px\u00bb max_width_tablet=\u00bb\u00bb max_width_phone=\u00bb\u00bb max_width_last_edited=\u00bbon|desktop\u00bb custom_margin=\u00bb20px||20px||true|\u00bb custom_padding=\u00bb8px||8px||true\u00bb][\/et_pb_audio][et_pb_audio audio=\u00bbhttps:\/\/mariachiveracruz.es\/wp-content\/uploads\/2020\/03\/alma-corazon-y-vida-1.mp3&#8243; title=\u00bbALMA, CORAZ\u00d3N Y VIDA\u00bb _builder_version=\u00bb4.3.4&#8243; title_font=\u00bbRoboto|700||on|||||\u00bb title_text_align=\u00bbleft\u00bb title_text_color=\u00bb#000000&#8243; title_font_size=\u00bb13px\u00bb title_letter_spacing=\u00bb2px\u00bb caption_font=\u00bb||||||||\u00bb caption_text_align=\u00bbleft\u00bb background_color=\u00bbrgba(0,0,0,0)\u00bb background_layout=\u00bblight\u00bb max_width=\u00bb1080px\u00bb max_width_tablet=\u00bb\u00bb max_width_phone=\u00bb\u00bb max_width_last_edited=\u00bbon|desktop\u00bb custom_margin=\u00bb20px||20px||true|\u00bb custom_padding=\u00bb8px||8px||true\u00bb][\/et_pb_audio][et_pb_audio audio=\u00bbhttps:\/\/mariachiveracruz.es\/wp-content\/uploads\/2020\/03\/los-panchos-contigo-aprendi-1.mp3&#8243; title=\u00bbCONTIGO APREND\u00cd\u00bb _builder_version=\u00bb4.3.4&#8243; title_font=\u00bbRoboto|700||on|||||\u00bb title_text_align=\u00bbleft\u00bb title_text_color=\u00bb#000000&#8243; title_font_size=\u00bb13px\u00bb title_letter_spacing=\u00bb2px\u00bb caption_font=\u00bb||||||||\u00bb caption_text_align=\u00bbleft\u00bb background_color=\u00bbrgba(0,0,0,0)\u00bb background_layout=\u00bblight\u00bb max_width=\u00bb1080px\u00bb max_width_tablet=\u00bb\u00bb max_width_phone=\u00bb\u00bb max_width_last_edited=\u00bbon|desktop\u00bb custom_margin=\u00bb20px||20px||true|\u00bb custom_padding=\u00bb8px||8px||true\u00bb][\/et_pb_audio][et_pb_audio audio=\u00bbhttps:\/\/mariachiveracruz.es\/wp-content\/uploads\/2020\/03\/te-quiero-te-quiero-nino-bravo-con-letra-1.mp3&#8243; title=\u00bbTE QUIERO, TE QUIERO\u00bb _builder_version=\u00bb4.3.4&#8243; title_font=\u00bbRoboto|700||on|||||\u00bb title_text_align=\u00bbleft\u00bb title_text_color=\u00bb#000000&#8243; title_font_size=\u00bb13px\u00bb title_letter_spacing=\u00bb2px\u00bb caption_font=\u00bb||||||||\u00bb caption_text_align=\u00bbleft\u00bb background_color=\u00bbrgba(0,0,0,0)\u00bb background_layout=\u00bblight\u00bb max_width=\u00bb1080px\u00bb max_width_tablet=\u00bb\u00bb max_width_phone=\u00bb\u00bb max_width_last_edited=\u00bbon|desktop\u00bb custom_margin=\u00bb20px||20px||true|\u00bb custom_padding=\u00bb8px||8px||true\u00bb][\/et_pb_audio][et_pb_audio audio=\u00bbhttps:\/\/mariachiveracruz.es\/wp-content\/uploads\/2020\/03\/somos-novios-luis-miguel-1.mp3&#8243; title=\u00bbSOMOS NOVIOS\u00bb _builder_version=\u00bb4.3.4&#8243; title_font=\u00bbRoboto|700||on|||||\u00bb title_text_align=\u00bbleft\u00bb title_text_color=\u00bb#000000&#8243; title_font_size=\u00bb13px\u00bb title_letter_spacing=\u00bb2px\u00bb caption_font=\u00bb||||||||\u00bb caption_text_align=\u00bbleft\u00bb background_color=\u00bbrgba(0,0,0,0)\u00bb background_layout=\u00bblight\u00bb max_width=\u00bb1080px\u00bb max_width_tablet=\u00bb\u00bb max_width_phone=\u00bb\u00bb max_width_last_edited=\u00bbon|desktop\u00bb custom_margin=\u00bb20px||20px||true|\u00bb custom_padding=\u00bb8px||8px||true\u00bb][\/et_pb_audio][et_pb_audio audio=\u00bbhttps:\/\/mariachiveracruz.es\/wp-content\/uploads\/2020\/03\/vicente-fernandez-que-bonito-amor-video-clip-1.mp3&#8243; title=\u00bbQUE BONITO AMOR\u00bb _builder_version=\u00bb4.3.4&#8243; title_font=\u00bbRoboto|700||on|||||\u00bb title_text_align=\u00bbleft\u00bb title_text_color=\u00bb#000000&#8243; title_font_size=\u00bb13px\u00bb title_letter_spacing=\u00bb2px\u00bb caption_font=\u00bb||||||||\u00bb caption_text_align=\u00bbleft\u00bb background_color=\u00bbrgba(0,0,0,0)\u00bb background_layout=\u00bblight\u00bb max_width=\u00bb1080px\u00bb max_width_tablet=\u00bb\u00bb max_width_phone=\u00bb\u00bb max_width_last_edited=\u00bbon|desktop\u00bb custom_margin=\u00bb20px||20px||true|\u00bb custom_padding=\u00bb8px||8px||true\u00bb][\/et_pb_audio][et_pb_audio audio=\u00bbhttps:\/\/mariachiveracruz.es\/wp-content\/uploads\/2020\/03\/malaguena-salerosa-chingon-once-upon-a-time-in-mexico-1.mp3&#8243; title=\u00bbLA MALAGUE\u00d1A\u00bb _builder_version=\u00bb4.3.4&#8243; title_font=\u00bbRoboto|700||on|||||\u00bb title_text_align=\u00bbleft\u00bb title_text_color=\u00bb#000000&#8243; title_font_size=\u00bb13px\u00bb title_letter_spacing=\u00bb2px\u00bb caption_font=\u00bb||||||||\u00bb caption_text_align=\u00bbleft\u00bb background_color=\u00bbrgba(0,0,0,0)\u00bb background_layout=\u00bblight\u00bb max_width=\u00bb1080px\u00bb max_width_tablet=\u00bb\u00bb max_width_phone=\u00bb\u00bb max_width_last_edited=\u00bbon|desktop\u00bb custom_margin=\u00bb20px||20px||true|\u00bb custom_padding=\u00bb8px||8px||true\u00bb][\/et_pb_audio][et_pb_audio audio=\u00bbhttps:\/\/mariachiveracruz.es\/wp-content\/uploads\/2020\/03\/marco-antonio-solis-la-venia-bendita-1.mp3&#8243; title=\u00bbLA VENIA BENDITA\u00bb _builder_version=\u00bb4.3.4&#8243; title_font=\u00bbRoboto|700||on|||||\u00bb title_text_align=\u00bbleft\u00bb title_text_color=\u00bb#000000&#8243; title_font_size=\u00bb13px\u00bb title_letter_spacing=\u00bb2px\u00bb caption_font=\u00bb||||||||\u00bb caption_text_align=\u00bbleft\u00bb background_color=\u00bbrgba(0,0,0,0)\u00bb background_layout=\u00bblight\u00bb max_width=\u00bb1080px\u00bb max_width_tablet=\u00bb\u00bb max_width_phone=\u00bb\u00bb max_width_last_edited=\u00bbon|desktop\u00bb custom_margin=\u00bb20px||20px||true|\u00bb custom_padding=\u00bb8px||8px||true\u00bb][\/et_pb_audio][et_pb_audio audio=\u00bbhttps:\/\/mariachiveracruz.es\/wp-content\/uploads\/2020\/03\/marco-antonio-solis-la-venia-bendita-1.mp3&#8243; title=\u00bbLA MITAD QUE ME FALTABA\u00bb _builder_version=\u00bb4.3.4&#8243; title_font=\u00bbRoboto|700||on|||||\u00bb title_text_align=\u00bbleft\u00bb title_text_color=\u00bb#000000&#8243; title_font_size=\u00bb13px\u00bb title_letter_spacing=\u00bb2px\u00bb caption_font=\u00bb||||||||\u00bb caption_text_align=\u00bbleft\u00bb background_color=\u00bbrgba(0,0,0,0)\u00bb background_layout=\u00bblight\u00bb max_width=\u00bb1080px\u00bb max_width_tablet=\u00bb\u00bb max_width_phone=\u00bb\u00bb max_width_last_edited=\u00bbon|desktop\u00bb custom_margin=\u00bb20px||20px||true|\u00bb custom_padding=\u00bb8px||8px||true\u00bb][\/et_pb_audio][\/et_pb_column][\/et_pb_row][et_pb_row _builder_version=\u00bb4.3.4&#8243;][et_pb_column type=\u00bb4_4&#8243; _builder_version=\u00bb4.3.4&#8243;][et_pb_text _builder_version=\u00bb4.4.2&#8243; text_font=\u00bb||||||||\u00bb header_font=\u00bb||||||||\u00bb header_2_font=\u00bbCinzel|700||on|||||\u00bb header_2_font_size=\u00bb22px\u00bb header_2_letter_spacing=\u00bb4px\u00bb header_2_line_height=\u00bb1.4em\u00bb use_background_color_gradient=\u00bbon\u00bb background_color_gradient_start=\u00bb#e02b20&#8243; background_color_gradient_end=\u00bb#7f2911&#8243; background_color_gradient_direction=\u00bb145deg\u00bb text_orientation=\u00bbcenter\u00bb background_layout=\u00bbdark\u00bb custom_margin=\u00bb70px|||||\u00bb custom_padding=\u00bb48px|20px|36px|20px|false|true\u00bb custom_padding_tablet=\u00bb\u00bb custom_padding_phone=\u00bb27px||21px||false|false\u00bb custom_padding_last_edited=\u00bbon|desktop\u00bb header_2_font_size_tablet=\u00bb\u00bb header_2_font_size_phone=\u00bb17px\u00bb header_2_font_size_last_edited=\u00bbon|desktop\u00bb locked=\u00bboff\u00bb]<\/p>\n<h2>CANCIONES ROM\u00c1NTICAS PARA PEDIR PERD\u00d3N<\/h2>\n<p>[\/et_pb_text][\/et_pb_column][\/et_pb_row][et_pb_row _builder_version=\u00bb4.3.4&#8243; custom_margin=\u00bb-29px||||false|false\u00bb box_shadow_style=\u00bbpreset1&#8243;][et_pb_column type=\u00bb4_4&#8243; _builder_version=\u00bb4.3.4&#8243;][et_pb_audio audio=\u00bbhttps:\/\/mariachiveracruz.es\/wp-content\/uploads\/2020\/03\/vicente-fernandez-estos-celos.mp3&#8243; title=\u00bbESTOS CELOS\u00bb _builder_version=\u00bb4.3.4&#8243; title_font=\u00bbRoboto|700||on|||||\u00bb title_text_align=\u00bbleft\u00bb title_text_color=\u00bb#000000&#8243; title_font_size=\u00bb13px\u00bb title_letter_spacing=\u00bb2px\u00bb caption_font=\u00bb||||||||\u00bb caption_text_align=\u00bbleft\u00bb background_color=\u00bbrgba(0,0,0,0)\u00bb background_layout=\u00bblight\u00bb max_width=\u00bb1080px\u00bb max_width_tablet=\u00bb\u00bb max_width_phone=\u00bb\u00bb max_width_last_edited=\u00bbon|desktop\u00bb custom_margin=\u00bb20px||20px||true|\u00bb custom_padding=\u00bb8px||8px||true\u00bb][\/et_pb_audio][et_pb_audio audio=\u00bbhttps:\/\/mariachiveracruz.es\/wp-content\/uploads\/2020\/03\/de-que-manera-te-olvido-vicente-fernandez-letra-1.mp3&#8243; title=\u00bbDE QU\u00c9 MANERA TE OLVIDO\u00bb _builder_version=\u00bb4.3.4&#8243; title_font=\u00bbRoboto|700||on|||||\u00bb title_text_align=\u00bbleft\u00bb title_text_color=\u00bb#000000&#8243; title_font_size=\u00bb13px\u00bb title_letter_spacing=\u00bb2px\u00bb caption_font=\u00bb||||||||\u00bb caption_text_align=\u00bbleft\u00bb background_color=\u00bbrgba(0,0,0,0)\u00bb background_layout=\u00bblight\u00bb max_width=\u00bb1080px\u00bb max_width_tablet=\u00bb\u00bb max_width_phone=\u00bb\u00bb max_width_last_edited=\u00bbon|desktop\u00bb custom_margin=\u00bb20px||20px||true|\u00bb custom_padding=\u00bb8px||8px||true\u00bb][\/et_pb_audio][et_pb_audio audio=\u00bbhttps:\/\/mariachiveracruz.es\/wp-content\/uploads\/2020\/03\/pedro-fernandez-yo-no-fui-letra-1.mp3&#8243; title=\u00bbYO NO FUI\u00bb _builder_version=\u00bb4.3.4&#8243; title_font=\u00bbRoboto|700||on|||||\u00bb title_text_align=\u00bbleft\u00bb title_text_color=\u00bb#000000&#8243; title_font_size=\u00bb13px\u00bb title_letter_spacing=\u00bb2px\u00bb caption_font=\u00bb||||||||\u00bb caption_text_align=\u00bbleft\u00bb background_color=\u00bbrgba(0,0,0,0)\u00bb background_layout=\u00bblight\u00bb max_width=\u00bb1080px\u00bb max_width_tablet=\u00bb\u00bb max_width_phone=\u00bb\u00bb max_width_last_edited=\u00bbon|desktop\u00bb custom_margin=\u00bb20px||20px||true|\u00bb custom_padding=\u00bb8px||8px||true\u00bb][\/et_pb_audio][et_pb_audio audio=\u00bbhttps:\/\/mariachiveracruz.es\/wp-content\/uploads\/2020\/03\/alejandro-fernandez-como-quien-pierde-una-estrella-con-letra-1.mp3&#8243; title=\u00bbCOMO QUIEN PIERDE UNA ESTRELLA\u00bb _builder_version=\u00bb4.3.4&#8243; title_font=\u00bbRoboto|700||on|||||\u00bb title_text_align=\u00bbleft\u00bb title_text_color=\u00bb#000000&#8243; title_font_size=\u00bb13px\u00bb title_letter_spacing=\u00bb2px\u00bb caption_font=\u00bb||||||||\u00bb caption_text_align=\u00bbleft\u00bb background_color=\u00bbrgba(0,0,0,0)\u00bb background_layout=\u00bblight\u00bb max_width=\u00bb1080px\u00bb max_width_tablet=\u00bb\u00bb max_width_phone=\u00bb\u00bb max_width_last_edited=\u00bbon|desktop\u00bb custom_margin=\u00bb20px||20px||true|\u00bb custom_padding=\u00bb8px||8px||true\u00bb][\/et_pb_audio][et_pb_audio audio=\u00bbhttps:\/\/mariachiveracruz.es\/wp-content\/uploads\/2020\/03\/pedro-infante-cien-anos-1.mp3&#8243; title=\u00bbCIEN A\u00d1OS\u00bb _builder_version=\u00bb4.3.4&#8243; title_font=\u00bbRoboto|700||on|||||\u00bb title_text_align=\u00bbleft\u00bb title_text_color=\u00bb#000000&#8243; title_font_size=\u00bb13px\u00bb title_letter_spacing=\u00bb2px\u00bb caption_font=\u00bb||||||||\u00bb caption_text_align=\u00bbleft\u00bb background_color=\u00bbrgba(0,0,0,0)\u00bb background_layout=\u00bblight\u00bb max_width=\u00bb1080px\u00bb max_width_tablet=\u00bb\u00bb max_width_phone=\u00bb\u00bb max_width_last_edited=\u00bbon|desktop\u00bb custom_margin=\u00bb20px||20px||true|\u00bb custom_padding=\u00bb8px||8px||true\u00bb][\/et_pb_audio][et_pb_audio audio=\u00bbhttps:\/\/mariachiveracruz.es\/wp-content\/uploads\/2020\/03\/pedro-infante-te-vengo-a-buscar-1.mp3&#8243; title=\u00bbTE VENGO A BUSCAR\u00bb _builder_version=\u00bb4.3.4&#8243; title_font=\u00bbRoboto|700||on|||||\u00bb title_text_align=\u00bbleft\u00bb title_text_color=\u00bb#000000&#8243; title_font_size=\u00bb13px\u00bb title_letter_spacing=\u00bb2px\u00bb caption_font=\u00bb||||||||\u00bb caption_text_align=\u00bbleft\u00bb background_color=\u00bbrgba(0,0,0,0)\u00bb background_layout=\u00bblight\u00bb max_width=\u00bb1080px\u00bb max_width_tablet=\u00bb\u00bb max_width_phone=\u00bb\u00bb max_width_last_edited=\u00bbon|desktop\u00bb custom_margin=\u00bb20px||20px||true|\u00bb custom_padding=\u00bb8px||8px||true\u00bb][\/et_pb_audio][et_pb_audio audio=\u00bbhttps:\/\/mariachiveracruz.es\/wp-content\/uploads\/2020\/03\/te-amare-toda-la-vida-1.mp3&#8243; title=\u00bbTE AMAR\u00c9 TODA LA VIDA\u00bb _builder_version=\u00bb4.3.4&#8243; title_font=\u00bbRoboto|700||on|||||\u00bb title_text_align=\u00bbleft\u00bb title_text_color=\u00bb#000000&#8243; title_font_size=\u00bb13px\u00bb title_letter_spacing=\u00bb2px\u00bb caption_font=\u00bb||||||||\u00bb caption_text_align=\u00bbleft\u00bb background_color=\u00bbrgba(0,0,0,0)\u00bb background_layout=\u00bblight\u00bb max_width=\u00bb1080px\u00bb max_width_tablet=\u00bb\u00bb max_width_phone=\u00bb\u00bb max_width_last_edited=\u00bbon|desktop\u00bb custom_margin=\u00bb20px||20px||true|\u00bb custom_padding=\u00bb8px||8px||true\u00bb][\/et_pb_audio][et_pb_audio audio=\u00bbhttps:\/\/mariachiveracruz.es\/wp-content\/uploads\/2020\/03\/te-lo-pido-por-favor-juan-gabriel-letra-1.mp3&#8243; title=\u00bbTE LO PIDO POR FAVOR\u00bb _builder_version=\u00bb4.3.4&#8243; title_font=\u00bbRoboto|700||on|||||\u00bb title_text_align=\u00bbleft\u00bb title_text_color=\u00bb#000000&#8243; title_font_size=\u00bb13px\u00bb title_letter_spacing=\u00bb2px\u00bb caption_font=\u00bb||||||||\u00bb caption_text_align=\u00bbleft\u00bb background_color=\u00bbrgba(0,0,0,0)\u00bb background_layout=\u00bblight\u00bb max_width=\u00bb1080px\u00bb max_width_tablet=\u00bb\u00bb max_width_phone=\u00bb\u00bb max_width_last_edited=\u00bbon|desktop\u00bb custom_margin=\u00bb20px||20px||true|\u00bb custom_padding=\u00bb8px||8px||true\u00bb][\/et_pb_audio][et_pb_audio audio=\u00bbhttps:\/\/mariachiveracruz.es\/wp-content\/uploads\/2020\/03\/javier-solis-esclavo-y-amo-1.mp3&#8243; title=\u00bbESCLAVO Y AMO\u00bb _builder_version=\u00bb4.3.4&#8243; title_font=\u00bbRoboto|700||on|||||\u00bb title_text_align=\u00bbleft\u00bb title_text_color=\u00bb#000000&#8243; title_font_size=\u00bb13px\u00bb title_letter_spacing=\u00bb2px\u00bb caption_font=\u00bb||||||||\u00bb caption_text_align=\u00bbleft\u00bb background_color=\u00bbrgba(0,0,0,0)\u00bb background_layout=\u00bblight\u00bb max_width=\u00bb1080px\u00bb max_width_tablet=\u00bb\u00bb max_width_phone=\u00bb\u00bb max_width_last_edited=\u00bbon|desktop\u00bb custom_margin=\u00bb20px||20px||true|\u00bb custom_padding=\u00bb8px||8px||true\u00bb][\/et_pb_audio][\/et_pb_column][\/et_pb_row][et_pb_row _builder_version=\u00bb4.3.4&#8243;][et_pb_column type=\u00bb4_4&#8243; _builder_version=\u00bb4.3.4&#8243;][et_pb_text _builder_version=\u00bb4.4.2&#8243; text_font=\u00bb||||||||\u00bb header_font=\u00bb||||||||\u00bb header_2_font=\u00bbCinzel|700||on|||||\u00bb header_2_font_size=\u00bb22px\u00bb header_2_letter_spacing=\u00bb4px\u00bb header_2_line_height=\u00bb1.4em\u00bb use_background_color_gradient=\u00bbon\u00bb background_color_gradient_start=\u00bb#e02b20&#8243; background_color_gradient_end=\u00bb#7f2911&#8243; background_color_gradient_direction=\u00bb145deg\u00bb text_orientation=\u00bbcenter\u00bb background_layout=\u00bbdark\u00bb custom_margin=\u00bb70px|||||\u00bb custom_padding=\u00bb48px|20px|36px|20px|false|true\u00bb custom_padding_tablet=\u00bb\u00bb custom_padding_phone=\u00bb27px||21px||false|false\u00bb custom_padding_last_edited=\u00bbon|desktop\u00bb header_2_font_size_tablet=\u00bb\u00bb header_2_font_size_phone=\u00bb17px\u00bb header_2_font_size_last_edited=\u00bbon|desktop\u00bb locked=\u00bboff\u00bb]<\/p>\n<h2>CANCIONES PARA QUINCEA\u00d1ERAS<\/h2>\n<p>[\/et_pb_text][\/et_pb_column][\/et_pb_row][et_pb_row _builder_version=\u00bb4.3.4&#8243; custom_margin=\u00bb-29px||||false|false\u00bb box_shadow_style=\u00bbpreset1&#8243;][et_pb_column type=\u00bb4_4&#8243; _builder_version=\u00bb4.3.4&#8243;][et_pb_audio audio=\u00bbhttps:\/\/mariachiveracruz.es\/wp-content\/uploads\/2020\/03\/es-mi-nina-bonita-vicente-fernandez-1.mp3&#8243; title=\u00bbES MI NI\u00d1A BONITA\u00bb _builder_version=\u00bb4.3.4&#8243; title_font=\u00bbRoboto|700||on|||||\u00bb title_text_align=\u00bbleft\u00bb title_text_color=\u00bb#000000&#8243; title_font_size=\u00bb13px\u00bb title_letter_spacing=\u00bb2px\u00bb caption_font=\u00bb||||||||\u00bb caption_text_align=\u00bbleft\u00bb background_color=\u00bbrgba(0,0,0,0)\u00bb background_layout=\u00bblight\u00bb max_width=\u00bb1080px\u00bb max_width_tablet=\u00bb\u00bb max_width_phone=\u00bb\u00bb max_width_last_edited=\u00bbon|desktop\u00bb custom_margin=\u00bb20px||20px||true|\u00bb custom_padding=\u00bb8px||8px||true\u00bb][\/et_pb_audio][et_pb_audio audio=\u00bbhttps:\/\/mariachiveracruz.es\/wp-content\/uploads\/2020\/03\/serenata-15-primaveras-1.mp3&#8243; title=\u00bb15 PRIMAVERAS\u00bb _builder_version=\u00bb4.3.4&#8243; title_font=\u00bbRoboto|700||on|||||\u00bb title_text_align=\u00bbleft\u00bb title_text_color=\u00bb#000000&#8243; title_font_size=\u00bb13px\u00bb title_letter_spacing=\u00bb2px\u00bb caption_font=\u00bb||||||||\u00bb caption_text_align=\u00bbleft\u00bb background_color=\u00bbrgba(0,0,0,0)\u00bb background_layout=\u00bblight\u00bb max_width=\u00bb1080px\u00bb max_width_tablet=\u00bb\u00bb max_width_phone=\u00bb\u00bb max_width_last_edited=\u00bbon|desktop\u00bb custom_margin=\u00bb20px||20px||true|\u00bb custom_padding=\u00bb8px||8px||true\u00bb][\/et_pb_audio][et_pb_audio audio=\u00bbhttps:\/\/mariachiveracruz.es\/wp-content\/uploads\/2020\/03\/garzon-y-collazos-ojala-no-crecieras-1.mp3&#8243; title=\u00bbOJAL\u00c1 NO CRECIERAS\u00bb _builder_version=\u00bb4.3.4&#8243; title_font=\u00bbRoboto|700||on|||||\u00bb title_text_align=\u00bbleft\u00bb title_text_color=\u00bb#000000&#8243; title_font_size=\u00bb13px\u00bb title_letter_spacing=\u00bb2px\u00bb caption_font=\u00bb||||||||\u00bb caption_text_align=\u00bbleft\u00bb background_color=\u00bbrgba(0,0,0,0)\u00bb background_layout=\u00bblight\u00bb max_width=\u00bb1080px\u00bb max_width_tablet=\u00bb\u00bb max_width_phone=\u00bb\u00bb max_width_last_edited=\u00bbon|desktop\u00bb custom_margin=\u00bb20px||20px||true|\u00bb custom_padding=\u00bb8px||8px||true\u00bb][\/et_pb_audio][et_pb_audio audio=\u00bbhttps:\/\/mariachiveracruz.es\/wp-content\/uploads\/2020\/03\/cuando-los-anos-pasen-vicente-fernandez-1.mp3&#8243; title=\u00bbCUANDO LOS A\u00d1OS PASEN\u00bb _builder_version=\u00bb4.3.4&#8243; title_font=\u00bbRoboto|700||on|||||\u00bb title_text_align=\u00bbleft\u00bb title_text_color=\u00bb#000000&#8243; title_font_size=\u00bb13px\u00bb title_letter_spacing=\u00bb2px\u00bb caption_font=\u00bb||||||||\u00bb caption_text_align=\u00bbleft\u00bb background_color=\u00bbrgba(0,0,0,0)\u00bb background_layout=\u00bblight\u00bb max_width=\u00bb1080px\u00bb max_width_tablet=\u00bb\u00bb max_width_phone=\u00bb\u00bb max_width_last_edited=\u00bbon|desktop\u00bb custom_margin=\u00bb20px||20px||true|\u00bb custom_padding=\u00bb8px||8px||true\u00bb][\/et_pb_audio][\/et_pb_column][\/et_pb_row][et_pb_row _builder_version=\u00bb4.3.4&#8243;][et_pb_column type=\u00bb4_4&#8243; _builder_version=\u00bb4.3.4&#8243;][et_pb_text _builder_version=\u00bb4.4.2&#8243; text_font=\u00bb||||||||\u00bb header_font=\u00bb||||||||\u00bb header_2_font=\u00bbCinzel|700||on|||||\u00bb header_2_font_size=\u00bb22px\u00bb header_2_letter_spacing=\u00bb4px\u00bb header_2_line_height=\u00bb1.4em\u00bb use_background_color_gradient=\u00bbon\u00bb background_color_gradient_start=\u00bb#e02b20&#8243; background_color_gradient_end=\u00bb#7f2911&#8243; background_color_gradient_direction=\u00bb145deg\u00bb text_orientation=\u00bbcenter\u00bb background_layout=\u00bbdark\u00bb custom_margin=\u00bb70px|||||\u00bb custom_padding=\u00bb48px|20px|36px|20px|false|true\u00bb custom_padding_tablet=\u00bb\u00bb custom_padding_phone=\u00bb27px||21px||false|false\u00bb custom_padding_last_edited=\u00bbon|desktop\u00bb header_2_font_size_tablet=\u00bb\u00bb header_2_font_size_phone=\u00bb17px\u00bb header_2_font_size_last_edited=\u00bbon|desktop\u00bb locked=\u00bboff\u00bb]<\/p>\n<h2>CANCIONES PARA FUNERALES<\/h2>\n<p>[\/et_pb_text][\/et_pb_column][\/et_pb_row][et_pb_row _builder_version=\u00bb4.3.4&#8243; custom_margin=\u00bb-29px||||false|false\u00bb box_shadow_style=\u00bbpreset1&#8243;][et_pb_column type=\u00bb4_4&#8243; _builder_version=\u00bb4.3.4&#8243;][et_pb_audio audio=\u00bbhttps:\/\/mariachiveracruz.es\/wp-content\/uploads\/2020\/03\/adios-a-un-amigo-2.mp3&#8243; title=\u00bbADI\u00d3S A UN AMIGO\u00bb _builder_version=\u00bb4.3.4&#8243; title_font=\u00bbRoboto|700||on|||||\u00bb title_text_align=\u00bbleft\u00bb title_text_color=\u00bb#000000&#8243; title_font_size=\u00bb13px\u00bb title_letter_spacing=\u00bb2px\u00bb caption_font=\u00bb||||||||\u00bb caption_text_align=\u00bbleft\u00bb background_color=\u00bbrgba(0,0,0,0)\u00bb background_layout=\u00bblight\u00bb max_width=\u00bb1080px\u00bb max_width_tablet=\u00bb\u00bb max_width_phone=\u00bb\u00bb max_width_last_edited=\u00bbon|desktop\u00bb custom_margin=\u00bb20px||20px||true|\u00bb custom_padding=\u00bb8px||8px||true\u00bb][\/et_pb_audio][et_pb_audio audio=\u00bbhttps:\/\/mariachiveracruz.es\/wp-content\/uploads\/2020\/03\/antonio-aguilar-nadie-es-eterno-en-el-mundo-1.mp3&#8243; title=\u00bbNADIE ES ETERNO\u00bb _builder_version=\u00bb4.3.4&#8243; title_font=\u00bbRoboto|700||on|||||\u00bb title_text_align=\u00bbleft\u00bb title_text_color=\u00bb#000000&#8243; title_font_size=\u00bb13px\u00bb title_letter_spacing=\u00bb2px\u00bb caption_font=\u00bb||||||||\u00bb caption_text_align=\u00bbleft\u00bb background_color=\u00bbrgba(0,0,0,0)\u00bb background_layout=\u00bblight\u00bb max_width=\u00bb1080px\u00bb max_width_tablet=\u00bb\u00bb max_width_phone=\u00bb\u00bb max_width_last_edited=\u00bbon|desktop\u00bb custom_margin=\u00bb20px||20px||true|\u00bb custom_padding=\u00bb8px||8px||true\u00bb][\/et_pb_audio][et_pb_audio audio=\u00bbhttps:\/\/mariachiveracruz.es\/wp-content\/uploads\/2020\/03\/cruz-de-palo-antonio-aguilar-1.mp3&#8243; title=\u00bbCRUZ DE PALO\u00bb _builder_version=\u00bb4.3.4&#8243; title_font=\u00bbRoboto|700||on|||||\u00bb title_text_align=\u00bbleft\u00bb title_text_color=\u00bb#000000&#8243; title_font_size=\u00bb13px\u00bb title_letter_spacing=\u00bb2px\u00bb caption_font=\u00bb||||||||\u00bb caption_text_align=\u00bbleft\u00bb background_color=\u00bbrgba(0,0,0,0)\u00bb background_layout=\u00bblight\u00bb max_width=\u00bb1080px\u00bb max_width_tablet=\u00bb\u00bb max_width_phone=\u00bb\u00bb max_width_last_edited=\u00bbon|desktop\u00bb custom_margin=\u00bb20px||20px||true|\u00bb custom_padding=\u00bb8px||8px||true\u00bb][\/et_pb_audio][et_pb_audio audio=\u00bbhttps:\/\/mariachiveracruz.es\/wp-content\/uploads\/2020\/03\/con-la-tierra-encima-el-charrito-negro-1-1.mp3&#8243; title=\u00bbCON LA TIERRA ENCIMA\u00bb _builder_version=\u00bb4.3.4&#8243; title_font=\u00bbRoboto|700||on|||||\u00bb title_text_align=\u00bbleft\u00bb title_text_color=\u00bb#000000&#8243; title_font_size=\u00bb13px\u00bb title_letter_spacing=\u00bb2px\u00bb caption_font=\u00bb||||||||\u00bb caption_text_align=\u00bbleft\u00bb background_color=\u00bbrgba(0,0,0,0)\u00bb background_layout=\u00bblight\u00bb max_width=\u00bb1080px\u00bb max_width_tablet=\u00bb\u00bb max_width_phone=\u00bb\u00bb max_width_last_edited=\u00bbon|desktop\u00bb custom_margin=\u00bb20px||20px||true|\u00bb custom_padding=\u00bb8px||8px||true\u00bb][\/et_pb_audio][\/et_pb_column][\/et_pb_row][\/et_pb_section][et_pb_section fb_built=\u00bb1&#8243; disabled_on=\u00bboff|on|on\u00bb admin_label=\u00bbFeatures\u00bb _builder_version=\u00bb4.3.4&#8243; use_background_color_gradient=\u00bbon\u00bb background_color_gradient_start=\u00bb#e02b20&#8243; background_color_gradient_end=\u00bb#7f2911&#8243; custom_padding=\u00bb73px|0px|73px|0px|true|\u00bb][et_pb_row _builder_version=\u00bb3.25&#8243; custom_margin=\u00bb|auto|-13px|auto||\u00bb custom_padding=\u00bb||0px|||\u00bb][et_pb_column type=\u00bb4_4&#8243; _builder_version=\u00bb3.25&#8243; custom_padding=\u00bb|||\u00bb custom_padding__hover=\u00bb|||\u00bb][et_pb_text _builder_version=\u00bb4.4.2&#8243; text_font=\u00bbLato||||||||\u00bb text_text_color=\u00bb#898f99&#8243; text_font_size=\u00bb18px\u00bb text_line_height=\u00bb2em\u00bb header_font=\u00bb||||||||\u00bb header_2_font=\u00bbLato|700|||||||\u00bb header_2_text_color=\u00bb#FFFFFF\u00bb header_2_font_size=\u00bb36px\u00bb header_2_line_height=\u00bb1.2em\u00bb text_orientation=\u00bbcenter\u00bb max_width=\u00bb800px\u00bb module_alignment=\u00bbcenter\u00bb locked=\u00bboff\u00bb inline_fonts=\u00bbCinzel\u00bb]<\/p>\n<h2>Contacta ahora y<br \/> <strong><span style=\"font-family: Cinzel;\">Pide tu Presupuesto por 0\u20ac<\/span><\/strong><\/h2>\n<p>[\/et_pb_text][\/et_pb_column][\/et_pb_row][et_pb_row _builder_version=\u00bb3.25&#8243;][et_pb_column type=\u00bb4_4&#8243; _builder_version=\u00bb3.25&#8243; custom_padding=\u00bb|||\u00bb custom_padding__hover=\u00bb|||\u00bb][et_pb_button button_url=\u00bbhttps:\/\/api.whatsapp.com\/send?phone=34661044339&#038;text=Hola.%20Me%20gustaria%20solicitar%20un%20presupuesto.%20Gracias.%20&#8243; button_text=\u00bbpide tu presupuesto gratis\u00bb button_alignment=\u00bbcenter\u00bb _builder_version=\u00bb4.4.2&#8243; custom_button=\u00bbon\u00bb button_text_size=\u00bb20px\u00bb button_text_color=\u00bb#E02B20&#8243; button_bg_color=\u00bb#FFFFFF\u00bb button_border_width=\u00bb0px\u00bb button_border_radius=\u00bb6px\u00bb button_letter_spacing=\u00bb1px\u00bb button_font=\u00bbLato|700||on|||||\u00bb button_use_icon=\u00bboff\u00bb background_layout=\u00bbdark\u00bb custom_margin=\u00bb|||\u00bb custom_padding=\u00bb12px|30px|12px|30px\u00bb box_shadow_style=\u00bbpreset3&#8243; box_shadow_color=\u00bbrgba(60,57,230,0.15)\u00bb button_letter_spacing_hover=\u00bb1px\u00bb locked=\u00bboff\u00bb button_text_size__hover_enabled=\u00bboff\u00bb button_one_text_size__hover_enabled=\u00bboff\u00bb button_two_text_size__hover_enabled=\u00bboff\u00bb button_text_color__hover_enabled=\u00bboff\u00bb button_one_text_color__hover_enabled=\u00bboff\u00bb button_two_text_color__hover_enabled=\u00bboff\u00bb button_border_width__hover_enabled=\u00bboff\u00bb button_one_border_width__hover_enabled=\u00bboff\u00bb button_two_border_width__hover_enabled=\u00bboff\u00bb button_border_color__hover_enabled=\u00bboff\u00bb button_one_border_color__hover_enabled=\u00bboff\u00bb button_two_border_color__hover_enabled=\u00bboff\u00bb button_border_radius__hover_enabled=\u00bboff\u00bb button_one_border_radius__hover_enabled=\u00bboff\u00bb button_two_border_radius__hover_enabled=\u00bboff\u00bb button_letter_spacing__hover_enabled=\u00bbon\u00bb button_letter_spacing__hover=\u00bb1px\u00bb button_one_letter_spacing__hover_enabled=\u00bboff\u00bb button_two_letter_spacing__hover_enabled=\u00bboff\u00bb button_bg_color__hover_enabled=\u00bboff\u00bb button_one_bg_color__hover_enabled=\u00bboff\u00bb button_two_bg_color__hover_enabled=\u00bboff\u00bb][\/et_pb_button][\/et_pb_column][\/et_pb_row][\/et_pb_section][et_pb_section fb_built=\u00bb1&#8243; disabled_on=\u00bbon|off|off\u00bb admin_label=\u00bbFeatures\u00bb _builder_version=\u00bb4.4.2&#8243; background_enable_color=\u00bboff\u00bb use_background_color_gradient=\u00bbon\u00bb background_color_gradient_start=\u00bb#212121&#8243; background_color_gradient_end=\u00bbrgba(147,147,147,0.18)\u00bb background_color_gradient_direction=\u00bb103deg\u00bb background_image=\u00bbhttps:\/\/mariachiveracruz.es\/wp-content\/uploads\/2020\/03\/20170912001502-mariachi.jpeg\u00bb background_blend=\u00bbmultiply\u00bb custom_padding=\u00bb76px|0px|76px|0px|true|\u00bb][et_pb_row _builder_version=\u00bb3.25&#8243; custom_margin=\u00bb|auto|-13px|auto||\u00bb][et_pb_column type=\u00bb4_4&#8243; _builder_version=\u00bb3.25&#8243; custom_padding=\u00bb|||\u00bb custom_padding__hover=\u00bb|||\u00bb][et_pb_text _builder_version=\u00bb4.4.2&#8243; text_font=\u00bbLato||||||||\u00bb text_text_color=\u00bb#898f99&#8243; text_font_size=\u00bb18px\u00bb text_line_height=\u00bb2em\u00bb header_font=\u00bb||||||||\u00bb header_2_font=\u00bbLato|700|||||||\u00bb header_2_text_color=\u00bb#FFFFFF\u00bb header_2_font_size=\u00bb52px\u00bb header_2_line_height=\u00bb1.1em\u00bb text_orientation=\u00bbcenter\u00bb max_width=\u00bb800px\u00bb module_alignment=\u00bbcenter\u00bb locked=\u00bboff\u00bb inline_fonts=\u00bbCinzel\u00bb]<\/p>\n<h2>Contacta con nosotros y<br \/> <strong><span style=\"font-family: Cinzel;\">Pide tu Presupuesto por 0\u20ac<\/span><\/strong><\/h2>\n<p>[\/et_pb_text][\/et_pb_column][\/et_pb_row][et_pb_row _builder_version=\u00bb3.25&#8243; custom_padding=\u00bb7px|||||\u00bb][et_pb_column type=\u00bb4_4&#8243; _builder_version=\u00bb3.25&#8243; custom_padding=\u00bb|||\u00bb custom_padding__hover=\u00bb|||\u00bb][et_pb_button button_url=\u00bbhttps:\/\/api.whatsapp.com\/send?phone=34661044339&#038;text=Hola.%20Me%20gustaria%20solicitar%20un%20presupuesto.%20Gracias.%20&#8243; button_text=\u00bbpide tu presupuesto gratis\u00bb button_alignment=\u00bbcenter\u00bb _builder_version=\u00bb4.4.2&#8243; custom_button=\u00bbon\u00bb button_text_size=\u00bb26px\u00bb button_text_color=\u00bb#ffffff\u00bb button_bg_color=\u00bb#c9231c\u00bb button_border_width=\u00bb0px\u00bb button_border_radius=\u00bb6px\u00bb button_letter_spacing=\u00bb1px\u00bb button_font=\u00bbLato|700||on|||||\u00bb button_use_icon=\u00bboff\u00bb background_layout=\u00bbdark\u00bb custom_margin=\u00bb|||\u00bb custom_padding=\u00bb12px|30px|12px|30px\u00bb box_shadow_style=\u00bbpreset3&#8243; box_shadow_color=\u00bbrgba(60,57,230,0.15)\u00bb button_letter_spacing_hover=\u00bb1px\u00bb locked=\u00bboff\u00bb button_text_size__hover_enabled=\u00bboff\u00bb button_one_text_size__hover_enabled=\u00bboff\u00bb button_two_text_size__hover_enabled=\u00bboff\u00bb button_text_color__hover_enabled=\u00bboff\u00bb button_one_text_color__hover_enabled=\u00bboff\u00bb button_two_text_color__hover_enabled=\u00bboff\u00bb button_border_width__hover_enabled=\u00bboff\u00bb button_one_border_width__hover_enabled=\u00bboff\u00bb button_two_border_width__hover_enabled=\u00bboff\u00bb button_border_color__hover_enabled=\u00bboff\u00bb button_one_border_color__hover_enabled=\u00bboff\u00bb button_two_border_color__hover_enabled=\u00bboff\u00bb button_border_radius__hover_enabled=\u00bboff\u00bb button_one_border_radius__hover_enabled=\u00bboff\u00bb button_two_border_radius__hover_enabled=\u00bboff\u00bb button_letter_spacing__hover_enabled=\u00bbon\u00bb button_letter_spacing__hover=\u00bb1px\u00bb button_one_letter_spacing__hover_enabled=\u00bboff\u00bb button_two_letter_spacing__hover_enabled=\u00bboff\u00bb button_bg_color__hover_enabled=\u00bboff\u00bb button_one_bg_color__hover_enabled=\u00bboff\u00bb button_two_bg_color__hover_enabled=\u00bboff\u00bb][\/et_pb_button][\/et_pb_column][\/et_pb_row][\/et_pb_section][et_pb_section fb_built=\u00bb1&#8243; disabled_on=\u00bbon|on|off\u00bb _builder_version=\u00bb4.4.2&#8243; background_color=\u00bb#c9231c\u00bb][et_pb_row column_structure=\u00bb1_4,1_4,1_4,1_4&#8243; _builder_version=\u00bb4.3.4&#8243;][et_pb_column type=\u00bb1_4&#8243; _builder_version=\u00bb4.3.4&#8243;][et_pb_image src=\u00bbhttps:\/\/mariachiveracruz.es\/wp-content\/uploads\/2020\/03\/logo-aldo.png\u00bb _builder_version=\u00bb4.4.2&#8243; width=\u00bb96%\u00bb][\/et_pb_image][\/et_pb_column][et_pb_column type=\u00bb1_4&#8243; _builder_version=\u00bb4.3.4&#8243;][et_pb_text _builder_version=\u00bb4.4.2&#8243; text_text_color=\u00bb#ffffff\u00bb text_font_size=\u00bb19px\u00bb custom_margin=\u00bb||16px|||\u00bb]<\/p>\n<p style=\"text-align: left;\"><b>Contacta ahora<\/b><\/p>\n<p>[\/et_pb_text][et_pb_button button_url=\u00bbhttps:\/\/api.whatsapp.com\/send?phone=34661044339&#038;text=Hola%20Aldo.%20Me%20gustaria%20solicitar%20un%20presupuesto.\u00bb button_text=\u00bbSolicitar presupuesto\u00bb _builder_version=\u00bb4.4.2&#8243; custom_button=\u00bbon\u00bb button_text_size=\u00bb16px\u00bb button_text_color=\u00bb#c9231c\u00bb button_bg_color=\u00bb#ffffff\u00bb button_border_color=\u00bbrgba(193,193,193,0.48)\u00bb button_border_radius=\u00bb40px\u00bb][\/et_pb_button][\/et_pb_column][et_pb_column type=\u00bb1_4&#8243; _builder_version=\u00bb4.3.4&#8243;][et_pb_text _builder_version=\u00bb4.4.2&#8243;]<\/p>\n<p><a href=\"https:\/\/mariachiveracruz.es\/\"><span style=\"color: #ffffff;\">INICIO<\/span><\/a><\/p>\n<p><a href=\"https:\/\/mariachiveracruz.es\/index.php\/conocenos\/\"><span style=\"color: #ffffff;\">CON\u00d3CENOS<\/span><\/a><\/p>\n<p><a href=\"https:\/\/mariachiveracruz.es\/index.php\/repertorio-musical\/\"><span style=\"color: #ffffff;\">REPERTORIO<\/span><\/a><\/p>\n<p><a href=\"https:\/\/mariachiveracruz.es\/index.php\/actuaciones-de-mariachis-en-madrid\/\"><span style=\"color: #ffffff;\">GALER\u00cdA<\/span><\/a><\/p>\n<p><a href=\"https:\/\/mariachiveracruz.es\/index.php\/mariachis-en-madrid-precios\/\"><span style=\"color: #ffffff;\">OFERTAS Y TARIFAS<\/span><\/a><\/p>\n<p><a href=\"https:\/\/mariachiveracruz.es\/index.php\/contratar-mariachis-en-madrid\/\"><span style=\"color: #ffffff;\">CONTACTO<\/span><\/a><\/p>\n<p>[\/et_pb_text][\/et_pb_column][et_pb_column type=\u00bb1_4&#8243; _builder_version=\u00bb4.3.4&#8243;][et_pb_text _builder_version=\u00bb4.3.4&#8243; text_text_color=\u00bb#ffffff\u00bb text_font_size=\u00bb19px\u00bb min_height=\u00bb35px\u00bb custom_margin=\u00bb||8px|||\u00bb]<\/p>\n<p><strong>Pago 100% seguro<\/strong><\/p>\n<p>[\/et_pb_text][et_pb_image src=\u00bbhttps:\/\/mariachiveracruz.es\/wp-content\/uploads\/2020\/03\/secured-by.png\u00bb _builder_version=\u00bb4.3.4&#8243; width=\u00bb61%\u00bb][\/et_pb_image][\/et_pb_column][\/et_pb_row][\/et_pb_section]<\/p>\n","protected":false},"excerpt":{"rendered":"<p>[et_pb_section fb_built=\u00bb1&#8243; disabled_on=\u00bboff|on|on\u00bb admin_label=\u00bbHero section\u00bb _builder_version=\u00bb4.3.4&#8243; background_color=\u00bbrgba(0,0,0,0.65)\u00bb use_background_color_gradient=\u00bbon\u00bb background_color_gradient_start=\u00bbrgba(0,0,0,0)\u00bb background_color_gradient_end=\u00bbrgba(91,91,91,0.84)\u00bb background_color_gradient_overlays_image=\u00bbon\u00bb background_image=\u00bbhttps:\/\/mariachiveracruz.es\/wp-content\/uploads\/2020\/03\/Captura-de-pantalla-2020-03-10-a-las-12.28.34.png\u00bb background_position=\u00bbtop_center\u00bb custom_margin=\u00bb|||\u00bb custom_padding=\u00bb10%||10%|\u00bb][et_pb_row _builder_version=\u00bb4.3.4&#8243; custom_margin=\u00bb-31px||||false|false\u00bb custom_padding=\u00bb0px||||false|false\u00bb][et_pb_column type=\u00bb4_4&#8243; _builder_version=\u00bb4.3.4&#8243;][et_pb_cta title=\u00bbRepertorio musical\u00bb button_url=\u00bb#\u00bb _builder_version=\u00bb4.3.4&#8243; header_font=\u00bbOpen Sans|900|||||||\u00bb header_text_align=\u00bbcenter\u00bb header_font_size=\u00bb60px\u00bb header_line_height=\u00bb1.2em\u00bb body_font=\u00bbOpen Sans||||||||\u00bb body_text_align=\u00bbcenter\u00bb body_font_size=\u00bb17px\u00bb body_line_height=\u00bb1.8em\u00bb use_background_color=\u00bboff\u00bb custom_button=\u00bbon\u00bb button_text_size=\u00bb16px\u00bb button_text_color=\u00bb#ffffff\u00bb button_bg_color=\u00bb#e02b20&#8243; button_border_width=\u00bb6px\u00bb button_border_color=\u00bb#e02b20&#8243; button_border_radius=\u00bb5px\u00bb button_letter_spacing=\u00bb2px\u00bb button_font=\u00bbLato|900||on|||||\u00bb button_icon=\u00bb%%28%%\u00bb button_icon_color=\u00bb#ffffff\u00bb module_alignment=\u00bbleft\u00bb custom_margin=\u00bb35px||-18px||false|false\u00bb custom_padding=\u00bb||||false|false\u00bb animation_style=\u00bbfade\u00bb animation_duration=\u00bb1200ms\u00bb header_font_size_tablet=\u00bb46px\u00bb header_font_size_phone=\u00bb\u00bb header_font_size_last_edited=\u00bbon|tablet\u00bb header_text_shadow_style=\u00bbpreset1&#8243; [&hellip;]<\/p>\n","protected":false},"author":1,"featured_media":810,"parent":0,"menu_order":0,"comment_status":"closed","ping_status":"closed","template":"","meta":{"_et_pb_use_builder":"on","_et_pb_old_content":"","_et_gb_content_width":"","footnotes":""},"class_list":["post-47","page","type-page","status-publish","has-post-thumbnail","hentry"],"yoast_head":"<!-- This site is optimized with the Yoast SEO plugin v27.5 - https:\/\/yoast.com\/product\/yoast-seo-wordpress\/ -->\n<title>Repertorio Musical Mariachi | Elige t\u00fa mismo el repertorio para tu fiesta<\/title>\n<meta name=\"description\" content=\"Consulta las canciones m\u00e1s populares de los Mariachis M\u00e9xicanos o elige tu mismo tu propio repertorio m\u00fasical para tu fiesta, cumplea\u00f1os, d\u00eda de la madre ...\" \/>\n<meta name=\"robots\" content=\"index, follow, max-snippet:-1, max-image-preview:large, max-video-preview:-1\" \/>\n<link rel=\"canonical\" href=\"https:\/\/mariachiveracruz.es\/index.php\/repertorio-musical\/\" \/>\n<meta property=\"og:locale\" content=\"es_ES\" \/>\n<meta property=\"og:type\" content=\"article\" \/>\n<meta property=\"og:title\" content=\"Repertorio Musical Mariachi | Elige t\u00fa mismo el repertorio para tu fiesta\" \/>\n<meta property=\"og:description\" content=\"Consulta las canciones m\u00e1s populares de los Mariachis M\u00e9xicanos o elige tu mismo tu propio repertorio m\u00fasical para tu fiesta, cumplea\u00f1os, d\u00eda de la madre ...\" \/>\n<meta property=\"og:url\" content=\"https:\/\/mariachiveracruz.es\/index.php\/repertorio-musical\/\" \/>\n<meta property=\"og:site_name\" content=\"Marichis en Madrid\" \/>\n<meta property=\"article:modified_time\" content=\"2021-04-22T20:50:20+00:00\" \/>\n<meta property=\"og:image\" content=\"https:\/\/mariachiveracruz.es\/wp-content\/uploads\/2020\/03\/cuando-los-anos-pasen-vicente-fernandez-1-mp3-image.jpg\" \/>\n\t<meta property=\"og:image:width\" content=\"480\" \/>\n\t<meta property=\"og:image:height\" content=\"360\" \/>\n\t<meta property=\"og:image:type\" content=\"image\/jpeg\" \/>\n<meta name=\"twitter:card\" content=\"summary_large_image\" \/>\n<meta name=\"twitter:label1\" content=\"Tiempo de lectura\" \/>\n\t<meta name=\"twitter:data1\" content=\"71 minutos\" \/>\n<script type=\"application\/ld+json\" class=\"yoast-schema-graph\">{\"@context\":\"https:\\\/\\\/schema.org\",\"@graph\":[{\"@type\":\"WebPage\",\"@id\":\"https:\\\/\\\/mariachiveracruz.es\\\/index.php\\\/repertorio-musical\\\/\",\"url\":\"https:\\\/\\\/mariachiveracruz.es\\\/index.php\\\/repertorio-musical\\\/\",\"name\":\"Repertorio Musical Mariachi | Elige t\u00fa mismo el repertorio para tu fiesta\",\"isPartOf\":{\"@id\":\"https:\\\/\\\/mariachiveracruz.es\\\/#website\"},\"primaryImageOfPage\":{\"@id\":\"https:\\\/\\\/mariachiveracruz.es\\\/index.php\\\/repertorio-musical\\\/#primaryimage\"},\"image\":{\"@id\":\"https:\\\/\\\/mariachiveracruz.es\\\/index.php\\\/repertorio-musical\\\/#primaryimage\"},\"thumbnailUrl\":\"https:\\\/\\\/mariachiveracruz.es\\\/wp-content\\\/uploads\\\/2020\\\/03\\\/cuando-los-anos-pasen-vicente-fernandez-1-mp3-image.jpg\",\"datePublished\":\"2020-03-10T14:38:37+00:00\",\"dateModified\":\"2021-04-22T20:50:20+00:00\",\"description\":\"Consulta las canciones m\u00e1s populares de los Mariachis M\u00e9xicanos o elige tu mismo tu propio repertorio m\u00fasical para tu fiesta, cumplea\u00f1os, d\u00eda de la madre ...\",\"breadcrumb\":{\"@id\":\"https:\\\/\\\/mariachiveracruz.es\\\/index.php\\\/repertorio-musical\\\/#breadcrumb\"},\"inLanguage\":\"es\",\"potentialAction\":[{\"@type\":\"ReadAction\",\"target\":[\"https:\\\/\\\/mariachiveracruz.es\\\/index.php\\\/repertorio-musical\\\/\"]}]},{\"@type\":\"ImageObject\",\"inLanguage\":\"es\",\"@id\":\"https:\\\/\\\/mariachiveracruz.es\\\/index.php\\\/repertorio-musical\\\/#primaryimage\",\"url\":\"https:\\\/\\\/mariachiveracruz.es\\\/wp-content\\\/uploads\\\/2020\\\/03\\\/cuando-los-anos-pasen-vicente-fernandez-1-mp3-image.jpg\",\"contentUrl\":\"https:\\\/\\\/mariachiveracruz.es\\\/wp-content\\\/uploads\\\/2020\\\/03\\\/cuando-los-anos-pasen-vicente-fernandez-1-mp3-image.jpg\",\"width\":480,\"height\":360,\"caption\":\"repertorio musical\"},{\"@type\":\"BreadcrumbList\",\"@id\":\"https:\\\/\\\/mariachiveracruz.es\\\/index.php\\\/repertorio-musical\\\/#breadcrumb\",\"itemListElement\":[{\"@type\":\"ListItem\",\"position\":1,\"name\":\"Portada\",\"item\":\"https:\\\/\\\/mariachiveracruz.es\\\/\"},{\"@type\":\"ListItem\",\"position\":2,\"name\":\"Repertorio musical\"}]},{\"@type\":\"WebSite\",\"@id\":\"https:\\\/\\\/mariachiveracruz.es\\\/#website\",\"url\":\"https:\\\/\\\/mariachiveracruz.es\\\/\",\"name\":\"Marichis en Madrid\",\"description\":\"Mariachis de Madrid a precios imbatibles\",\"potentialAction\":[{\"@type\":\"SearchAction\",\"target\":{\"@type\":\"EntryPoint\",\"urlTemplate\":\"https:\\\/\\\/mariachiveracruz.es\\\/?s={search_term_string}\"},\"query-input\":{\"@type\":\"PropertyValueSpecification\",\"valueRequired\":true,\"valueName\":\"search_term_string\"}}],\"inLanguage\":\"es\"}]}<\/script>\n<!-- \/ Yoast SEO plugin. -->","yoast_head_json":{"title":"Repertorio Musical Mariachi | Elige t\u00fa mismo el repertorio para tu fiesta","description":"Consulta las canciones m\u00e1s populares de los Mariachis M\u00e9xicanos o elige tu mismo tu propio repertorio m\u00fasical para tu fiesta, cumplea\u00f1os, d\u00eda de la madre ...","robots":{"index":"index","follow":"follow","max-snippet":"max-snippet:-1","max-image-preview":"max-image-preview:large","max-video-preview":"max-video-preview:-1"},"canonical":"https:\/\/mariachiveracruz.es\/index.php\/repertorio-musical\/","og_locale":"es_ES","og_type":"article","og_title":"Repertorio Musical Mariachi | Elige t\u00fa mismo el repertorio para tu fiesta","og_description":"Consulta las canciones m\u00e1s populares de los Mariachis M\u00e9xicanos o elige tu mismo tu propio repertorio m\u00fasical para tu fiesta, cumplea\u00f1os, d\u00eda de la madre ...","og_url":"https:\/\/mariachiveracruz.es\/index.php\/repertorio-musical\/","og_site_name":"Marichis en Madrid","article_modified_time":"2021-04-22T20:50:20+00:00","og_image":[{"width":480,"height":360,"url":"https:\/\/mariachiveracruz.es\/wp-content\/uploads\/2020\/03\/cuando-los-anos-pasen-vicente-fernandez-1-mp3-image.jpg","type":"image\/jpeg"}],"twitter_card":"summary_large_image","twitter_misc":{"Tiempo de lectura":"71 minutos"},"schema":{"@context":"https:\/\/schema.org","@graph":[{"@type":"WebPage","@id":"https:\/\/mariachiveracruz.es\/index.php\/repertorio-musical\/","url":"https:\/\/mariachiveracruz.es\/index.php\/repertorio-musical\/","name":"Repertorio Musical Mariachi | Elige t\u00fa mismo el repertorio para tu fiesta","isPartOf":{"@id":"https:\/\/mariachiveracruz.es\/#website"},"primaryImageOfPage":{"@id":"https:\/\/mariachiveracruz.es\/index.php\/repertorio-musical\/#primaryimage"},"image":{"@id":"https:\/\/mariachiveracruz.es\/index.php\/repertorio-musical\/#primaryimage"},"thumbnailUrl":"https:\/\/mariachiveracruz.es\/wp-content\/uploads\/2020\/03\/cuando-los-anos-pasen-vicente-fernandez-1-mp3-image.jpg","datePublished":"2020-03-10T14:38:37+00:00","dateModified":"2021-04-22T20:50:20+00:00","description":"Consulta las canciones m\u00e1s populares de los Mariachis M\u00e9xicanos o elige tu mismo tu propio repertorio m\u00fasical para tu fiesta, cumplea\u00f1os, d\u00eda de la madre ...","breadcrumb":{"@id":"https:\/\/mariachiveracruz.es\/index.php\/repertorio-musical\/#breadcrumb"},"inLanguage":"es","potentialAction":[{"@type":"ReadAction","target":["https:\/\/mariachiveracruz.es\/index.php\/repertorio-musical\/"]}]},{"@type":"ImageObject","inLanguage":"es","@id":"https:\/\/mariachiveracruz.es\/index.php\/repertorio-musical\/#primaryimage","url":"https:\/\/mariachiveracruz.es\/wp-content\/uploads\/2020\/03\/cuando-los-anos-pasen-vicente-fernandez-1-mp3-image.jpg","contentUrl":"https:\/\/mariachiveracruz.es\/wp-content\/uploads\/2020\/03\/cuando-los-anos-pasen-vicente-fernandez-1-mp3-image.jpg","width":480,"height":360,"caption":"repertorio musical"},{"@type":"BreadcrumbList","@id":"https:\/\/mariachiveracruz.es\/index.php\/repertorio-musical\/#breadcrumb","itemListElement":[{"@type":"ListItem","position":1,"name":"Portada","item":"https:\/\/mariachiveracruz.es\/"},{"@type":"ListItem","position":2,"name":"Repertorio musical"}]},{"@type":"WebSite","@id":"https:\/\/mariachiveracruz.es\/#website","url":"https:\/\/mariachiveracruz.es\/","name":"Marichis en Madrid","description":"Mariachis de Madrid a precios imbatibles","potentialAction":[{"@type":"SearchAction","target":{"@type":"EntryPoint","urlTemplate":"https:\/\/mariachiveracruz.es\/?s={search_term_string}"},"query-input":{"@type":"PropertyValueSpecification","valueRequired":true,"valueName":"search_term_string"}}],"inLanguage":"es"}]}},"_links":{"self":[{"href":"https:\/\/mariachiveracruz.es\/index.php\/wp-json\/wp\/v2\/pages\/47","targetHints":{"allow":["GET"]}}],"collection":[{"href":"https:\/\/mariachiveracruz.es\/index.php\/wp-json\/wp\/v2\/pages"}],"about":[{"href":"https:\/\/mariachiveracruz.es\/index.php\/wp-json\/wp\/v2\/types\/page"}],"author":[{"embeddable":true,"href":"https:\/\/mariachiveracruz.es\/index.php\/wp-json\/wp\/v2\/users\/1"}],"replies":[{"embeddable":true,"href":"https:\/\/mariachiveracruz.es\/index.php\/wp-json\/wp\/v2\/comments?post=47"}],"version-history":[{"count":92,"href":"https:\/\/mariachiveracruz.es\/index.php\/wp-json\/wp\/v2\/pages\/47\/revisions"}],"predecessor-version":[{"id":49391,"href":"https:\/\/mariachiveracruz.es\/index.php\/wp-json\/wp\/v2\/pages\/47\/revisions\/49391"}],"wp:featuredmedia":[{"embeddable":true,"href":"https:\/\/mariachiveracruz.es\/index.php\/wp-json\/wp\/v2\/media\/810"}],"wp:attachment":[{"href":"https:\/\/mariachiveracruz.es\/index.php\/wp-json\/wp\/v2\/media?parent=47"}],"curies":[{"name":"wp","href":"https:\/\/api.w.org\/{rel}","templated":true}]}}